{"id":10,"date":"2023-02-15T21:10:05","date_gmt":"2023-02-15T21:10:05","guid":{"rendered":"https:\/\/www.retros-gallery.com\/?page_id=10"},"modified":"2025-10-17T16:48:19","modified_gmt":"2025-10-17T13:48:19","slug":"retros-gallery","status":"publish","type":"page","link":"https:\/\/www.retros-gallery.com\/ro\/","title":{"rendered":"Acas\u0103"},"content":{"rendered":"<div data-elementor-type=\"wp-page\" data-elementor-id=\"10\" class=\"elementor elementor-10\" data-elementor-post-type=\"page\">\n\t\t\t\t\t\t<section class=\"has_eae_slider elementor-section elementor-top-section elementor-element elementor-element-ed60a1a elementor-section-boxed elementor-section-height-default elementor-section-height-default\" data-eae-slider=\"98125\" data-id=\"ed60a1a\" data-element_type=\"section\">\n\t\t\t\t\t\t<div class=\"elementor-container elementor-column-gap-default\">\n\t\t\t\t\t<div class=\"has_eae_slider elementor-column elementor-col-100 elementor-top-column elementor-element elementor-element-7519ac2\" data-eae-slider=\"87204\" data-id=\"7519ac2\" data-element_type=\"column\">\n\t\t\t<div class=\"elementor-widget-wrap elementor-element-populated\">\n\t\t\t\t\t\t<div class=\"elementor-element elementor-element-9762f73 elementor-widget elementor-widget-shortcode\" data-id=\"9762f73\" data-element_type=\"widget\" data-widget_type=\"shortcode.default\">\n\t\t\t\t<div class=\"elementor-widget-container\">\n\t\t\t\t\t\t\t<div class=\"elementor-shortcode\"><section id=\"hero-section\">\r\n        <img decoding=\"async\" alt=\"Imaginea principal\u0103 a sec\u021biunii eroului\" id=\"hero-section__image--primary\" src=\"https:\/\/www.retros-gallery.com\/wp-content\/uploads\/2023\/04\/IMG_3873p.jpg\" \/>\r\n        <img decoding=\"async\" alt=\"Imagine secundar\u0103 a sec\u021biunii eroului\" id=\"hero-section__image--secondary\" src=\"https:\/\/www.retros-gallery.com\/wp-content\/uploads\/2024\/04\/hero2-1.png\" \/>\r\n         <h1><span id=\"hero-section__header--primary\">\r\n            <!-- This is the text that is shown first -->\r\n            Suntem un dealer de mobilier vintage care curatoriaz\u0103 piese de design atemporale.\r\n        <\/span><\/h1>\r\n       <h2><span id=\"hero-section__header--secondary\">\r\n            <!-- This is the text that is faded in -->\r\n            Iat\u0103 selec\u021bia noastr\u0103 curatoriat\u0103 de scaune, piese de iluminat \u0219i obiecte decorative\r\n        <\/span><\/h2>\r\n\t\t<h3>\r\n\t\t\tExplore Our Curated Collection\r\n\t\t<\/h3>\r\n        <span id=\"hero-section__hero\">\r\n            <!-- This is the hero message that is shown on the left side -->\r\n            GALERIE\r\n        <\/span>\r\n        <div id=\"hero-section__cover\"><\/div>\r\n<\/section>\t\r\n\r\n\t<\/div>\n\t\t\t\t\t\t<\/div>\n\t\t\t\t<\/div>\n\t\t\t\t\t<\/div>\n\t\t<\/div>\n\t\t\t\t\t<\/div>\n\t\t<\/section>\n\t\t\t\t<section class=\"has_eae_slider elementor-section elementor-top-section elementor-element elementor-element-7c70239 elementor-section-full_width elementor-section-height-default elementor-section-height-default\" data-eae-slider=\"16495\" data-id=\"7c70239\" data-element_type=\"section\" data-settings=\"{&quot;background_background&quot;:&quot;classic&quot;}\">\n\t\t\t\t\t\t<div class=\"elementor-container elementor-column-gap-no\">\n\t\t\t\t\t<div class=\"has_eae_slider elementor-column elementor-col-100 elementor-top-column elementor-element elementor-element-1e06490\" data-eae-slider=\"67565\" data-id=\"1e06490\" data-element_type=\"column\">\n\t\t\t<div class=\"elementor-widget-wrap elementor-element-populated\">\n\t\t\t\t\t\t<div class=\"elementor-element elementor-element-ab9b9bf elementor-grid-4 elementor-grid-tablet-3 elementor-grid-mobile-2 elementor-products-grid elementor-wc-products elementor-show-pagination-border-yes elementor-widget elementor-widget-woocommerce-products\" data-id=\"ab9b9bf\" data-element_type=\"widget\" id=\"produse\" data-widget_type=\"woocommerce-products.default\">\n\t\t\t\t<div class=\"elementor-widget-container\">\n\t\t\t\t\t<div class=\"woocommerce columns-4\"><div class=\"woocommerce-notices-wrapper\"><\/div><ul class=\"products elementor-grid columns-4\">\n<li class=\"product type-product post-11510 status-publish first instock product_cat-bookshelves product_cat-furniture has-post-thumbnail shipping-taxable purchasable product-type-simple\">\n\t<a href=\"https:\/\/www.retros-gallery.com\/ro\/colectii\/mobilier\/rafturi-de-carti\/vintage-italian-teak-wall-unit-italy-1960s\/\" class=\"woocommerce-LoopProduct-link woocommerce-loop-product__link\"><img fetchpriority=\"high\" decoding=\"async\" width=\"500\" height=\"341\" src=\"https:\/\/www.retros-gallery.com\/wp-content\/uploads\/2026\/04\/2-italian-1960s-teak-wall-unit-vintage-500x341.jpg\" class=\"attachment-woocommerce_thumbnail size-woocommerce_thumbnail\" alt=\"italian-1960s-teak-wall-unit-vintage\" srcset=\"https:\/\/www.retros-gallery.com\/wp-content\/uploads\/2026\/04\/2-italian-1960s-teak-wall-unit-vintage-500x341.jpg 500w, https:\/\/www.retros-gallery.com\/wp-content\/uploads\/2026\/04\/2-italian-1960s-teak-wall-unit-vintage-18x12.jpg 18w\" sizes=\"(max-width: 500px) 100vw, 500px\" \/><h2 class=\"woocommerce-loop-product__title\">Vintage Italian Teak Wall Unit, Italy 1960\u2019s<\/h2>\n\t<span class=\"price\"><span class=\"woocommerce-Price-amount amount\"><bdi><span class=\"woocommerce-Price-currencySymbol\">\u20ac<\/span>1.300<\/bdi><\/span><\/span>\n<\/a><a href=\"\/ro\/wp-json\/wp\/v2\/pages\/10?add-to-cart=11510\" aria-describedby=\"woocommerce_loop_add_to_cart_link_describedby_11510\" data-quantity=\"1\" class=\"button product_type_simple add_to_cart_button ajax_add_to_cart\" data-product_id=\"11510\" data-product_sku=\"wall unit\" aria-label=\"Adaug\u0103 \u00een co\u0219: &amp;lbquo;Vintage Italian Teak Wall Unit, Italy 1960\u2019s\u201d\" rel=\"nofollow\" data-success_message=\"\u201eVintage Italian Teak Wall Unit, Italy 1960\u2019s\u201d a fost ad\u0103ugat \u00een co\u0219\" role=\"button\" data-no-translation=\"\" data-trp-gettext=\"\" data-no-translation-aria-label=\"\" data-no-translation-data-success_message=\"\">Adaug\u0103 \u00een co\u0219<\/a>\t<span id=\"woocommerce_loop_add_to_cart_link_describedby_11510\" class=\"screen-reader-text\">\n\t\t\t<\/span>\n<div class=\"tinv-wraper woocommerce tinv-wishlist tinvwl-after-add-to-cart tinvwl-loop-button-wrapper tinvwl-woocommerce_after_shop_loop_item\"\r\n\t data-tinvwl_product_id=\"11510\">\r\n\t<a role=\"button\" tabindex=\"0\" name=\"\" aria-label=\"\" class=\"tinvwl_add_to_wishlist_button tinvwl-icon-custom no-txt loop-wish tinvwl-position-after tinvwl-loop\" data-tinv-wl-list=\"[]\" data-tinv-wl-product=\"11510\" data-tinv-wl-productvariation=\"0\" data-tinv-wl-productvariations=\"[]\" data-tinv-wl-producttype=\"simple\" data-tinv-wl-action=\"add\"><img decoding=\"async\" src=\"https:\/\/www.retros-gallery.com\/wp-content\/uploads\/2023\/03\/heart-checked.svg\" alt=\"Piesa se afl\u0103 deja \u00een lista de obiecte Preferate\" class=\"icon-already-on-wishlist\" \/> <img decoding=\"async\" src=\"https:\/\/www.retros-gallery.com\/wp-content\/uploads\/2023\/03\/heart-balck.svg\" alt=\"\" class=\"icon-add-on-wishlist\"  \/> <\/a><div class=\"tinv-wishlist-clear\"><\/div>\t\t<div\r\n\t\tclass=\"tinvwl-tooltip\"><\/div>\r\n<\/div>\r\n<\/li>\n<li class=\"product type-product post-11531 status-publish instock product_cat-furniture product_cat-decorative-objects product_cat-other-decorative-objects has-post-thumbnail shipping-taxable purchasable product-type-simple\">\n\t<a href=\"https:\/\/www.retros-gallery.com\/ro\/colectii\/obiecte-decorative\/alte-obiecte-decorative\/vintage-brionvega-spot-tv-italy-1960s\/\" class=\"woocommerce-LoopProduct-link woocommerce-loop-product__link\"><img decoding=\"async\" width=\"500\" height=\"341\" src=\"https:\/\/www.retros-gallery.com\/wp-content\/uploads\/2026\/04\/2-brionvega-spot-tv-vintage-italy-1960s-design-500x341.jpg\" class=\"attachment-woocommerce_thumbnail size-woocommerce_thumbnail\" alt=\"brionvega-spot-tv-vintage-italy-1960s-design\" srcset=\"https:\/\/www.retros-gallery.com\/wp-content\/uploads\/2026\/04\/2-brionvega-spot-tv-vintage-italy-1960s-design-500x341.jpg 500w, https:\/\/www.retros-gallery.com\/wp-content\/uploads\/2026\/04\/2-brionvega-spot-tv-vintage-italy-1960s-design-18x12.jpg 18w\" sizes=\"(max-width: 500px) 100vw, 500px\" \/><h2 class=\"woocommerce-loop-product__title\">Vintage Brionvega Spot TV, Italy 1960\u2019s<\/h2>\n\t<span class=\"price\"><span class=\"woocommerce-Price-amount amount\"><bdi><span class=\"woocommerce-Price-currencySymbol\">\u20ac<\/span>300<\/bdi><\/span><\/span>\n<\/a><a href=\"\/ro\/wp-json\/wp\/v2\/pages\/10?add-to-cart=11531\" aria-describedby=\"woocommerce_loop_add_to_cart_link_describedby_11531\" data-quantity=\"1\" class=\"button product_type_simple add_to_cart_button ajax_add_to_cart\" data-product_id=\"11531\" data-product_sku=\"TV\" aria-label=\"Adaug\u0103 \u00een co\u0219: &amp;lbquo;Vintage Brionvega Spot TV, Italy 1960\u2019s\u201d\" rel=\"nofollow\" data-success_message=\"\u201eVintage Brionvega Spot TV, Italy 1960\u2019s\u201d a fost ad\u0103ugat \u00een co\u0219\" role=\"button\" data-no-translation=\"\" data-trp-gettext=\"\" data-no-translation-aria-label=\"\" data-no-translation-data-success_message=\"\">Adaug\u0103 \u00een co\u0219<\/a>\t<span id=\"woocommerce_loop_add_to_cart_link_describedby_11531\" class=\"screen-reader-text\">\n\t\t\t<\/span>\n<div class=\"tinv-wraper woocommerce tinv-wishlist tinvwl-after-add-to-cart tinvwl-loop-button-wrapper tinvwl-woocommerce_after_shop_loop_item\"\r\n\t data-tinvwl_product_id=\"11531\">\r\n\t<a role=\"button\" tabindex=\"0\" name=\"\" aria-label=\"\" class=\"tinvwl_add_to_wishlist_button tinvwl-icon-custom no-txt loop-wish tinvwl-position-after tinvwl-loop\" data-tinv-wl-list=\"[]\" data-tinv-wl-product=\"11531\" data-tinv-wl-productvariation=\"0\" data-tinv-wl-productvariations=\"[]\" data-tinv-wl-producttype=\"simple\" data-tinv-wl-action=\"add\"><img decoding=\"async\" src=\"https:\/\/www.retros-gallery.com\/wp-content\/uploads\/2023\/03\/heart-checked.svg\" alt=\"Piesa se afl\u0103 deja \u00een lista de obiecte Preferate\" class=\"icon-already-on-wishlist\" \/> <img decoding=\"async\" src=\"https:\/\/www.retros-gallery.com\/wp-content\/uploads\/2023\/03\/heart-balck.svg\" alt=\"\" class=\"icon-add-on-wishlist\"  \/> <\/a><div class=\"tinv-wishlist-clear\"><\/div>\t\t<div\r\n\t\tclass=\"tinvwl-tooltip\"><\/div>\r\n<\/div>\r\n<\/li>\n<li class=\"product type-product post-11542 status-publish instock product_cat-furniture product_cat-decorative-objects product_cat-mirrors has-post-thumbnail shipping-taxable purchasable product-type-simple\">\n\t<a href=\"https:\/\/www.retros-gallery.com\/ro\/colectii\/obiecte-decorative\/oglinzi\/vintage-wall-mirror-germany-1970s\/\" class=\"woocommerce-LoopProduct-link woocommerce-loop-product__link\"><img decoding=\"async\" width=\"500\" height=\"341\" src=\"https:\/\/www.retros-gallery.com\/wp-content\/uploads\/2026\/04\/vintage-wall-mirror-germany-1970s-500x341.jpg\" class=\"attachment-woocommerce_thumbnail size-woocommerce_thumbnail\" alt=\"vintage-wall-mirror-germany-1970s\" srcset=\"https:\/\/www.retros-gallery.com\/wp-content\/uploads\/2026\/04\/vintage-wall-mirror-germany-1970s-500x341.jpg 500w, https:\/\/www.retros-gallery.com\/wp-content\/uploads\/2026\/04\/vintage-wall-mirror-germany-1970s-18x12.jpg 18w\" sizes=\"(max-width: 500px) 100vw, 500px\" \/><h2 class=\"woocommerce-loop-product__title\">Vintage Wall Mirror, Germany 1970\u2019s<\/h2>\n\t<span class=\"price\"><span class=\"woocommerce-Price-amount amount\"><bdi><span class=\"woocommerce-Price-currencySymbol\">\u20ac<\/span>160<\/bdi><\/span><\/span>\n<\/a><a href=\"\/ro\/wp-json\/wp\/v2\/pages\/10?add-to-cart=11542\" aria-describedby=\"woocommerce_loop_add_to_cart_link_describedby_11542\" data-quantity=\"1\" class=\"button product_type_simple add_to_cart_button ajax_add_to_cart\" data-product_id=\"11542\" data-product_sku=\"oglinda\" aria-label=\"Adaug\u0103 \u00een co\u0219: &amp;lbquo;Vintage Wall Mirror, Germany 1970\u2019s\u201d\" rel=\"nofollow\" data-success_message=\"\u201eVintage Wall Mirror, Germany 1970\u2019s\u201d a fost ad\u0103ugat \u00een co\u0219\" role=\"button\" data-no-translation=\"\" data-trp-gettext=\"\" data-no-translation-aria-label=\"\" data-no-translation-data-success_message=\"\">Adaug\u0103 \u00een co\u0219<\/a>\t<span id=\"woocommerce_loop_add_to_cart_link_describedby_11542\" class=\"screen-reader-text\">\n\t\t\t<\/span>\n<div class=\"tinv-wraper woocommerce tinv-wishlist tinvwl-after-add-to-cart tinvwl-loop-button-wrapper tinvwl-woocommerce_after_shop_loop_item\"\r\n\t data-tinvwl_product_id=\"11542\">\r\n\t<a role=\"button\" tabindex=\"0\" name=\"\" aria-label=\"\" class=\"tinvwl_add_to_wishlist_button tinvwl-icon-custom no-txt loop-wish tinvwl-position-after tinvwl-loop\" data-tinv-wl-list=\"[]\" data-tinv-wl-product=\"11542\" data-tinv-wl-productvariation=\"0\" data-tinv-wl-productvariations=\"[]\" data-tinv-wl-producttype=\"simple\" data-tinv-wl-action=\"add\"><img decoding=\"async\" src=\"https:\/\/www.retros-gallery.com\/wp-content\/uploads\/2023\/03\/heart-checked.svg\" alt=\"Piesa se afl\u0103 deja \u00een lista de obiecte Preferate\" class=\"icon-already-on-wishlist\" \/> <img decoding=\"async\" src=\"https:\/\/www.retros-gallery.com\/wp-content\/uploads\/2023\/03\/heart-balck.svg\" alt=\"\" class=\"icon-add-on-wishlist\"  \/> <\/a><div class=\"tinv-wishlist-clear\"><\/div>\t\t<div\r\n\t\tclass=\"tinvwl-tooltip\"><\/div>\r\n<\/div>\r\n<\/li>\n<li class=\"product type-product post-11546 status-publish last instock product_cat-furniture product_cat-floor-lamps product_cat-lighting has-post-thumbnail shipping-taxable purchasable product-type-simple\">\n\t<a href=\"https:\/\/www.retros-gallery.com\/ro\/colectii\/iluminat\/lampi-de-podea\/vintage-3-bulb-floor-lamp-germany\/\" class=\"woocommerce-LoopProduct-link woocommerce-loop-product__link\"><img loading=\"lazy\" decoding=\"async\" width=\"500\" height=\"341\" src=\"https:\/\/www.retros-gallery.com\/wp-content\/uploads\/2026\/04\/1-vintage-brown-3-bulbs-floor-lamp-germany-1970s-500x341.jpg\" class=\"attachment-woocommerce_thumbnail size-woocommerce_thumbnail\" alt=\"vintage-brown-3-bulbs-floor-lamp-germany-1970s\" srcset=\"https:\/\/www.retros-gallery.com\/wp-content\/uploads\/2026\/04\/1-vintage-brown-3-bulbs-floor-lamp-germany-1970s-500x341.jpg 500w, https:\/\/www.retros-gallery.com\/wp-content\/uploads\/2026\/04\/1-vintage-brown-3-bulbs-floor-lamp-germany-1970s-18x12.jpg 18w\" sizes=\"(max-width: 500px) 100vw, 500px\" \/><h2 class=\"woocommerce-loop-product__title\">Vintage Brown 3 Bulbs Floor Lamp, Germany 1970&#8217;s<\/h2>\n\t<span class=\"price\"><span class=\"woocommerce-Price-amount amount\"><bdi><span class=\"woocommerce-Price-currencySymbol\">\u20ac<\/span>360<\/bdi><\/span><\/span>\n<\/a><a href=\"\/ro\/wp-json\/wp\/v2\/pages\/10?add-to-cart=11546\" aria-describedby=\"woocommerce_loop_add_to_cart_link_describedby_11546\" data-quantity=\"1\" class=\"button product_type_simple add_to_cart_button ajax_add_to_cart\" data-product_id=\"11546\" data-product_sku=\"lamp 3 bulb\" aria-label=\"Adaug\u0103 \u00een co\u0219: &amp;lbquo;Vintage Brown 3 Bulbs Floor Lamp, Germany 1970&#039;s\u201d\" rel=\"nofollow\" data-success_message=\"\u201eVintage Brown 3 Bulbs Floor Lamp, Germany 1970&#039;s\u201d a fost ad\u0103ugat \u00een co\u0219\" role=\"button\" data-no-translation=\"\" data-trp-gettext=\"\" data-no-translation-aria-label=\"\" data-no-translation-data-success_message=\"\">Adaug\u0103 \u00een co\u0219<\/a>\t<span id=\"woocommerce_loop_add_to_cart_link_describedby_11546\" class=\"screen-reader-text\">\n\t\t\t<\/span>\n<div class=\"tinv-wraper woocommerce tinv-wishlist tinvwl-after-add-to-cart tinvwl-loop-button-wrapper tinvwl-woocommerce_after_shop_loop_item\"\r\n\t data-tinvwl_product_id=\"11546\">\r\n\t<a role=\"button\" tabindex=\"0\" name=\"\" aria-label=\"\" class=\"tinvwl_add_to_wishlist_button tinvwl-icon-custom no-txt loop-wish tinvwl-position-after tinvwl-loop\" data-tinv-wl-list=\"[]\" data-tinv-wl-product=\"11546\" data-tinv-wl-productvariation=\"0\" data-tinv-wl-productvariations=\"[]\" data-tinv-wl-producttype=\"simple\" data-tinv-wl-action=\"add\"><img decoding=\"async\" src=\"https:\/\/www.retros-gallery.com\/wp-content\/uploads\/2023\/03\/heart-checked.svg\" alt=\"Piesa se afl\u0103 deja \u00een lista de obiecte Preferate\" class=\"icon-already-on-wishlist\" \/> <img decoding=\"async\" src=\"https:\/\/www.retros-gallery.com\/wp-content\/uploads\/2023\/03\/heart-balck.svg\" alt=\"\" class=\"icon-add-on-wishlist\"  \/> <\/a><div class=\"tinv-wishlist-clear\"><\/div>\t\t<div\r\n\t\tclass=\"tinvwl-tooltip\"><\/div>\r\n<\/div>\r\n<\/li>\n<li class=\"product type-product post-11413 status-publish first instock product_cat-furniture product_cat-floor-lamps product_cat-lighting has-post-thumbnail shipping-taxable purchasable product-type-simple\">\n\t<a href=\"https:\/\/www.retros-gallery.com\/ro\/colectii\/iluminat\/lampi-de-podea\/vintage-black-2-bulbs-floor-lamp-germany-1970s\/\" class=\"woocommerce-LoopProduct-link woocommerce-loop-product__link\"><img loading=\"lazy\" decoding=\"async\" width=\"500\" height=\"341\" src=\"https:\/\/www.retros-gallery.com\/wp-content\/uploads\/2026\/04\/1-vintage-black-2-bulbs-floor-lamp-germany-1970s-500x341.jpg\" class=\"attachment-woocommerce_thumbnail size-woocommerce_thumbnail\" alt=\"vintage-black-2-bulbs-floor-lamp-germany-1970s\" srcset=\"https:\/\/www.retros-gallery.com\/wp-content\/uploads\/2026\/04\/1-vintage-black-2-bulbs-floor-lamp-germany-1970s-500x341.jpg 500w, https:\/\/www.retros-gallery.com\/wp-content\/uploads\/2026\/04\/1-vintage-black-2-bulbs-floor-lamp-germany-1970s-18x12.jpg 18w\" sizes=\"(max-width: 500px) 100vw, 500px\" \/><h2 class=\"woocommerce-loop-product__title\">Vintage Black 2 Bulbs Floor Lamp, Germany  1970&#8217;s<\/h2>\n\t<span class=\"price\"><span class=\"woocommerce-Price-amount amount\"><bdi><span class=\"woocommerce-Price-currencySymbol\">\u20ac<\/span>320<\/bdi><\/span><\/span>\n<\/a><a href=\"\/ro\/wp-json\/wp\/v2\/pages\/10?add-to-cart=11413\" aria-describedby=\"woocommerce_loop_add_to_cart_link_describedby_11413\" data-quantity=\"1\" class=\"button product_type_simple add_to_cart_button ajax_add_to_cart\" data-product_id=\"11413\" data-product_sku=\"INV826\" aria-label=\"Adaug\u0103 \u00een co\u0219: &amp;lbquo;Vintage Black 2 Bulbs Floor Lamp, Germany  1970&#039;s\u201d\" rel=\"nofollow\" data-success_message=\"\u201eVintage Black 2 Bulbs Floor Lamp, Germany  1970&#039;s\u201d a fost ad\u0103ugat \u00een co\u0219\" role=\"button\" data-no-translation=\"\" data-trp-gettext=\"\" data-no-translation-aria-label=\"\" data-no-translation-data-success_message=\"\">Adaug\u0103 \u00een co\u0219<\/a>\t<span id=\"woocommerce_loop_add_to_cart_link_describedby_11413\" class=\"screen-reader-text\">\n\t\t\t<\/span>\n<div class=\"tinv-wraper woocommerce tinv-wishlist tinvwl-after-add-to-cart tinvwl-loop-button-wrapper tinvwl-woocommerce_after_shop_loop_item\"\r\n\t data-tinvwl_product_id=\"11413\">\r\n\t<a role=\"button\" tabindex=\"0\" name=\"\" aria-label=\"\" class=\"tinvwl_add_to_wishlist_button tinvwl-icon-custom no-txt loop-wish tinvwl-position-after tinvwl-loop\" data-tinv-wl-list=\"[]\" data-tinv-wl-product=\"11413\" data-tinv-wl-productvariation=\"0\" data-tinv-wl-productvariations=\"[]\" data-tinv-wl-producttype=\"simple\" data-tinv-wl-action=\"add\"><img decoding=\"async\" src=\"https:\/\/www.retros-gallery.com\/wp-content\/uploads\/2023\/03\/heart-checked.svg\" alt=\"Piesa se afl\u0103 deja \u00een lista de obiecte Preferate\" class=\"icon-already-on-wishlist\" \/> <img decoding=\"async\" src=\"https:\/\/www.retros-gallery.com\/wp-content\/uploads\/2023\/03\/heart-balck.svg\" alt=\"\" class=\"icon-add-on-wishlist\"  \/> <\/a><div class=\"tinv-wishlist-clear\"><\/div>\t\t<div\r\n\t\tclass=\"tinvwl-tooltip\"><\/div>\r\n<\/div>\r\n<\/li>\n<li class=\"product type-product post-11457 status-publish instock product_cat-furniture product_cat-vintage-sideboards has-post-thumbnail shipping-taxable purchasable product-type-simple\">\n\t<a href=\"https:\/\/www.retros-gallery.com\/ro\/colectii\/mobilier\/comode-bufete-vintage\/vintage-danish-teak-sideboard\/\" class=\"woocommerce-LoopProduct-link woocommerce-loop-product__link\"><img loading=\"lazy\" decoding=\"async\" width=\"500\" height=\"341\" src=\"https:\/\/www.retros-gallery.com\/wp-content\/uploads\/2026\/04\/1-vintage-teak-sideboard-denmark-1970s-500x341.jpg\" class=\"attachment-woocommerce_thumbnail size-woocommerce_thumbnail\" alt=\"vintage-teak-sideboard-denmark-1970s\" srcset=\"https:\/\/www.retros-gallery.com\/wp-content\/uploads\/2026\/04\/1-vintage-teak-sideboard-denmark-1970s-500x341.jpg 500w, https:\/\/www.retros-gallery.com\/wp-content\/uploads\/2026\/04\/1-vintage-teak-sideboard-denmark-1970s-18x12.jpg 18w\" sizes=\"(max-width: 500px) 100vw, 500px\" \/><h2 class=\"woocommerce-loop-product__title\">Vintage Teak Sideboard, Denmark 1970\u2019s<\/h2>\n\t<span class=\"price\"><span class=\"woocommerce-Price-amount amount\"><bdi><span class=\"woocommerce-Price-currencySymbol\">\u20ac<\/span>1.400<\/bdi><\/span><\/span>\n<\/a><a href=\"\/ro\/wp-json\/wp\/v2\/pages\/10?add-to-cart=11457\" aria-describedby=\"woocommerce_loop_add_to_cart_link_describedby_11457\" data-quantity=\"1\" class=\"button product_type_simple add_to_cart_button ajax_add_to_cart\" data-product_id=\"11457\" data-product_sku=\"teak\" aria-label=\"Adaug\u0103 \u00een co\u0219: &amp;lbquo;Vintage Teak Sideboard, Denmark 1970\u2019s\u201d\" rel=\"nofollow\" data-success_message=\"\u201eVintage Teak Sideboard, Denmark 1970\u2019s\u201d a fost ad\u0103ugat \u00een co\u0219\" role=\"button\" data-no-translation=\"\" data-trp-gettext=\"\" data-no-translation-aria-label=\"\" data-no-translation-data-success_message=\"\">Adaug\u0103 \u00een co\u0219<\/a>\t<span id=\"woocommerce_loop_add_to_cart_link_describedby_11457\" class=\"screen-reader-text\">\n\t\t\t<\/span>\n<div class=\"tinv-wraper woocommerce tinv-wishlist tinvwl-after-add-to-cart tinvwl-loop-button-wrapper tinvwl-woocommerce_after_shop_loop_item\"\r\n\t data-tinvwl_product_id=\"11457\">\r\n\t<a role=\"button\" tabindex=\"0\" name=\"\" aria-label=\"\" class=\"tinvwl_add_to_wishlist_button tinvwl-icon-custom no-txt loop-wish tinvwl-position-after tinvwl-loop\" data-tinv-wl-list=\"[]\" data-tinv-wl-product=\"11457\" data-tinv-wl-productvariation=\"0\" data-tinv-wl-productvariations=\"[]\" data-tinv-wl-producttype=\"simple\" data-tinv-wl-action=\"add\"><img decoding=\"async\" src=\"https:\/\/www.retros-gallery.com\/wp-content\/uploads\/2023\/03\/heart-checked.svg\" alt=\"Piesa se afl\u0103 deja \u00een lista de obiecte Preferate\" class=\"icon-already-on-wishlist\" \/> <img decoding=\"async\" src=\"https:\/\/www.retros-gallery.com\/wp-content\/uploads\/2023\/03\/heart-balck.svg\" alt=\"\" class=\"icon-add-on-wishlist\"  \/> <\/a><div class=\"tinv-wishlist-clear\"><\/div>\t\t<div\r\n\t\tclass=\"tinvwl-tooltip\"><\/div>\r\n<\/div>\r\n<\/li>\n<li class=\"product type-product post-11522 status-publish instock product_cat-dining-tables product_cat-furniture has-post-thumbnail shipping-taxable purchasable product-type-simple\">\n\t<a href=\"https:\/\/www.retros-gallery.com\/ro\/colectii\/mobilier\/mese-dining\/vintage-oval-tempered-glass-dining-table-by-fiam-italy-1980s\/\" class=\"woocommerce-LoopProduct-link woocommerce-loop-product__link\"><img loading=\"lazy\" decoding=\"async\" width=\"500\" height=\"341\" src=\"https:\/\/www.retros-gallery.com\/wp-content\/uploads\/2026\/04\/1-vintage-oval-tempered-glass-dining-table-fiam-italy-1980s-500x341.jpg\" class=\"attachment-woocommerce_thumbnail size-woocommerce_thumbnail\" alt=\"vintage-oval-tempered-glass-dining-table-fiam-italy-1980s\" srcset=\"https:\/\/www.retros-gallery.com\/wp-content\/uploads\/2026\/04\/1-vintage-oval-tempered-glass-dining-table-fiam-italy-1980s-500x341.jpg 500w, https:\/\/www.retros-gallery.com\/wp-content\/uploads\/2026\/04\/1-vintage-oval-tempered-glass-dining-table-fiam-italy-1980s-18x12.jpg 18w\" sizes=\"(max-width: 500px) 100vw, 500px\" \/><h2 class=\"woocommerce-loop-product__title\">Vintage Oval Tempered Glass Dining Table by Fiam, Italy 1980&#8217;s<\/h2>\n\t<span class=\"price\"><span class=\"woocommerce-Price-amount amount\"><bdi><span class=\"woocommerce-Price-currencySymbol\">\u20ac<\/span>1.100<\/bdi><\/span><\/span>\n<\/a><a href=\"\/ro\/wp-json\/wp\/v2\/pages\/10?add-to-cart=11522\" aria-describedby=\"woocommerce_loop_add_to_cart_link_describedby_11522\" data-quantity=\"1\" class=\"button product_type_simple add_to_cart_button ajax_add_to_cart\" data-product_id=\"11522\" data-product_sku=\"oval\" aria-label=\"Adaug\u0103 \u00een co\u0219: &amp;lbquo;Vintage Oval Tempered Glass Dining Table by Fiam, Italy 1980&#039;s\u201d\" rel=\"nofollow\" data-success_message=\"\u201eVintage Oval Tempered Glass Dining Table by Fiam, Italy 1980&#039;s\u201d a fost ad\u0103ugat \u00een co\u0219\" role=\"button\" data-no-translation=\"\" data-trp-gettext=\"\" data-no-translation-aria-label=\"\" data-no-translation-data-success_message=\"\">Adaug\u0103 \u00een co\u0219<\/a>\t<span id=\"woocommerce_loop_add_to_cart_link_describedby_11522\" class=\"screen-reader-text\">\n\t\t\t<\/span>\n<div class=\"tinv-wraper woocommerce tinv-wishlist tinvwl-after-add-to-cart tinvwl-loop-button-wrapper tinvwl-woocommerce_after_shop_loop_item\"\r\n\t data-tinvwl_product_id=\"11522\">\r\n\t<a role=\"button\" tabindex=\"0\" name=\"\" aria-label=\"\" class=\"tinvwl_add_to_wishlist_button tinvwl-icon-custom no-txt loop-wish tinvwl-position-after tinvwl-loop\" data-tinv-wl-list=\"[]\" data-tinv-wl-product=\"11522\" data-tinv-wl-productvariation=\"0\" data-tinv-wl-productvariations=\"[]\" data-tinv-wl-producttype=\"simple\" data-tinv-wl-action=\"add\"><img decoding=\"async\" src=\"https:\/\/www.retros-gallery.com\/wp-content\/uploads\/2023\/03\/heart-checked.svg\" alt=\"Piesa se afl\u0103 deja \u00een lista de obiecte Preferate\" class=\"icon-already-on-wishlist\" \/> <img decoding=\"async\" src=\"https:\/\/www.retros-gallery.com\/wp-content\/uploads\/2023\/03\/heart-balck.svg\" alt=\"\" class=\"icon-add-on-wishlist\"  \/> <\/a><div class=\"tinv-wishlist-clear\"><\/div>\t\t<div\r\n\t\tclass=\"tinvwl-tooltip\"><\/div>\r\n<\/div>\r\n<\/li>\n<li class=\"product type-product post-11503 status-publish last instock product_cat-furniture product_cat-seating product_cat-sofas has-post-thumbnail shipping-taxable purchasable product-type-simple\">\n\t<a href=\"https:\/\/www.retros-gallery.com\/ro\/colectii\/canapele-fotolii-scaune\/canapele\/vintage-italian-modular-sofa-5-pieces-italy-1960s\/\" class=\"woocommerce-LoopProduct-link woocommerce-loop-product__link\"><img loading=\"lazy\" decoding=\"async\" width=\"500\" height=\"341\" src=\"https:\/\/www.retros-gallery.com\/wp-content\/uploads\/2026\/04\/1-vintage-italian-modular-sofa-5-pieces-italy-1960s-500x341.jpg\" class=\"attachment-woocommerce_thumbnail size-woocommerce_thumbnail\" alt=\"vintage-italian-modular-sofa-5-pieces-italy-1960s\" srcset=\"https:\/\/www.retros-gallery.com\/wp-content\/uploads\/2026\/04\/1-vintage-italian-modular-sofa-5-pieces-italy-1960s-500x341.jpg 500w, https:\/\/www.retros-gallery.com\/wp-content\/uploads\/2026\/04\/1-vintage-italian-modular-sofa-5-pieces-italy-1960s-18x12.jpg 18w\" sizes=\"(max-width: 500px) 100vw, 500px\" \/><h2 class=\"woocommerce-loop-product__title\">Vintage Italian Modular Sofa (5 Pieces), Italy 1960\u2019s<\/h2>\n\t<span class=\"price\"><span class=\"woocommerce-Price-amount amount\"><bdi><span class=\"woocommerce-Price-currencySymbol\">\u20ac<\/span>1.300<\/bdi><\/span><\/span>\n<\/a><a href=\"\/ro\/wp-json\/wp\/v2\/pages\/10?add-to-cart=11503\" aria-describedby=\"woocommerce_loop_add_to_cart_link_describedby_11503\" data-quantity=\"1\" class=\"button product_type_simple add_to_cart_button ajax_add_to_cart\" data-product_id=\"11503\" data-product_sku=\"modular sofa\" aria-label=\"Adaug\u0103 \u00een co\u0219: &amp;lbquo;Vintage Italian Modular Sofa (5 Pieces), Italy 1960\u2019s\u201d\" rel=\"nofollow\" data-success_message=\"\u201eVintage Italian Modular Sofa (5 Pieces), Italy 1960\u2019s\u201d a fost ad\u0103ugat \u00een co\u0219\" role=\"button\" data-no-translation=\"\" data-trp-gettext=\"\" data-no-translation-aria-label=\"\" data-no-translation-data-success_message=\"\">Adaug\u0103 \u00een co\u0219<\/a>\t<span id=\"woocommerce_loop_add_to_cart_link_describedby_11503\" class=\"screen-reader-text\">\n\t\t\t<\/span>\n<div class=\"tinv-wraper woocommerce tinv-wishlist tinvwl-after-add-to-cart tinvwl-loop-button-wrapper tinvwl-woocommerce_after_shop_loop_item\"\r\n\t data-tinvwl_product_id=\"11503\">\r\n\t<a role=\"button\" tabindex=\"0\" name=\"\" aria-label=\"\" class=\"tinvwl_add_to_wishlist_button tinvwl-icon-custom no-txt loop-wish tinvwl-position-after tinvwl-loop\" data-tinv-wl-list=\"[]\" data-tinv-wl-product=\"11503\" data-tinv-wl-productvariation=\"0\" data-tinv-wl-productvariations=\"[]\" data-tinv-wl-producttype=\"simple\" data-tinv-wl-action=\"add\"><img decoding=\"async\" src=\"https:\/\/www.retros-gallery.com\/wp-content\/uploads\/2023\/03\/heart-checked.svg\" alt=\"Piesa se afl\u0103 deja \u00een lista de obiecte Preferate\" class=\"icon-already-on-wishlist\" \/> <img decoding=\"async\" src=\"https:\/\/www.retros-gallery.com\/wp-content\/uploads\/2023\/03\/heart-balck.svg\" alt=\"\" class=\"icon-add-on-wishlist\"  \/> <\/a><div class=\"tinv-wishlist-clear\"><\/div>\t\t<div\r\n\t\tclass=\"tinvwl-tooltip\"><\/div>\r\n<\/div>\r\n<\/li>\n<li class=\"product type-product post-11494 status-publish first instock product_cat-furniture product_cat-seating product_cat-sofas has-post-thumbnail shipping-taxable purchasable product-type-simple\">\n\t<a href=\"https:\/\/www.retros-gallery.com\/ro\/colectii\/canapele-fotolii-scaune\/canapele\/vintage-pipeline-sofa-by-erik-jorgensen-denmark-1980s\/\" class=\"woocommerce-LoopProduct-link woocommerce-loop-product__link\"><img loading=\"lazy\" decoding=\"async\" width=\"500\" height=\"341\" src=\"https:\/\/www.retros-gallery.com\/wp-content\/uploads\/2026\/04\/1-vintage-pipeline-sofa-erik-jorgensen-denmark-1980s-500x341.jpg\" class=\"attachment-woocommerce_thumbnail size-woocommerce_thumbnail\" alt=\"vintage-pipeline-sofa-erik-jorgensen-denmark-1980s\" srcset=\"https:\/\/www.retros-gallery.com\/wp-content\/uploads\/2026\/04\/1-vintage-pipeline-sofa-erik-jorgensen-denmark-1980s-500x341.jpg 500w, https:\/\/www.retros-gallery.com\/wp-content\/uploads\/2026\/04\/1-vintage-pipeline-sofa-erik-jorgensen-denmark-1980s-18x12.jpg 18w\" sizes=\"(max-width: 500px) 100vw, 500px\" \/><h2 class=\"woocommerce-loop-product__title\">Vintage Pipeline Sofa by Erik Jorgensen, Denmark 1980\u2019s<\/h2>\n\t<span class=\"price\"><span class=\"woocommerce-Price-amount amount\"><bdi><span class=\"woocommerce-Price-currencySymbol\">\u20ac<\/span>4.000<\/bdi><\/span><\/span>\n<\/a><a href=\"\/ro\/wp-json\/wp\/v2\/pages\/10?add-to-cart=11494\" aria-describedby=\"woocommerce_loop_add_to_cart_link_describedby_11494\" data-quantity=\"1\" class=\"button product_type_simple add_to_cart_button ajax_add_to_cart\" data-product_id=\"11494\" data-product_sku=\"PIPE\" aria-label=\"Adaug\u0103 \u00een co\u0219: &amp;lbquo;Vintage Pipeline Sofa by Erik Jorgensen, Denmark 1980\u2019s\u201d\" rel=\"nofollow\" data-success_message=\"\u201eVintage Pipeline Sofa by Erik Jorgensen, Denmark 1980\u2019s\u201d a fost ad\u0103ugat \u00een co\u0219\" role=\"button\" data-no-translation=\"\" data-trp-gettext=\"\" data-no-translation-aria-label=\"\" data-no-translation-data-success_message=\"\">Adaug\u0103 \u00een co\u0219<\/a>\t<span id=\"woocommerce_loop_add_to_cart_link_describedby_11494\" class=\"screen-reader-text\">\n\t\t\t<\/span>\n<div class=\"tinv-wraper woocommerce tinv-wishlist tinvwl-after-add-to-cart tinvwl-loop-button-wrapper tinvwl-woocommerce_after_shop_loop_item\"\r\n\t data-tinvwl_product_id=\"11494\">\r\n\t<a role=\"button\" tabindex=\"0\" name=\"\" aria-label=\"\" class=\"tinvwl_add_to_wishlist_button tinvwl-icon-custom no-txt loop-wish tinvwl-position-after tinvwl-loop\" data-tinv-wl-list=\"[]\" data-tinv-wl-product=\"11494\" data-tinv-wl-productvariation=\"0\" data-tinv-wl-productvariations=\"[]\" data-tinv-wl-producttype=\"simple\" data-tinv-wl-action=\"add\"><img decoding=\"async\" src=\"https:\/\/www.retros-gallery.com\/wp-content\/uploads\/2023\/03\/heart-checked.svg\" alt=\"Piesa se afl\u0103 deja \u00een lista de obiecte Preferate\" class=\"icon-already-on-wishlist\" \/> <img decoding=\"async\" src=\"https:\/\/www.retros-gallery.com\/wp-content\/uploads\/2023\/03\/heart-balck.svg\" alt=\"\" class=\"icon-add-on-wishlist\"  \/> <\/a><div class=\"tinv-wishlist-clear\"><\/div>\t\t<div\r\n\t\tclass=\"tinvwl-tooltip\"><\/div>\r\n<\/div>\r\n<\/li>\n<li class=\"product type-product post-11469 status-publish instock product_cat-furniture product_cat-seating product_cat-sofas has-post-thumbnail shipping-taxable purchasable product-type-simple\">\n\t<a href=\"https:\/\/www.retros-gallery.com\/ro\/colectii\/canapele-fotolii-scaune\/canapele\/nicoletti-salotti-post-modern-leather-sofa-italy-1980s\/\" class=\"woocommerce-LoopProduct-link woocommerce-loop-product__link\"><img loading=\"lazy\" decoding=\"async\" width=\"500\" height=\"341\" src=\"https:\/\/www.retros-gallery.com\/wp-content\/uploads\/2026\/04\/2-post-modern-leather-sofa-nicoletti-salotti-italy-1980s-500x341.jpg\" class=\"attachment-woocommerce_thumbnail size-woocommerce_thumbnail\" alt=\"post-modern-leather-sofa-nicoletti-salotti-italy-1980s\" srcset=\"https:\/\/www.retros-gallery.com\/wp-content\/uploads\/2026\/04\/2-post-modern-leather-sofa-nicoletti-salotti-italy-1980s-500x341.jpg 500w, https:\/\/www.retros-gallery.com\/wp-content\/uploads\/2026\/04\/2-post-modern-leather-sofa-nicoletti-salotti-italy-1980s-18x12.jpg 18w\" sizes=\"(max-width: 500px) 100vw, 500px\" \/><h2 class=\"woocommerce-loop-product__title\">Nicoletti Salotti Post-Modern Leather Sofa, Italy 1980&#8217;s<\/h2>\n\t<span class=\"price\"><span class=\"woocommerce-Price-amount amount\"><bdi><span class=\"woocommerce-Price-currencySymbol\">\u20ac<\/span>3.500<\/bdi><\/span><\/span>\n<\/a><a href=\"\/ro\/wp-json\/wp\/v2\/pages\/10?add-to-cart=11469\" aria-describedby=\"woocommerce_loop_add_to_cart_link_describedby_11469\" data-quantity=\"1\" class=\"button product_type_simple add_to_cart_button ajax_add_to_cart\" data-product_id=\"11469\" data-product_sku=\"NICOLLETI\" aria-label=\"Adaug\u0103 \u00een co\u0219: &amp;lbquo;Nicoletti Salotti Post-Modern Leather Sofa, Italy 1980&#039;s\u201d\" rel=\"nofollow\" data-success_message=\"\u201eNicoletti Salotti Post-Modern Leather Sofa, Italy 1980&#039;s\u201d a fost ad\u0103ugat \u00een co\u0219\" role=\"button\" data-no-translation=\"\" data-trp-gettext=\"\" data-no-translation-aria-label=\"\" data-no-translation-data-success_message=\"\">Adaug\u0103 \u00een co\u0219<\/a>\t<span id=\"woocommerce_loop_add_to_cart_link_describedby_11469\" class=\"screen-reader-text\">\n\t\t\t<\/span>\n<div class=\"tinv-wraper woocommerce tinv-wishlist tinvwl-after-add-to-cart tinvwl-loop-button-wrapper tinvwl-woocommerce_after_shop_loop_item\"\r\n\t data-tinvwl_product_id=\"11469\">\r\n\t<a role=\"button\" tabindex=\"0\" name=\"\" aria-label=\"\" class=\"tinvwl_add_to_wishlist_button tinvwl-icon-custom no-txt loop-wish tinvwl-position-after tinvwl-loop\" data-tinv-wl-list=\"[]\" data-tinv-wl-product=\"11469\" data-tinv-wl-productvariation=\"0\" data-tinv-wl-productvariations=\"[]\" data-tinv-wl-producttype=\"simple\" data-tinv-wl-action=\"add\"><img decoding=\"async\" src=\"https:\/\/www.retros-gallery.com\/wp-content\/uploads\/2023\/03\/heart-checked.svg\" alt=\"Piesa se afl\u0103 deja \u00een lista de obiecte Preferate\" class=\"icon-already-on-wishlist\" \/> <img decoding=\"async\" src=\"https:\/\/www.retros-gallery.com\/wp-content\/uploads\/2023\/03\/heart-balck.svg\" alt=\"\" class=\"icon-add-on-wishlist\"  \/> <\/a><div class=\"tinv-wishlist-clear\"><\/div>\t\t<div\r\n\t\tclass=\"tinvwl-tooltip\"><\/div>\r\n<\/div>\r\n<\/li>\n<li class=\"product type-product post-11442 status-publish instock product_cat-furniture product_cat-seating product_cat-sofas has-post-thumbnail shipping-taxable purchasable product-type-simple\">\n\t<a href=\"https:\/\/www.retros-gallery.com\/ro\/colectii\/canapele-fotolii-scaune\/canapele\/vintage-danish-boomerang-sofa\/\" class=\"woocommerce-LoopProduct-link woocommerce-loop-product__link\"><img loading=\"lazy\" decoding=\"async\" width=\"500\" height=\"341\" src=\"https:\/\/www.retros-gallery.com\/wp-content\/uploads\/2026\/04\/2-danish-1960s-boomerang-sofa-vintage-denmark-500x341.jpg\" class=\"attachment-woocommerce_thumbnail size-woocommerce_thumbnail\" alt=\"danish-1960s-boomerang-sofa-vintage-denmark\" srcset=\"https:\/\/www.retros-gallery.com\/wp-content\/uploads\/2026\/04\/2-danish-1960s-boomerang-sofa-vintage-denmark-500x341.jpg 500w, https:\/\/www.retros-gallery.com\/wp-content\/uploads\/2026\/04\/2-danish-1960s-boomerang-sofa-vintage-denmark-18x12.jpg 18w\" sizes=\"(max-width: 500px) 100vw, 500px\" \/><h2 class=\"woocommerce-loop-product__title\">Vintage Danish Boomerang Sofa, Denmark 1960\u2019s<\/h2>\n\t<span class=\"price\"><span class=\"woocommerce-Price-amount amount\"><bdi><span class=\"woocommerce-Price-currencySymbol\">\u20ac<\/span>1.300<\/bdi><\/span><\/span>\n<\/a><a href=\"\/ro\/wp-json\/wp\/v2\/pages\/10?add-to-cart=11442\" aria-describedby=\"woocommerce_loop_add_to_cart_link_describedby_11442\" data-quantity=\"1\" class=\"button product_type_simple add_to_cart_button ajax_add_to_cart\" data-product_id=\"11442\" data-product_sku=\"boomerang\" aria-label=\"Adaug\u0103 \u00een co\u0219: &amp;lbquo;Vintage Danish Boomerang Sofa, Denmark 1960\u2019s\u201d\" rel=\"nofollow\" data-success_message=\"\u201eVintage Danish Boomerang Sofa, Denmark 1960\u2019s\u201d a fost ad\u0103ugat \u00een co\u0219\" role=\"button\" data-no-translation=\"\" data-trp-gettext=\"\" data-no-translation-aria-label=\"\" data-no-translation-data-success_message=\"\">Adaug\u0103 \u00een co\u0219<\/a>\t<span id=\"woocommerce_loop_add_to_cart_link_describedby_11442\" class=\"screen-reader-text\">\n\t\t\t<\/span>\n<div class=\"tinv-wraper woocommerce tinv-wishlist tinvwl-after-add-to-cart tinvwl-loop-button-wrapper tinvwl-woocommerce_after_shop_loop_item\"\r\n\t data-tinvwl_product_id=\"11442\">\r\n\t<a role=\"button\" tabindex=\"0\" name=\"\" aria-label=\"\" class=\"tinvwl_add_to_wishlist_button tinvwl-icon-custom no-txt loop-wish tinvwl-position-after tinvwl-loop\" data-tinv-wl-list=\"[]\" data-tinv-wl-product=\"11442\" data-tinv-wl-productvariation=\"0\" data-tinv-wl-productvariations=\"[]\" data-tinv-wl-producttype=\"simple\" data-tinv-wl-action=\"add\"><img decoding=\"async\" src=\"https:\/\/www.retros-gallery.com\/wp-content\/uploads\/2023\/03\/heart-checked.svg\" alt=\"Piesa se afl\u0103 deja \u00een lista de obiecte Preferate\" class=\"icon-already-on-wishlist\" \/> <img decoding=\"async\" src=\"https:\/\/www.retros-gallery.com\/wp-content\/uploads\/2023\/03\/heart-balck.svg\" alt=\"\" class=\"icon-add-on-wishlist\"  \/> <\/a><div class=\"tinv-wishlist-clear\"><\/div>\t\t<div\r\n\t\tclass=\"tinvwl-tooltip\"><\/div>\r\n<\/div>\r\n<\/li>\n<li class=\"product type-product post-11364 status-publish last instock product_cat-furniture product_cat-armchairs product_cat-seating has-post-thumbnail shipping-taxable purchasable product-type-simple\">\n\t<a href=\"https:\/\/www.retros-gallery.com\/ro\/colectii\/canapele-fotolii-scaune\/fotolii\/new-tone-armchair-by-massimo-iosa-ghini-for-moroso-italy-1980s\/\" class=\"woocommerce-LoopProduct-link woocommerce-loop-product__link\"><img loading=\"lazy\" decoding=\"async\" width=\"500\" height=\"341\" src=\"https:\/\/www.retros-gallery.com\/wp-content\/uploads\/2026\/04\/2-massimo-iosa-ghini-new-tone-armchair-moroso-italy-1980s-500x341.jpg\" class=\"attachment-woocommerce_thumbnail size-woocommerce_thumbnail\" alt=\"massimo-iosa-ghini-new-tone-armchair-moroso-italy-1980s\" srcset=\"https:\/\/www.retros-gallery.com\/wp-content\/uploads\/2026\/04\/2-massimo-iosa-ghini-new-tone-armchair-moroso-italy-1980s-500x341.jpg 500w, https:\/\/www.retros-gallery.com\/wp-content\/uploads\/2026\/04\/2-massimo-iosa-ghini-new-tone-armchair-moroso-italy-1980s-18x12.jpg 18w\" sizes=\"(max-width: 500px) 100vw, 500px\" \/><h2 class=\"woocommerce-loop-product__title\">New Tone Armchair By Massimo Iosa Ghini For Moroso, Italy 1980\u2019s<\/h2>\n\t<span class=\"price\"><span class=\"woocommerce-Price-amount amount\"><bdi><span class=\"woocommerce-Price-currencySymbol\">\u20ac<\/span>900<\/bdi><\/span><\/span>\n<\/a><a href=\"\/ro\/wp-json\/wp\/v2\/pages\/10?add-to-cart=11364\" aria-describedby=\"woocommerce_loop_add_to_cart_link_describedby_11364\" data-quantity=\"1\" class=\"button product_type_simple add_to_cart_button ajax_add_to_cart\" data-product_id=\"11364\" data-product_sku=\"massimo\" aria-label=\"Adaug\u0103 \u00een co\u0219: &amp;lbquo;New Tone Armchair By Massimo Iosa Ghini For Moroso, Italy 1980\u2019s\u201d\" rel=\"nofollow\" data-success_message=\"\u201eNew Tone Armchair By Massimo Iosa Ghini For Moroso, Italy 1980\u2019s\u201d a fost ad\u0103ugat \u00een co\u0219\" role=\"button\" data-no-translation=\"\" data-trp-gettext=\"\" data-no-translation-aria-label=\"\" data-no-translation-data-success_message=\"\">Adaug\u0103 \u00een co\u0219<\/a>\t<span id=\"woocommerce_loop_add_to_cart_link_describedby_11364\" class=\"screen-reader-text\">\n\t\t\t<\/span>\n<div class=\"tinv-wraper woocommerce tinv-wishlist tinvwl-after-add-to-cart tinvwl-loop-button-wrapper tinvwl-woocommerce_after_shop_loop_item\"\r\n\t data-tinvwl_product_id=\"11364\">\r\n\t<a role=\"button\" tabindex=\"0\" name=\"\" aria-label=\"\" class=\"tinvwl_add_to_wishlist_button tinvwl-icon-custom no-txt loop-wish tinvwl-position-after tinvwl-loop\" data-tinv-wl-list=\"[]\" data-tinv-wl-product=\"11364\" data-tinv-wl-productvariation=\"0\" data-tinv-wl-productvariations=\"[]\" data-tinv-wl-producttype=\"simple\" data-tinv-wl-action=\"add\"><img decoding=\"async\" src=\"https:\/\/www.retros-gallery.com\/wp-content\/uploads\/2023\/03\/heart-checked.svg\" alt=\"Piesa se afl\u0103 deja \u00een lista de obiecte Preferate\" class=\"icon-already-on-wishlist\" \/> <img decoding=\"async\" src=\"https:\/\/www.retros-gallery.com\/wp-content\/uploads\/2023\/03\/heart-balck.svg\" alt=\"\" class=\"icon-add-on-wishlist\"  \/> <\/a><div class=\"tinv-wishlist-clear\"><\/div>\t\t<div\r\n\t\tclass=\"tinvwl-tooltip\"><\/div>\r\n<\/div>\r\n<\/li>\n<li class=\"product type-product post-11378 status-publish first instock product_cat-furniture product_cat-armchairs product_cat-seating has-post-thumbnail shipping-taxable purchasable product-type-simple\">\n\t<a href=\"https:\/\/www.retros-gallery.com\/ro\/colectii\/canapele-fotolii-scaune\/fotolii\/bloomy-armchair-by-patricia-urquiola-for-moroso-italy-2000s\/\" class=\"woocommerce-LoopProduct-link woocommerce-loop-product__link\"><img loading=\"lazy\" decoding=\"async\" width=\"500\" height=\"341\" src=\"https:\/\/www.retros-gallery.com\/wp-content\/uploads\/2026\/04\/2-patricia-urquiola-bloomy-armchair-moroso-italy-2000s-500x341.jpg\" class=\"attachment-woocommerce_thumbnail size-woocommerce_thumbnail\" alt=\"2-patricia-urquiola-bloomy-armchair-moroso-italy-2000s\" srcset=\"https:\/\/www.retros-gallery.com\/wp-content\/uploads\/2026\/04\/2-patricia-urquiola-bloomy-armchair-moroso-italy-2000s-500x341.jpg 500w, https:\/\/www.retros-gallery.com\/wp-content\/uploads\/2026\/04\/2-patricia-urquiola-bloomy-armchair-moroso-italy-2000s-18x12.jpg 18w\" sizes=\"(max-width: 500px) 100vw, 500px\" \/><h2 class=\"woocommerce-loop-product__title\">Bloomy Armchair by Patricia Urquiola for Moroso, Italy, 2000&#8217;s<\/h2>\n\t<span class=\"price\"><span class=\"woocommerce-Price-amount amount\"><bdi><span class=\"woocommerce-Price-currencySymbol\">\u20ac<\/span>1.300<\/bdi><\/span><\/span>\n<\/a><a href=\"\/ro\/wp-json\/wp\/v2\/pages\/10?add-to-cart=11378\" aria-describedby=\"woocommerce_loop_add_to_cart_link_describedby_11378\" data-quantity=\"1\" class=\"button product_type_simple add_to_cart_button ajax_add_to_cart\" data-product_id=\"11378\" data-product_sku=\"INV853\" aria-label=\"Adaug\u0103 \u00een co\u0219: &amp;lbquo;Bloomy Armchair by Patricia Urquiola for Moroso, Italy, 2000&#039;s\u201d\" rel=\"nofollow\" data-success_message=\"\u201eBloomy Armchair by Patricia Urquiola for Moroso, Italy, 2000&#039;s\u201d a fost ad\u0103ugat \u00een co\u0219\" role=\"button\" data-no-translation=\"\" data-trp-gettext=\"\" data-no-translation-aria-label=\"\" data-no-translation-data-success_message=\"\">Adaug\u0103 \u00een co\u0219<\/a>\t<span id=\"woocommerce_loop_add_to_cart_link_describedby_11378\" class=\"screen-reader-text\">\n\t\t\t<\/span>\n<div class=\"tinv-wraper woocommerce tinv-wishlist tinvwl-after-add-to-cart tinvwl-loop-button-wrapper tinvwl-woocommerce_after_shop_loop_item\"\r\n\t data-tinvwl_product_id=\"11378\">\r\n\t<a role=\"button\" tabindex=\"0\" name=\"\" aria-label=\"\" class=\"tinvwl_add_to_wishlist_button tinvwl-icon-custom no-txt loop-wish tinvwl-position-after tinvwl-loop\" data-tinv-wl-list=\"[]\" data-tinv-wl-product=\"11378\" data-tinv-wl-productvariation=\"0\" data-tinv-wl-productvariations=\"[]\" data-tinv-wl-producttype=\"simple\" data-tinv-wl-action=\"add\"><img decoding=\"async\" src=\"https:\/\/www.retros-gallery.com\/wp-content\/uploads\/2023\/03\/heart-checked.svg\" alt=\"Piesa se afl\u0103 deja \u00een lista de obiecte Preferate\" class=\"icon-already-on-wishlist\" \/> <img decoding=\"async\" src=\"https:\/\/www.retros-gallery.com\/wp-content\/uploads\/2023\/03\/heart-balck.svg\" alt=\"\" class=\"icon-add-on-wishlist\"  \/> <\/a><div class=\"tinv-wishlist-clear\"><\/div>\t\t<div\r\n\t\tclass=\"tinvwl-tooltip\"><\/div>\r\n<\/div>\r\n<\/li>\n<li class=\"product type-product post-11393 status-publish instock product_cat-furniture product_cat-armchairs product_cat-chairs product_cat-seating has-post-thumbnail shipping-taxable purchasable product-type-simple\">\n\t<a href=\"https:\/\/www.retros-gallery.com\/ro\/colectii\/canapele-fotolii-scaune\/fotolii\/fjord-lounge-chair-and-pouf-by-patricia-urquiola-for-moroso-italy-2000s\/\" class=\"woocommerce-LoopProduct-link woocommerce-loop-product__link\"><img loading=\"lazy\" decoding=\"async\" width=\"500\" height=\"341\" src=\"https:\/\/www.retros-gallery.com\/wp-content\/uploads\/2026\/04\/1-fjord-lounge-chair-pouf-patricia-urquiola-moroso-italy-2000s-500x341.jpg\" class=\"attachment-woocommerce_thumbnail size-woocommerce_thumbnail\" alt=\"fjord-lounge-chair-pouf-patricia-urquiola-moroso-italy-2000s\" srcset=\"https:\/\/www.retros-gallery.com\/wp-content\/uploads\/2026\/04\/1-fjord-lounge-chair-pouf-patricia-urquiola-moroso-italy-2000s-500x341.jpg 500w, https:\/\/www.retros-gallery.com\/wp-content\/uploads\/2026\/04\/1-fjord-lounge-chair-pouf-patricia-urquiola-moroso-italy-2000s-18x12.jpg 18w\" sizes=\"(max-width: 500px) 100vw, 500px\" \/><h2 class=\"woocommerce-loop-product__title\">Fjord Lounge Chair And Pouf By Patricia Urquiola for Moroso, Italy 2000\u2019s<\/h2>\n\t<span class=\"price\"><span class=\"woocommerce-Price-amount amount\"><bdi><span class=\"woocommerce-Price-currencySymbol\">\u20ac<\/span>1.700<\/bdi><\/span><\/span>\n<\/a><a href=\"\/ro\/wp-json\/wp\/v2\/pages\/10?add-to-cart=11393\" aria-describedby=\"woocommerce_loop_add_to_cart_link_describedby_11393\" data-quantity=\"1\" class=\"button product_type_simple add_to_cart_button ajax_add_to_cart\" data-product_id=\"11393\" data-product_sku=\"INV854\" aria-label=\"Adaug\u0103 \u00een co\u0219: &amp;lbquo;Fjord Lounge Chair And Pouf By Patricia Urquiola for Moroso, Italy 2000\u2019s\u201d\" rel=\"nofollow\" data-success_message=\"\u201eFjord Lounge Chair And Pouf By Patricia Urquiola for Moroso, Italy 2000\u2019s\u201d a fost ad\u0103ugat \u00een co\u0219\" role=\"button\" data-no-translation=\"\" data-trp-gettext=\"\" data-no-translation-aria-label=\"\" data-no-translation-data-success_message=\"\">Adaug\u0103 \u00een co\u0219<\/a>\t<span id=\"woocommerce_loop_add_to_cart_link_describedby_11393\" class=\"screen-reader-text\">\n\t\t\t<\/span>\n<div class=\"tinv-wraper woocommerce tinv-wishlist tinvwl-after-add-to-cart tinvwl-loop-button-wrapper tinvwl-woocommerce_after_shop_loop_item\"\r\n\t data-tinvwl_product_id=\"11393\">\r\n\t<a role=\"button\" tabindex=\"0\" name=\"\" aria-label=\"\" class=\"tinvwl_add_to_wishlist_button tinvwl-icon-custom no-txt loop-wish tinvwl-position-after tinvwl-loop\" data-tinv-wl-list=\"[]\" data-tinv-wl-product=\"11393\" data-tinv-wl-productvariation=\"0\" data-tinv-wl-productvariations=\"[]\" data-tinv-wl-producttype=\"simple\" data-tinv-wl-action=\"add\"><img decoding=\"async\" src=\"https:\/\/www.retros-gallery.com\/wp-content\/uploads\/2023\/03\/heart-checked.svg\" alt=\"Piesa se afl\u0103 deja \u00een lista de obiecte Preferate\" class=\"icon-already-on-wishlist\" \/> <img decoding=\"async\" src=\"https:\/\/www.retros-gallery.com\/wp-content\/uploads\/2023\/03\/heart-balck.svg\" alt=\"\" class=\"icon-add-on-wishlist\"  \/> <\/a><div class=\"tinv-wishlist-clear\"><\/div>\t\t<div\r\n\t\tclass=\"tinvwl-tooltip\"><\/div>\r\n<\/div>\r\n<\/li>\n<li class=\"product type-product post-11349 status-publish instock product_cat-furniture product_cat-chairs product_cat-seating has-post-thumbnail shipping-taxable purchasable product-type-simple\">\n\t<a href=\"https:\/\/www.retros-gallery.com\/ro\/colectii\/canapele-fotolii-scaune\/scaune-2\/leather-aston-office-chair-by-arper-italy-2000s\/\" class=\"woocommerce-LoopProduct-link woocommerce-loop-product__link\"><img loading=\"lazy\" decoding=\"async\" width=\"500\" height=\"341\" src=\"https:\/\/www.retros-gallery.com\/wp-content\/uploads\/2026\/04\/2-arper-aston-office-chair-leather-italy-2000s-500x341.jpg\" class=\"attachment-woocommerce_thumbnail size-woocommerce_thumbnail\" alt=\"arper-aston-office-chair-leather-italy-2000s\" srcset=\"https:\/\/www.retros-gallery.com\/wp-content\/uploads\/2026\/04\/2-arper-aston-office-chair-leather-italy-2000s-500x341.jpg 500w, https:\/\/www.retros-gallery.com\/wp-content\/uploads\/2026\/04\/2-arper-aston-office-chair-leather-italy-2000s-18x12.jpg 18w\" sizes=\"(max-width: 500px) 100vw, 500px\" \/><h2 class=\"woocommerce-loop-product__title\">Leather Aston Office Chair by Arper, Italy 2000\u2019s<\/h2>\n\t<span class=\"price\"><span class=\"woocommerce-Price-amount amount\"><bdi><span class=\"woocommerce-Price-currencySymbol\">\u20ac<\/span>700<\/bdi><\/span><\/span>\n<\/a><a href=\"\/ro\/wp-json\/wp\/v2\/pages\/10?add-to-cart=11349\" aria-describedby=\"woocommerce_loop_add_to_cart_link_describedby_11349\" data-quantity=\"1\" class=\"button product_type_simple add_to_cart_button ajax_add_to_cart\" data-product_id=\"11349\" data-product_sku=\"INV858\" aria-label=\"Adaug\u0103 \u00een co\u0219: &amp;lbquo;Leather Aston Office Chair by Arper, Italy 2000\u2019s\u201d\" rel=\"nofollow\" data-success_message=\"\u201eLeather Aston Office Chair by Arper, Italy 2000\u2019s\u201d a fost ad\u0103ugat \u00een co\u0219\" role=\"button\" data-no-translation=\"\" data-trp-gettext=\"\" data-no-translation-aria-label=\"\" data-no-translation-data-success_message=\"\">Adaug\u0103 \u00een co\u0219<\/a>\t<span id=\"woocommerce_loop_add_to_cart_link_describedby_11349\" class=\"screen-reader-text\">\n\t\t\t<\/span>\n<div class=\"tinv-wraper woocommerce tinv-wishlist tinvwl-after-add-to-cart tinvwl-loop-button-wrapper tinvwl-woocommerce_after_shop_loop_item\"\r\n\t data-tinvwl_product_id=\"11349\">\r\n\t<a role=\"button\" tabindex=\"0\" name=\"\" aria-label=\"\" class=\"tinvwl_add_to_wishlist_button tinvwl-icon-custom no-txt loop-wish tinvwl-position-after tinvwl-loop\" data-tinv-wl-list=\"[]\" data-tinv-wl-product=\"11349\" data-tinv-wl-productvariation=\"0\" data-tinv-wl-productvariations=\"[]\" data-tinv-wl-producttype=\"simple\" data-tinv-wl-action=\"add\"><img decoding=\"async\" src=\"https:\/\/www.retros-gallery.com\/wp-content\/uploads\/2023\/03\/heart-checked.svg\" alt=\"Piesa se afl\u0103 deja \u00een lista de obiecte Preferate\" class=\"icon-already-on-wishlist\" \/> <img decoding=\"async\" src=\"https:\/\/www.retros-gallery.com\/wp-content\/uploads\/2023\/03\/heart-balck.svg\" alt=\"\" class=\"icon-add-on-wishlist\"  \/> <\/a><div class=\"tinv-wishlist-clear\"><\/div>\t\t<div\r\n\t\tclass=\"tinvwl-tooltip\"><\/div>\r\n<\/div>\r\n<\/li>\n<li class=\"product type-product post-11431 status-publish last instock product_cat-coffee-tables product_cat-furniture has-post-thumbnail shipping-taxable purchasable product-type-simple\">\n\t<a href=\"https:\/\/www.retros-gallery.com\/ro\/colectii\/mobilier\/masute-de-cafea\/vintage-michel-dumas-plexiglass-and-glass-coffee-table-for-roche-bobois-1970s\/\" class=\"woocommerce-LoopProduct-link woocommerce-loop-product__link\"><img loading=\"lazy\" decoding=\"async\" width=\"500\" height=\"341\" src=\"https:\/\/www.retros-gallery.com\/wp-content\/uploads\/2026\/04\/2-michel-dumas-coffee-table-plexiglass-glass-roche-bobois-1970s-500x341.jpg\" class=\"attachment-woocommerce_thumbnail size-woocommerce_thumbnail\" alt=\"michel-dumas-coffee-table-plexiglass-glass-roche-bobois-1970s\" srcset=\"https:\/\/www.retros-gallery.com\/wp-content\/uploads\/2026\/04\/2-michel-dumas-coffee-table-plexiglass-glass-roche-bobois-1970s-500x341.jpg 500w, https:\/\/www.retros-gallery.com\/wp-content\/uploads\/2026\/04\/2-michel-dumas-coffee-table-plexiglass-glass-roche-bobois-1970s-18x12.jpg 18w\" sizes=\"(max-width: 500px) 100vw, 500px\" \/><h2 class=\"woocommerce-loop-product__title\">Vintage Michel Dumas Plexiglass and Glass Coffee Table for Roche Bobois, 1970&#8217;s<\/h2>\n\t<span class=\"price\"><span class=\"woocommerce-Price-amount amount\"><bdi><span class=\"woocommerce-Price-currencySymbol\">\u20ac<\/span>1.100<\/bdi><\/span><\/span>\n<\/a><a href=\"\/ro\/wp-json\/wp\/v2\/pages\/10?add-to-cart=11431\" aria-describedby=\"woocommerce_loop_add_to_cart_link_describedby_11431\" data-quantity=\"1\" class=\"button product_type_simple add_to_cart_button ajax_add_to_cart\" data-product_id=\"11431\" data-product_sku=\"dumas\" aria-label=\"Adaug\u0103 \u00een co\u0219: &amp;lbquo;Vintage Michel Dumas Plexiglass and Glass Coffee Table for Roche Bobois, 1970&#039;s\u201d\" rel=\"nofollow\" data-success_message=\"\u201eVintage Michel Dumas Plexiglass and Glass Coffee Table for Roche Bobois, 1970&#039;s\u201d a fost ad\u0103ugat \u00een co\u0219\" role=\"button\" data-no-translation=\"\" data-trp-gettext=\"\" data-no-translation-aria-label=\"\" data-no-translation-data-success_message=\"\">Adaug\u0103 \u00een co\u0219<\/a>\t<span id=\"woocommerce_loop_add_to_cart_link_describedby_11431\" class=\"screen-reader-text\">\n\t\t\t<\/span>\n<div class=\"tinv-wraper woocommerce tinv-wishlist tinvwl-after-add-to-cart tinvwl-loop-button-wrapper tinvwl-woocommerce_after_shop_loop_item\"\r\n\t data-tinvwl_product_id=\"11431\">\r\n\t<a role=\"button\" tabindex=\"0\" name=\"\" aria-label=\"\" class=\"tinvwl_add_to_wishlist_button tinvwl-icon-custom no-txt loop-wish tinvwl-position-after tinvwl-loop\" data-tinv-wl-list=\"[]\" data-tinv-wl-product=\"11431\" data-tinv-wl-productvariation=\"0\" data-tinv-wl-productvariations=\"[]\" data-tinv-wl-producttype=\"simple\" data-tinv-wl-action=\"add\"><img decoding=\"async\" src=\"https:\/\/www.retros-gallery.com\/wp-content\/uploads\/2023\/03\/heart-checked.svg\" alt=\"Piesa se afl\u0103 deja \u00een lista de obiecte Preferate\" class=\"icon-already-on-wishlist\" \/> <img decoding=\"async\" src=\"https:\/\/www.retros-gallery.com\/wp-content\/uploads\/2023\/03\/heart-balck.svg\" alt=\"\" class=\"icon-add-on-wishlist\"  \/> <\/a><div class=\"tinv-wishlist-clear\"><\/div>\t\t<div\r\n\t\tclass=\"tinvwl-tooltip\"><\/div>\r\n<\/div>\r\n<\/li>\n<li class=\"product type-product post-10832 status-publish first instock product_cat-furniture product_cat-table-lamps has-post-thumbnail shipping-taxable purchasable product-type-simple\">\n\t<a href=\"https:\/\/www.retros-gallery.com\/ro\/colectii\/iluminat\/lampi-de-birou\/vintage-black-gooseneck-desk-lamp-gemany-1970s\/\" class=\"woocommerce-LoopProduct-link woocommerce-loop-product__link\"><img loading=\"lazy\" decoding=\"async\" width=\"500\" height=\"341\" src=\"https:\/\/www.retros-gallery.com\/wp-content\/uploads\/2026\/03\/Gooseneck-Desk-Vintage-Black-Lamp-Gemany-1970s-500x341.jpg\" class=\"attachment-woocommerce_thumbnail size-woocommerce_thumbnail\" alt=\"Gooseneck-Desk-Vintage-Black-Lamp-Gemany-1970s\" srcset=\"https:\/\/www.retros-gallery.com\/wp-content\/uploads\/2026\/03\/Gooseneck-Desk-Vintage-Black-Lamp-Gemany-1970s-500x341.jpg 500w, https:\/\/www.retros-gallery.com\/wp-content\/uploads\/2026\/03\/Gooseneck-Desk-Vintage-Black-Lamp-Gemany-1970s-18x12.jpg 18w\" sizes=\"(max-width: 500px) 100vw, 500px\" \/><h2 class=\"woocommerce-loop-product__title\">Vintage Black Gooseneck Desk Lamp, Gemany 1970\u2019s<\/h2>\n\t<span class=\"price\"><span class=\"woocommerce-Price-amount amount\"><bdi><span class=\"woocommerce-Price-currencySymbol\">\u20ac<\/span>120<\/bdi><\/span><\/span>\n<\/a><a href=\"\/ro\/wp-json\/wp\/v2\/pages\/10?add-to-cart=10832\" aria-describedby=\"woocommerce_loop_add_to_cart_link_describedby_10832\" data-quantity=\"1\" class=\"button product_type_simple add_to_cart_button ajax_add_to_cart\" data-product_id=\"10832\" data-product_sku=\"L6\" aria-label=\"Adaug\u0103 \u00een co\u0219: &amp;lbquo;Vintage Black Gooseneck Desk Lamp, Gemany 1970\u2019s\u201d\" rel=\"nofollow\" data-success_message=\"\u201eVintage Black Gooseneck Desk Lamp, Gemany 1970\u2019s\u201d a fost ad\u0103ugat \u00een co\u0219\" role=\"button\" data-no-translation=\"\" data-trp-gettext=\"\" data-no-translation-aria-label=\"\" data-no-translation-data-success_message=\"\">Adaug\u0103 \u00een co\u0219<\/a>\t<span id=\"woocommerce_loop_add_to_cart_link_describedby_10832\" class=\"screen-reader-text\">\n\t\t\t<\/span>\n<div class=\"tinv-wraper woocommerce tinv-wishlist tinvwl-after-add-to-cart tinvwl-loop-button-wrapper tinvwl-woocommerce_after_shop_loop_item\"\r\n\t data-tinvwl_product_id=\"10832\">\r\n\t<a role=\"button\" tabindex=\"0\" name=\"\" aria-label=\"\" class=\"tinvwl_add_to_wishlist_button tinvwl-icon-custom no-txt loop-wish tinvwl-position-after tinvwl-loop\" data-tinv-wl-list=\"[]\" data-tinv-wl-product=\"10832\" data-tinv-wl-productvariation=\"0\" data-tinv-wl-productvariations=\"[]\" data-tinv-wl-producttype=\"simple\" data-tinv-wl-action=\"add\"><img decoding=\"async\" src=\"https:\/\/www.retros-gallery.com\/wp-content\/uploads\/2023\/03\/heart-checked.svg\" alt=\"Piesa se afl\u0103 deja \u00een lista de obiecte Preferate\" class=\"icon-already-on-wishlist\" \/> <img decoding=\"async\" src=\"https:\/\/www.retros-gallery.com\/wp-content\/uploads\/2023\/03\/heart-balck.svg\" alt=\"\" class=\"icon-add-on-wishlist\"  \/> <\/a><div class=\"tinv-wishlist-clear\"><\/div>\t\t<div\r\n\t\tclass=\"tinvwl-tooltip\"><\/div>\r\n<\/div>\r\n<\/li>\n<li class=\"product type-product post-10761 status-publish instock product_cat-decorative-objects product_cat-vases has-post-thumbnail shipping-taxable purchasable product-type-simple\">\n\t<a href=\"https:\/\/www.retros-gallery.com\/ro\/colectii\/obiecte-decorative\/vaze\/vintage-sawa-keramik-vase-with-handle-germany-1950s\/\" class=\"woocommerce-LoopProduct-link woocommerce-loop-product__link\"><img loading=\"lazy\" decoding=\"async\" width=\"500\" height=\"341\" src=\"https:\/\/www.retros-gallery.com\/wp-content\/uploads\/2026\/03\/Vintage-Sawa-Keramik-Vase-With-Handle-Germany-1950s-500x341.jpg\" class=\"attachment-woocommerce_thumbnail size-woocommerce_thumbnail\" alt=\"Vintage-Sawa-Keramik-Vase-With-Handle-Germany-1950s\" srcset=\"https:\/\/www.retros-gallery.com\/wp-content\/uploads\/2026\/03\/Vintage-Sawa-Keramik-Vase-With-Handle-Germany-1950s-500x341.jpg 500w, https:\/\/www.retros-gallery.com\/wp-content\/uploads\/2026\/03\/Vintage-Sawa-Keramik-Vase-With-Handle-Germany-1950s-18x12.jpg 18w\" sizes=\"(max-width: 500px) 100vw, 500px\" \/><h2 class=\"woocommerce-loop-product__title\">Vintage Sawa Keramik Vase With Handle, Germany 1950&#8217;s<\/h2>\n\t<span class=\"price\"><span class=\"woocommerce-Price-amount amount\"><bdi><span class=\"woocommerce-Price-currencySymbol\">\u20ac<\/span>120<\/bdi><\/span><\/span>\n<\/a><a href=\"\/ro\/wp-json\/wp\/v2\/pages\/10?add-to-cart=10761\" aria-describedby=\"woocommerce_loop_add_to_cart_link_describedby_10761\" data-quantity=\"1\" class=\"button product_type_simple add_to_cart_button ajax_add_to_cart\" data-product_id=\"10761\" data-product_sku=\"V1\" aria-label=\"Adaug\u0103 \u00een co\u0219: &amp;lbquo;Vintage Sawa Keramik Vase With Handle, Germany 1950&#039;s\u201d\" rel=\"nofollow\" data-success_message=\"\u201eVintage Sawa Keramik Vase With Handle, Germany 1950&#039;s\u201d a fost ad\u0103ugat \u00een co\u0219\" role=\"button\" data-no-translation=\"\" data-trp-gettext=\"\" data-no-translation-aria-label=\"\" data-no-translation-data-success_message=\"\">Adaug\u0103 \u00een co\u0219<\/a>\t<span id=\"woocommerce_loop_add_to_cart_link_describedby_10761\" class=\"screen-reader-text\">\n\t\t\t<\/span>\n<div class=\"tinv-wraper woocommerce tinv-wishlist tinvwl-after-add-to-cart tinvwl-loop-button-wrapper tinvwl-woocommerce_after_shop_loop_item\"\r\n\t data-tinvwl_product_id=\"10761\">\r\n\t<a role=\"button\" tabindex=\"0\" name=\"\" aria-label=\"\" class=\"tinvwl_add_to_wishlist_button tinvwl-icon-custom no-txt loop-wish tinvwl-position-after tinvwl-loop\" data-tinv-wl-list=\"[]\" data-tinv-wl-product=\"10761\" data-tinv-wl-productvariation=\"0\" data-tinv-wl-productvariations=\"[]\" data-tinv-wl-producttype=\"simple\" data-tinv-wl-action=\"add\"><img decoding=\"async\" src=\"https:\/\/www.retros-gallery.com\/wp-content\/uploads\/2023\/03\/heart-checked.svg\" alt=\"Piesa se afl\u0103 deja \u00een lista de obiecte Preferate\" class=\"icon-already-on-wishlist\" \/> <img decoding=\"async\" src=\"https:\/\/www.retros-gallery.com\/wp-content\/uploads\/2023\/03\/heart-balck.svg\" alt=\"\" class=\"icon-add-on-wishlist\"  \/> <\/a><div class=\"tinv-wishlist-clear\"><\/div>\t\t<div\r\n\t\tclass=\"tinvwl-tooltip\"><\/div>\r\n<\/div>\r\n<\/li>\n<li class=\"product type-product post-10776 status-publish instock product_cat-furniture product_cat-decorative-objects product_cat-vases has-post-thumbnail shipping-taxable purchasable product-type-simple\">\n\t<a href=\"https:\/\/www.retros-gallery.com\/ro\/colectii\/obiecte-decorative\/vaze\/vintage-spiral-vase-germany-1970s\/\" class=\"woocommerce-LoopProduct-link woocommerce-loop-product__link\"><img loading=\"lazy\" decoding=\"async\" width=\"500\" height=\"341\" src=\"https:\/\/www.retros-gallery.com\/wp-content\/uploads\/2026\/03\/Vintage-Spiral-Vase-Germany-1970s-500x341.jpg\" class=\"attachment-woocommerce_thumbnail size-woocommerce_thumbnail\" alt=\"Vintage-Spiral-Vase-Germany-1970s\" srcset=\"https:\/\/www.retros-gallery.com\/wp-content\/uploads\/2026\/03\/Vintage-Spiral-Vase-Germany-1970s-500x341.jpg 500w, https:\/\/www.retros-gallery.com\/wp-content\/uploads\/2026\/03\/Vintage-Spiral-Vase-Germany-1970s-18x12.jpg 18w\" sizes=\"(max-width: 500px) 100vw, 500px\" \/><h2 class=\"woocommerce-loop-product__title\">Vintage Spiral Vase Germany 1970\u2019s<\/h2>\n\t<span class=\"price\"><span class=\"woocommerce-Price-amount amount\"><bdi><span class=\"woocommerce-Price-currencySymbol\">\u20ac<\/span>160<\/bdi><\/span><\/span>\n<\/a><a href=\"\/ro\/wp-json\/wp\/v2\/pages\/10?add-to-cart=10776\" aria-describedby=\"woocommerce_loop_add_to_cart_link_describedby_10776\" data-quantity=\"1\" class=\"button product_type_simple add_to_cart_button ajax_add_to_cart\" data-product_id=\"10776\" data-product_sku=\"V4\" aria-label=\"Adaug\u0103 \u00een co\u0219: &amp;lbquo;Vintage Spiral Vase Germany 1970\u2019s\u201d\" rel=\"nofollow\" data-success_message=\"\u201eVintage Spiral Vase Germany 1970\u2019s\u201d a fost ad\u0103ugat \u00een co\u0219\" role=\"button\" data-no-translation=\"\" data-trp-gettext=\"\" data-no-translation-aria-label=\"\" data-no-translation-data-success_message=\"\">Adaug\u0103 \u00een co\u0219<\/a>\t<span id=\"woocommerce_loop_add_to_cart_link_describedby_10776\" class=\"screen-reader-text\">\n\t\t\t<\/span>\n<div class=\"tinv-wraper woocommerce tinv-wishlist tinvwl-after-add-to-cart tinvwl-loop-button-wrapper tinvwl-woocommerce_after_shop_loop_item\"\r\n\t data-tinvwl_product_id=\"10776\">\r\n\t<a role=\"button\" tabindex=\"0\" name=\"\" aria-label=\"\" class=\"tinvwl_add_to_wishlist_button tinvwl-icon-custom no-txt loop-wish tinvwl-position-after tinvwl-loop\" data-tinv-wl-list=\"[]\" data-tinv-wl-product=\"10776\" data-tinv-wl-productvariation=\"0\" data-tinv-wl-productvariations=\"[]\" data-tinv-wl-producttype=\"simple\" data-tinv-wl-action=\"add\"><img decoding=\"async\" src=\"https:\/\/www.retros-gallery.com\/wp-content\/uploads\/2023\/03\/heart-checked.svg\" alt=\"Piesa se afl\u0103 deja \u00een lista de obiecte Preferate\" class=\"icon-already-on-wishlist\" \/> <img decoding=\"async\" src=\"https:\/\/www.retros-gallery.com\/wp-content\/uploads\/2023\/03\/heart-balck.svg\" alt=\"\" class=\"icon-add-on-wishlist\"  \/> <\/a><div class=\"tinv-wishlist-clear\"><\/div>\t\t<div\r\n\t\tclass=\"tinvwl-tooltip\"><\/div>\r\n<\/div>\r\n<\/li>\n<li class=\"product type-product post-10782 status-publish last instock product_cat-furniture product_cat-decorative-objects product_cat-vases has-post-thumbnail shipping-taxable purchasable product-type-simple\">\n\t<a href=\"https:\/\/www.retros-gallery.com\/ro\/colectii\/obiecte-decorative\/vaze\/vintage-emerald-green-glass-vase-germany-1960s\/\" class=\"woocommerce-LoopProduct-link woocommerce-loop-product__link\"><img loading=\"lazy\" decoding=\"async\" width=\"500\" height=\"341\" src=\"https:\/\/www.retros-gallery.com\/wp-content\/uploads\/2026\/03\/1Vintage-Emerald-Green-Glass-Vase-Germany-1960s-500x341.jpg\" class=\"attachment-woocommerce_thumbnail size-woocommerce_thumbnail\" alt=\"1Vintage-Emerald-Green-Glass-Vase-Germany-1960s\" srcset=\"https:\/\/www.retros-gallery.com\/wp-content\/uploads\/2026\/03\/1Vintage-Emerald-Green-Glass-Vase-Germany-1960s-500x341.jpg 500w, https:\/\/www.retros-gallery.com\/wp-content\/uploads\/2026\/03\/1Vintage-Emerald-Green-Glass-Vase-Germany-1960s-18x12.jpg 18w\" sizes=\"(max-width: 500px) 100vw, 500px\" \/><h2 class=\"woocommerce-loop-product__title\">Vintage Emerald Green Glass Vase, Germany 1960\u2019s<\/h2>\n\t<span class=\"price\"><span class=\"woocommerce-Price-amount amount\"><bdi><span class=\"woocommerce-Price-currencySymbol\">\u20ac<\/span>80<\/bdi><\/span><\/span>\n<\/a><a href=\"\/ro\/wp-json\/wp\/v2\/pages\/10?add-to-cart=10782\" aria-describedby=\"woocommerce_loop_add_to_cart_link_describedby_10782\" data-quantity=\"1\" class=\"button product_type_simple add_to_cart_button ajax_add_to_cart\" data-product_id=\"10782\" data-product_sku=\"V5\" aria-label=\"Adaug\u0103 \u00een co\u0219: &amp;lbquo;Vintage Emerald Green Glass Vase, Germany 1960\u2019s\u201d\" rel=\"nofollow\" data-success_message=\"\u201eVintage Emerald Green Glass Vase, Germany 1960\u2019s\u201d a fost ad\u0103ugat \u00een co\u0219\" role=\"button\" data-no-translation=\"\" data-trp-gettext=\"\" data-no-translation-aria-label=\"\" data-no-translation-data-success_message=\"\">Adaug\u0103 \u00een co\u0219<\/a>\t<span id=\"woocommerce_loop_add_to_cart_link_describedby_10782\" class=\"screen-reader-text\">\n\t\t\t<\/span>\n<div class=\"tinv-wraper woocommerce tinv-wishlist tinvwl-after-add-to-cart tinvwl-loop-button-wrapper tinvwl-woocommerce_after_shop_loop_item\"\r\n\t data-tinvwl_product_id=\"10782\">\r\n\t<a role=\"button\" tabindex=\"0\" name=\"\" aria-label=\"\" class=\"tinvwl_add_to_wishlist_button tinvwl-icon-custom no-txt loop-wish tinvwl-position-after tinvwl-loop\" data-tinv-wl-list=\"[]\" data-tinv-wl-product=\"10782\" data-tinv-wl-productvariation=\"0\" data-tinv-wl-productvariations=\"[]\" data-tinv-wl-producttype=\"simple\" data-tinv-wl-action=\"add\"><img decoding=\"async\" src=\"https:\/\/www.retros-gallery.com\/wp-content\/uploads\/2023\/03\/heart-checked.svg\" alt=\"Piesa se afl\u0103 deja \u00een lista de obiecte Preferate\" class=\"icon-already-on-wishlist\" \/> <img decoding=\"async\" src=\"https:\/\/www.retros-gallery.com\/wp-content\/uploads\/2023\/03\/heart-balck.svg\" alt=\"\" class=\"icon-add-on-wishlist\"  \/> <\/a><div class=\"tinv-wishlist-clear\"><\/div>\t\t<div\r\n\t\tclass=\"tinvwl-tooltip\"><\/div>\r\n<\/div>\r\n<\/li>\n<li class=\"product type-product post-10850 status-publish first instock product_cat-furniture product_cat-lighting product_cat-table-lamps has-post-thumbnail shipping-taxable purchasable product-type-simple\">\n\t<a href=\"https:\/\/www.retros-gallery.com\/ro\/colectii\/iluminat\/lampi-de-birou\/vintage-marble-column-table-lamp-italy-1960s\/\" class=\"woocommerce-LoopProduct-link woocommerce-loop-product__link\"><img loading=\"lazy\" decoding=\"async\" width=\"500\" height=\"341\" src=\"https:\/\/www.retros-gallery.com\/wp-content\/uploads\/2026\/03\/Vintage-Marble-Column-Table-Lamp-Italy-1960s-500x341.jpg\" class=\"attachment-woocommerce_thumbnail size-woocommerce_thumbnail\" alt=\"Vintage-Marble-Column-Table-Lamp-Italy-1960s\" srcset=\"https:\/\/www.retros-gallery.com\/wp-content\/uploads\/2026\/03\/Vintage-Marble-Column-Table-Lamp-Italy-1960s-500x341.jpg 500w, https:\/\/www.retros-gallery.com\/wp-content\/uploads\/2026\/03\/Vintage-Marble-Column-Table-Lamp-Italy-1960s-18x12.jpg 18w\" sizes=\"(max-width: 500px) 100vw, 500px\" \/><h2 class=\"woocommerce-loop-product__title\">Vintage Marble Column Table Lamp, Italy 1960&#8217;s<\/h2>\n\t<span class=\"price\"><span class=\"woocommerce-Price-amount amount\"><bdi><span class=\"woocommerce-Price-currencySymbol\">\u20ac<\/span>240<\/bdi><\/span><\/span>\n<\/a><a href=\"\/ro\/wp-json\/wp\/v2\/pages\/10?add-to-cart=10850\" aria-describedby=\"woocommerce_loop_add_to_cart_link_describedby_10850\" data-quantity=\"1\" class=\"button product_type_simple add_to_cart_button ajax_add_to_cart\" data-product_id=\"10850\" data-product_sku=\"L9\" aria-label=\"Adaug\u0103 \u00een co\u0219: &amp;lbquo;Vintage Marble Column Table Lamp, Italy 1960&#039;s\u201d\" rel=\"nofollow\" data-success_message=\"\u201eVintage Marble Column Table Lamp, Italy 1960&#039;s\u201d a fost ad\u0103ugat \u00een co\u0219\" role=\"button\" data-no-translation=\"\" data-trp-gettext=\"\" data-no-translation-aria-label=\"\" data-no-translation-data-success_message=\"\">Adaug\u0103 \u00een co\u0219<\/a>\t<span id=\"woocommerce_loop_add_to_cart_link_describedby_10850\" class=\"screen-reader-text\">\n\t\t\t<\/span>\n<div class=\"tinv-wraper woocommerce tinv-wishlist tinvwl-after-add-to-cart tinvwl-loop-button-wrapper tinvwl-woocommerce_after_shop_loop_item\"\r\n\t data-tinvwl_product_id=\"10850\">\r\n\t<a role=\"button\" tabindex=\"0\" name=\"\" aria-label=\"\" class=\"tinvwl_add_to_wishlist_button tinvwl-icon-custom no-txt loop-wish tinvwl-position-after tinvwl-loop\" data-tinv-wl-list=\"[]\" data-tinv-wl-product=\"10850\" data-tinv-wl-productvariation=\"0\" data-tinv-wl-productvariations=\"[]\" data-tinv-wl-producttype=\"simple\" data-tinv-wl-action=\"add\"><img decoding=\"async\" src=\"https:\/\/www.retros-gallery.com\/wp-content\/uploads\/2023\/03\/heart-checked.svg\" alt=\"Piesa se afl\u0103 deja \u00een lista de obiecte Preferate\" class=\"icon-already-on-wishlist\" \/> <img decoding=\"async\" src=\"https:\/\/www.retros-gallery.com\/wp-content\/uploads\/2023\/03\/heart-balck.svg\" alt=\"\" class=\"icon-add-on-wishlist\"  \/> <\/a><div class=\"tinv-wishlist-clear\"><\/div>\t\t<div\r\n\t\tclass=\"tinvwl-tooltip\"><\/div>\r\n<\/div>\r\n<\/li>\n<li class=\"product type-product post-10879 status-publish instock product_cat-furniture product_cat-trolleys has-post-thumbnail shipping-taxable purchasable product-type-simple\">\n\t<a href=\"https:\/\/www.retros-gallery.com\/ro\/colectii\/mobilier\/carucioarele\/vintage-brass-and-lucite-serving-trolley-france-1960s\/\" class=\"woocommerce-LoopProduct-link woocommerce-loop-product__link\"><img loading=\"lazy\" decoding=\"async\" width=\"500\" height=\"341\" src=\"https:\/\/www.retros-gallery.com\/wp-content\/uploads\/2026\/03\/Vintage-Brass-And-Lucite-Serving-Trolley-France-1960s-500x341.jpg\" class=\"attachment-woocommerce_thumbnail size-woocommerce_thumbnail\" alt=\"Vintage-Brass-And-Lucite-Serving-Trolley-France-1960s\" srcset=\"https:\/\/www.retros-gallery.com\/wp-content\/uploads\/2026\/03\/Vintage-Brass-And-Lucite-Serving-Trolley-France-1960s-500x341.jpg 500w, https:\/\/www.retros-gallery.com\/wp-content\/uploads\/2026\/03\/Vintage-Brass-And-Lucite-Serving-Trolley-France-1960s-18x12.jpg 18w\" sizes=\"(max-width: 500px) 100vw, 500px\" \/><h2 class=\"woocommerce-loop-product__title\">Vintage Brass And Lucite Serving Trolley, France 1960\u2019s<\/h2>\n\t<span class=\"price\"><span class=\"woocommerce-Price-amount amount\"><bdi><span class=\"woocommerce-Price-currencySymbol\">\u20ac<\/span>700<\/bdi><\/span><\/span>\n<\/a><a href=\"\/ro\/wp-json\/wp\/v2\/pages\/10?add-to-cart=10879\" aria-describedby=\"woocommerce_loop_add_to_cart_link_describedby_10879\" data-quantity=\"1\" class=\"button product_type_simple add_to_cart_button ajax_add_to_cart\" data-product_id=\"10879\" data-product_sku=\"T1\" aria-label=\"Adaug\u0103 \u00een co\u0219: &amp;lbquo;Vintage Brass And Lucite Serving Trolley, France 1960\u2019s\u201d\" rel=\"nofollow\" data-success_message=\"\u201eVintage Brass And Lucite Serving Trolley, France 1960\u2019s\u201d a fost ad\u0103ugat \u00een co\u0219\" role=\"button\" data-no-translation=\"\" data-trp-gettext=\"\" data-no-translation-aria-label=\"\" data-no-translation-data-success_message=\"\">Adaug\u0103 \u00een co\u0219<\/a>\t<span id=\"woocommerce_loop_add_to_cart_link_describedby_10879\" class=\"screen-reader-text\">\n\t\t\t<\/span>\n<div class=\"tinv-wraper woocommerce tinv-wishlist tinvwl-after-add-to-cart tinvwl-loop-button-wrapper tinvwl-woocommerce_after_shop_loop_item\"\r\n\t data-tinvwl_product_id=\"10879\">\r\n\t<a role=\"button\" tabindex=\"0\" name=\"\" aria-label=\"\" class=\"tinvwl_add_to_wishlist_button tinvwl-icon-custom no-txt loop-wish tinvwl-position-after tinvwl-loop\" data-tinv-wl-list=\"[]\" data-tinv-wl-product=\"10879\" data-tinv-wl-productvariation=\"0\" data-tinv-wl-productvariations=\"[]\" data-tinv-wl-producttype=\"simple\" data-tinv-wl-action=\"add\"><img decoding=\"async\" src=\"https:\/\/www.retros-gallery.com\/wp-content\/uploads\/2023\/03\/heart-checked.svg\" alt=\"Piesa se afl\u0103 deja \u00een lista de obiecte Preferate\" class=\"icon-already-on-wishlist\" \/> <img decoding=\"async\" src=\"https:\/\/www.retros-gallery.com\/wp-content\/uploads\/2023\/03\/heart-balck.svg\" alt=\"\" class=\"icon-add-on-wishlist\"  \/> <\/a><div class=\"tinv-wishlist-clear\"><\/div>\t\t<div\r\n\t\tclass=\"tinvwl-tooltip\"><\/div>\r\n<\/div>\r\n<\/li>\n<li class=\"product type-product post-10910 status-publish instock product_cat-vintage-desks product_cat-furniture has-post-thumbnail shipping-taxable purchasable product-type-simple\">\n\t<a href=\"https:\/\/www.retros-gallery.com\/ro\/colectii\/mobilier\/birouri-vintage\/mid-century-work-table-extendable-germany-1980s\/\" class=\"woocommerce-LoopProduct-link woocommerce-loop-product__link\"><img loading=\"lazy\" decoding=\"async\" width=\"500\" height=\"341\" src=\"https:\/\/www.retros-gallery.com\/wp-content\/uploads\/2026\/03\/1-Mid-Century-Work-Table-Extendable-Germany-1980s-500x341.jpg\" class=\"attachment-woocommerce_thumbnail size-woocommerce_thumbnail\" alt=\"Mid-Century-Work-Table-Extendable-Germany-1980s\" srcset=\"https:\/\/www.retros-gallery.com\/wp-content\/uploads\/2026\/03\/1-Mid-Century-Work-Table-Extendable-Germany-1980s-500x341.jpg 500w, https:\/\/www.retros-gallery.com\/wp-content\/uploads\/2026\/03\/1-Mid-Century-Work-Table-Extendable-Germany-1980s-18x12.jpg 18w\" sizes=\"(max-width: 500px) 100vw, 500px\" \/><h2 class=\"woocommerce-loop-product__title\">Mid Century Work Table Extendable, Germany 1980\u2019s<\/h2>\n\t<span class=\"price\"><span class=\"woocommerce-Price-amount amount\"><bdi><span class=\"woocommerce-Price-currencySymbol\">\u20ac<\/span>200<\/bdi><\/span><\/span>\n<\/a><a href=\"\/ro\/wp-json\/wp\/v2\/pages\/10?add-to-cart=10910\" aria-describedby=\"woocommerce_loop_add_to_cart_link_describedby_10910\" data-quantity=\"1\" class=\"button product_type_simple add_to_cart_button ajax_add_to_cart\" data-product_id=\"10910\" data-product_sku=\"D1\" aria-label=\"Adaug\u0103 \u00een co\u0219: &amp;lbquo;Mid Century Work Table Extendable, Germany 1980\u2019s\u201d\" rel=\"nofollow\" data-success_message=\"\u201eMid Century Work Table Extendable, Germany 1980\u2019s\u201d a fost ad\u0103ugat \u00een co\u0219\" role=\"button\" data-no-translation=\"\" data-trp-gettext=\"\" data-no-translation-aria-label=\"\" data-no-translation-data-success_message=\"\">Adaug\u0103 \u00een co\u0219<\/a>\t<span id=\"woocommerce_loop_add_to_cart_link_describedby_10910\" class=\"screen-reader-text\">\n\t\t\t<\/span>\n<div class=\"tinv-wraper woocommerce tinv-wishlist tinvwl-after-add-to-cart tinvwl-loop-button-wrapper tinvwl-woocommerce_after_shop_loop_item\"\r\n\t data-tinvwl_product_id=\"10910\">\r\n\t<a role=\"button\" tabindex=\"0\" name=\"\" aria-label=\"\" class=\"tinvwl_add_to_wishlist_button tinvwl-icon-custom no-txt loop-wish tinvwl-position-after tinvwl-loop\" data-tinv-wl-list=\"[]\" data-tinv-wl-product=\"10910\" data-tinv-wl-productvariation=\"0\" data-tinv-wl-productvariations=\"[]\" data-tinv-wl-producttype=\"simple\" data-tinv-wl-action=\"add\"><img decoding=\"async\" src=\"https:\/\/www.retros-gallery.com\/wp-content\/uploads\/2023\/03\/heart-checked.svg\" alt=\"Piesa se afl\u0103 deja \u00een lista de obiecte Preferate\" class=\"icon-already-on-wishlist\" \/> <img decoding=\"async\" src=\"https:\/\/www.retros-gallery.com\/wp-content\/uploads\/2023\/03\/heart-balck.svg\" alt=\"\" class=\"icon-add-on-wishlist\"  \/> <\/a><div class=\"tinv-wishlist-clear\"><\/div>\t\t<div\r\n\t\tclass=\"tinvwl-tooltip\"><\/div>\r\n<\/div>\r\n<\/li>\n<li class=\"product type-product post-10922 status-publish last instock product_cat-bookshelves product_cat-furniture has-post-thumbnail shipping-taxable purchasable product-type-simple\">\n\t<a href=\"https:\/\/www.retros-gallery.com\/ro\/colectii\/mobilier\/rafturi-de-carti\/vintage-hollywood-regency-etagere-shelf-italy-1970s\/\" class=\"woocommerce-LoopProduct-link woocommerce-loop-product__link\"><img loading=\"lazy\" decoding=\"async\" width=\"500\" height=\"341\" src=\"https:\/\/www.retros-gallery.com\/wp-content\/uploads\/2026\/03\/Hollywood-Regency-Etagere-Shelf-Italy-1970s-Vintage-500x341.jpg\" class=\"attachment-woocommerce_thumbnail size-woocommerce_thumbnail\" alt=\"Hollywood-Regency-Etagere-Shelf-Italy-1970s-Vintage\" srcset=\"https:\/\/www.retros-gallery.com\/wp-content\/uploads\/2026\/03\/Hollywood-Regency-Etagere-Shelf-Italy-1970s-Vintage-500x341.jpg 500w, https:\/\/www.retros-gallery.com\/wp-content\/uploads\/2026\/03\/Hollywood-Regency-Etagere-Shelf-Italy-1970s-Vintage-18x12.jpg 18w\" sizes=\"(max-width: 500px) 100vw, 500px\" \/><h2 class=\"woocommerce-loop-product__title\">Vintage Hollywood Regency Etagere Shelf, Italy 1970&#8217;s<\/h2>\n\t<span class=\"price\"><span class=\"woocommerce-Price-amount amount\"><bdi><span class=\"woocommerce-Price-currencySymbol\">\u20ac<\/span>1.300<\/bdi><\/span><\/span>\n<\/a><a href=\"\/ro\/wp-json\/wp\/v2\/pages\/10?add-to-cart=10922\" aria-describedby=\"woocommerce_loop_add_to_cart_link_describedby_10922\" data-quantity=\"1\" class=\"button product_type_simple add_to_cart_button ajax_add_to_cart\" data-product_id=\"10922\" data-product_sku=\"E1\" aria-label=\"Adaug\u0103 \u00een co\u0219: &amp;lbquo;Vintage Hollywood Regency Etagere Shelf, Italy 1970&#039;s\u201d\" rel=\"nofollow\" data-success_message=\"\u201eVintage Hollywood Regency Etagere Shelf, Italy 1970&#039;s\u201d a fost ad\u0103ugat \u00een co\u0219\" role=\"button\" data-no-translation=\"\" data-trp-gettext=\"\" data-no-translation-aria-label=\"\" data-no-translation-data-success_message=\"\">Adaug\u0103 \u00een co\u0219<\/a>\t<span id=\"woocommerce_loop_add_to_cart_link_describedby_10922\" class=\"screen-reader-text\">\n\t\t\t<\/span>\n<div class=\"tinv-wraper woocommerce tinv-wishlist tinvwl-after-add-to-cart tinvwl-loop-button-wrapper tinvwl-woocommerce_after_shop_loop_item\"\r\n\t data-tinvwl_product_id=\"10922\">\r\n\t<a role=\"button\" tabindex=\"0\" name=\"\" aria-label=\"\" class=\"tinvwl_add_to_wishlist_button tinvwl-icon-custom no-txt loop-wish tinvwl-position-after tinvwl-loop\" data-tinv-wl-list=\"[]\" data-tinv-wl-product=\"10922\" data-tinv-wl-productvariation=\"0\" data-tinv-wl-productvariations=\"[]\" data-tinv-wl-producttype=\"simple\" data-tinv-wl-action=\"add\"><img decoding=\"async\" src=\"https:\/\/www.retros-gallery.com\/wp-content\/uploads\/2023\/03\/heart-checked.svg\" alt=\"Piesa se afl\u0103 deja \u00een lista de obiecte Preferate\" class=\"icon-already-on-wishlist\" \/> <img decoding=\"async\" src=\"https:\/\/www.retros-gallery.com\/wp-content\/uploads\/2023\/03\/heart-balck.svg\" alt=\"\" class=\"icon-add-on-wishlist\"  \/> <\/a><div class=\"tinv-wishlist-clear\"><\/div>\t\t<div\r\n\t\tclass=\"tinvwl-tooltip\"><\/div>\r\n<\/div>\r\n<\/li>\n<li class=\"product type-product post-10929 status-publish first instock product_cat-furniture product_cat-chairs product_cat-seating product_cat-stools has-post-thumbnail shipping-taxable purchasable product-type-simple\">\n\t<a href=\"https:\/\/www.retros-gallery.com\/ro\/colectii\/canapele-fotolii-scaune\/scaunele\/vintage-red-leather-stool-denmark-1970s\/\" class=\"woocommerce-LoopProduct-link woocommerce-loop-product__link\"><img loading=\"lazy\" decoding=\"async\" width=\"500\" height=\"341\" src=\"https:\/\/www.retros-gallery.com\/wp-content\/uploads\/2026\/03\/1-Vintage-Red-Leather-Stool-Denmark-1970s-500x341.jpg\" class=\"attachment-woocommerce_thumbnail size-woocommerce_thumbnail\" alt=\"vintage-red-leather-stool-denmark-1970s-mid-century-modern\" srcset=\"https:\/\/www.retros-gallery.com\/wp-content\/uploads\/2026\/03\/1-Vintage-Red-Leather-Stool-Denmark-1970s-500x341.jpg 500w, https:\/\/www.retros-gallery.com\/wp-content\/uploads\/2026\/03\/1-Vintage-Red-Leather-Stool-Denmark-1970s-18x12.jpg 18w\" sizes=\"(max-width: 500px) 100vw, 500px\" \/><h2 class=\"woocommerce-loop-product__title\">Vintage Red Leather Stool , Denmark 1970\u2019s<\/h2>\n\t<span class=\"price\"><span class=\"woocommerce-Price-amount amount\"><bdi><span class=\"woocommerce-Price-currencySymbol\">\u20ac<\/span>160<\/bdi><\/span><\/span>\n<\/a><a href=\"\/ro\/wp-json\/wp\/v2\/pages\/10?add-to-cart=10929\" aria-describedby=\"woocommerce_loop_add_to_cart_link_describedby_10929\" data-quantity=\"1\" class=\"button product_type_simple add_to_cart_button ajax_add_to_cart\" data-product_id=\"10929\" data-product_sku=\"stool\" aria-label=\"Adaug\u0103 \u00een co\u0219: &amp;lbquo;Vintage Red Leather Stool , Denmark 1970\u2019s\u201d\" rel=\"nofollow\" data-success_message=\"\u201eVintage Red Leather Stool , Denmark 1970\u2019s\u201d a fost ad\u0103ugat \u00een co\u0219\" role=\"button\" data-no-translation=\"\" data-trp-gettext=\"\" data-no-translation-aria-label=\"\" data-no-translation-data-success_message=\"\">Adaug\u0103 \u00een co\u0219<\/a>\t<span id=\"woocommerce_loop_add_to_cart_link_describedby_10929\" class=\"screen-reader-text\">\n\t\t\t<\/span>\n<div class=\"tinv-wraper woocommerce tinv-wishlist tinvwl-after-add-to-cart tinvwl-loop-button-wrapper tinvwl-woocommerce_after_shop_loop_item\"\r\n\t data-tinvwl_product_id=\"10929\">\r\n\t<a role=\"button\" tabindex=\"0\" name=\"\" aria-label=\"\" class=\"tinvwl_add_to_wishlist_button tinvwl-icon-custom no-txt loop-wish tinvwl-position-after tinvwl-loop\" data-tinv-wl-list=\"[]\" data-tinv-wl-product=\"10929\" data-tinv-wl-productvariation=\"0\" data-tinv-wl-productvariations=\"[]\" data-tinv-wl-producttype=\"simple\" data-tinv-wl-action=\"add\"><img decoding=\"async\" src=\"https:\/\/www.retros-gallery.com\/wp-content\/uploads\/2023\/03\/heart-checked.svg\" alt=\"Piesa se afl\u0103 deja \u00een lista de obiecte Preferate\" class=\"icon-already-on-wishlist\" \/> <img decoding=\"async\" src=\"https:\/\/www.retros-gallery.com\/wp-content\/uploads\/2023\/03\/heart-balck.svg\" alt=\"\" class=\"icon-add-on-wishlist\"  \/> <\/a><div class=\"tinv-wishlist-clear\"><\/div>\t\t<div\r\n\t\tclass=\"tinvwl-tooltip\"><\/div>\r\n<\/div>\r\n<\/li>\n<li class=\"product type-product post-10857 status-publish instock product_cat-furniture product_cat-floor-lamps product_cat-lighting has-post-thumbnail shipping-taxable purchasable product-type-simple\">\n\t<a href=\"https:\/\/www.retros-gallery.com\/ro\/colectii\/iluminat\/lampi-de-podea\/vintage-floor-lamp-by-hustadt-germany-1970s\/\" class=\"woocommerce-LoopProduct-link woocommerce-loop-product__link\"><img loading=\"lazy\" decoding=\"async\" width=\"500\" height=\"341\" src=\"https:\/\/www.retros-gallery.com\/wp-content\/uploads\/2026\/03\/DSC03231-500x341.jpg\" class=\"attachment-woocommerce_thumbnail size-woocommerce_thumbnail\" alt=\"vintage-floor-lamp-hustadt-germany-1970s-mid-century-lighting\" srcset=\"https:\/\/www.retros-gallery.com\/wp-content\/uploads\/2026\/03\/DSC03231-500x341.jpg 500w, https:\/\/www.retros-gallery.com\/wp-content\/uploads\/2026\/03\/DSC03231-18x12.jpg 18w\" sizes=\"(max-width: 500px) 100vw, 500px\" \/><h2 class=\"woocommerce-loop-product__title\">Vintage Floor Lamp By Hustadt, Germany 1970\u2019s<\/h2>\n\t<span class=\"price\"><span class=\"woocommerce-Price-amount amount\"><bdi><span class=\"woocommerce-Price-currencySymbol\">\u20ac<\/span>320<\/bdi><\/span><\/span>\n<\/a><a href=\"\/ro\/wp-json\/wp\/v2\/pages\/10?add-to-cart=10857\" aria-describedby=\"woocommerce_loop_add_to_cart_link_describedby_10857\" data-quantity=\"1\" class=\"button product_type_simple add_to_cart_button ajax_add_to_cart\" data-product_id=\"10857\" data-product_sku=\"L10\" aria-label=\"Adaug\u0103 \u00een co\u0219: &amp;lbquo;Vintage Floor Lamp By Hustadt, Germany 1970\u2019s\u201d\" rel=\"nofollow\" data-success_message=\"\u201eVintage Floor Lamp By Hustadt, Germany 1970\u2019s\u201d a fost ad\u0103ugat \u00een co\u0219\" role=\"button\" data-no-translation=\"\" data-trp-gettext=\"\" data-no-translation-aria-label=\"\" data-no-translation-data-success_message=\"\">Adaug\u0103 \u00een co\u0219<\/a>\t<span id=\"woocommerce_loop_add_to_cart_link_describedby_10857\" class=\"screen-reader-text\">\n\t\t\t<\/span>\n<div class=\"tinv-wraper woocommerce tinv-wishlist tinvwl-after-add-to-cart tinvwl-loop-button-wrapper tinvwl-woocommerce_after_shop_loop_item\"\r\n\t data-tinvwl_product_id=\"10857\">\r\n\t<a role=\"button\" tabindex=\"0\" name=\"\" aria-label=\"\" class=\"tinvwl_add_to_wishlist_button tinvwl-icon-custom no-txt loop-wish tinvwl-position-after tinvwl-loop\" data-tinv-wl-list=\"[]\" data-tinv-wl-product=\"10857\" data-tinv-wl-productvariation=\"0\" data-tinv-wl-productvariations=\"[]\" data-tinv-wl-producttype=\"simple\" data-tinv-wl-action=\"add\"><img decoding=\"async\" src=\"https:\/\/www.retros-gallery.com\/wp-content\/uploads\/2023\/03\/heart-checked.svg\" alt=\"Piesa se afl\u0103 deja \u00een lista de obiecte Preferate\" class=\"icon-already-on-wishlist\" \/> <img decoding=\"async\" src=\"https:\/\/www.retros-gallery.com\/wp-content\/uploads\/2023\/03\/heart-balck.svg\" alt=\"\" class=\"icon-add-on-wishlist\"  \/> <\/a><div class=\"tinv-wishlist-clear\"><\/div>\t\t<div\r\n\t\tclass=\"tinvwl-tooltip\"><\/div>\r\n<\/div>\r\n<\/li>\n<li class=\"product type-product post-10766 status-publish instock product_cat-furniture product_cat-decorative-objects product_cat-vases has-post-thumbnail shipping-taxable purchasable product-type-simple\">\n\t<a href=\"https:\/\/www.retros-gallery.com\/ro\/colectii\/obiecte-decorative\/vaze\/vintage-scheurich-fat-lava-floor-vase-germany-1970s\/\" class=\"woocommerce-LoopProduct-link woocommerce-loop-product__link\"><img loading=\"lazy\" decoding=\"async\" width=\"500\" height=\"341\" src=\"https:\/\/www.retros-gallery.com\/wp-content\/uploads\/2026\/03\/Vintage-Scheurich-Fat-Lava-Floor-Vase-Germany-1970s-500x341.jpg\" class=\"attachment-woocommerce_thumbnail size-woocommerce_thumbnail\" alt=\"1970s-germany-scheurich-fat-lava-ceramic-floor-vase-vintage\" srcset=\"https:\/\/www.retros-gallery.com\/wp-content\/uploads\/2026\/03\/Vintage-Scheurich-Fat-Lava-Floor-Vase-Germany-1970s-500x341.jpg 500w, https:\/\/www.retros-gallery.com\/wp-content\/uploads\/2026\/03\/Vintage-Scheurich-Fat-Lava-Floor-Vase-Germany-1970s-18x12.jpg 18w\" sizes=\"(max-width: 500px) 100vw, 500px\" \/><h2 class=\"woocommerce-loop-product__title\">Vintage Scheurich Fat Lava Floor Vase, Germany 1970\u2019s<\/h2>\n\t<span class=\"price\"><span class=\"woocommerce-Price-amount amount\"><bdi><span class=\"woocommerce-Price-currencySymbol\">\u20ac<\/span>120<\/bdi><\/span><\/span>\n<\/a><a href=\"\/ro\/wp-json\/wp\/v2\/pages\/10?add-to-cart=10766\" aria-describedby=\"woocommerce_loop_add_to_cart_link_describedby_10766\" data-quantity=\"1\" class=\"button product_type_simple add_to_cart_button ajax_add_to_cart\" data-product_id=\"10766\" data-product_sku=\"V2\" aria-label=\"Adaug\u0103 \u00een co\u0219: &amp;lbquo;Vintage Scheurich Fat Lava Floor Vase, Germany 1970\u2019s\u201d\" rel=\"nofollow\" data-success_message=\"\u201eVintage Scheurich Fat Lava Floor Vase, Germany 1970\u2019s\u201d a fost ad\u0103ugat \u00een co\u0219\" role=\"button\" data-no-translation=\"\" data-trp-gettext=\"\" data-no-translation-aria-label=\"\" data-no-translation-data-success_message=\"\">Adaug\u0103 \u00een co\u0219<\/a>\t<span id=\"woocommerce_loop_add_to_cart_link_describedby_10766\" class=\"screen-reader-text\">\n\t\t\t<\/span>\n<div class=\"tinv-wraper woocommerce tinv-wishlist tinvwl-after-add-to-cart tinvwl-loop-button-wrapper tinvwl-woocommerce_after_shop_loop_item\"\r\n\t data-tinvwl_product_id=\"10766\">\r\n\t<a role=\"button\" tabindex=\"0\" name=\"\" aria-label=\"\" class=\"tinvwl_add_to_wishlist_button tinvwl-icon-custom no-txt loop-wish tinvwl-position-after tinvwl-loop\" data-tinv-wl-list=\"[]\" data-tinv-wl-product=\"10766\" data-tinv-wl-productvariation=\"0\" data-tinv-wl-productvariations=\"[]\" data-tinv-wl-producttype=\"simple\" data-tinv-wl-action=\"add\"><img decoding=\"async\" src=\"https:\/\/www.retros-gallery.com\/wp-content\/uploads\/2023\/03\/heart-checked.svg\" alt=\"Piesa se afl\u0103 deja \u00een lista de obiecte Preferate\" class=\"icon-already-on-wishlist\" \/> <img decoding=\"async\" src=\"https:\/\/www.retros-gallery.com\/wp-content\/uploads\/2023\/03\/heart-balck.svg\" alt=\"\" class=\"icon-add-on-wishlist\"  \/> <\/a><div class=\"tinv-wishlist-clear\"><\/div>\t\t<div\r\n\t\tclass=\"tinvwl-tooltip\"><\/div>\r\n<\/div>\r\n<\/li>\n<li class=\"product type-product post-10874 status-publish last instock product_cat-furniture product_cat-floor-lamps product_cat-lighting has-post-thumbnail shipping-taxable purchasable product-type-simple\">\n\t<a href=\"https:\/\/www.retros-gallery.com\/ro\/colectii\/iluminat\/lampi-de-podea\/vintage-black-floor-lamp-by-relco-italy-1970s\/\" class=\"woocommerce-LoopProduct-link woocommerce-loop-product__link\"><img loading=\"lazy\" decoding=\"async\" width=\"500\" height=\"341\" src=\"https:\/\/www.retros-gallery.com\/wp-content\/uploads\/2026\/03\/Vintage-Black-Floor-Lamp-By-Relco-Italy-1970s-500x341.jpg\" class=\"attachment-woocommerce_thumbnail size-woocommerce_thumbnail\" alt=\"1970s-italian-relco-black-floor-lamp-vintage-modern-design\" srcset=\"https:\/\/www.retros-gallery.com\/wp-content\/uploads\/2026\/03\/Vintage-Black-Floor-Lamp-By-Relco-Italy-1970s-500x341.jpg 500w, https:\/\/www.retros-gallery.com\/wp-content\/uploads\/2026\/03\/Vintage-Black-Floor-Lamp-By-Relco-Italy-1970s-18x12.jpg 18w\" sizes=\"(max-width: 500px) 100vw, 500px\" \/><h2 class=\"woocommerce-loop-product__title\">Vintage Black Floor Lamp By Relco, Italy 1970\u2019s<\/h2>\n\t<span class=\"price\"><span class=\"woocommerce-Price-amount amount\"><bdi><span class=\"woocommerce-Price-currencySymbol\">\u20ac<\/span>320<\/bdi><\/span><\/span>\n<\/a><a href=\"\/ro\/wp-json\/wp\/v2\/pages\/10?add-to-cart=10874\" aria-describedby=\"woocommerce_loop_add_to_cart_link_describedby_10874\" data-quantity=\"1\" class=\"button product_type_simple add_to_cart_button ajax_add_to_cart\" data-product_id=\"10874\" data-product_sku=\"L11\" aria-label=\"Adaug\u0103 \u00een co\u0219: &amp;lbquo;Vintage Black Floor Lamp By Relco, Italy 1970\u2019s\u201d\" rel=\"nofollow\" data-success_message=\"\u201eVintage Black Floor Lamp By Relco, Italy 1970\u2019s\u201d a fost ad\u0103ugat \u00een co\u0219\" role=\"button\" data-no-translation=\"\" data-trp-gettext=\"\" data-no-translation-aria-label=\"\" data-no-translation-data-success_message=\"\">Adaug\u0103 \u00een co\u0219<\/a>\t<span id=\"woocommerce_loop_add_to_cart_link_describedby_10874\" class=\"screen-reader-text\">\n\t\t\t<\/span>\n<div class=\"tinv-wraper woocommerce tinv-wishlist tinvwl-after-add-to-cart tinvwl-loop-button-wrapper tinvwl-woocommerce_after_shop_loop_item\"\r\n\t data-tinvwl_product_id=\"10874\">\r\n\t<a role=\"button\" tabindex=\"0\" name=\"\" aria-label=\"\" class=\"tinvwl_add_to_wishlist_button tinvwl-icon-custom no-txt loop-wish tinvwl-position-after tinvwl-loop\" data-tinv-wl-list=\"[]\" data-tinv-wl-product=\"10874\" data-tinv-wl-productvariation=\"0\" data-tinv-wl-productvariations=\"[]\" data-tinv-wl-producttype=\"simple\" data-tinv-wl-action=\"add\"><img decoding=\"async\" src=\"https:\/\/www.retros-gallery.com\/wp-content\/uploads\/2023\/03\/heart-checked.svg\" alt=\"Piesa se afl\u0103 deja \u00een lista de obiecte Preferate\" class=\"icon-already-on-wishlist\" \/> <img decoding=\"async\" src=\"https:\/\/www.retros-gallery.com\/wp-content\/uploads\/2023\/03\/heart-balck.svg\" alt=\"\" class=\"icon-add-on-wishlist\"  \/> <\/a><div class=\"tinv-wishlist-clear\"><\/div>\t\t<div\r\n\t\tclass=\"tinvwl-tooltip\"><\/div>\r\n<\/div>\r\n<\/li>\n<li class=\"product type-product post-10797 status-publish first instock product_cat-furniture product_cat-decorative-objects product_cat-vases has-post-thumbnail shipping-taxable purchasable product-type-simple\">\n\t<a href=\"https:\/\/www.retros-gallery.com\/ro\/colectii\/obiecte-decorative\/vaze\/vintage-white-bisque-porcelain-germany-1960s-set-of-2\/\" class=\"woocommerce-LoopProduct-link woocommerce-loop-product__link\"><img loading=\"lazy\" decoding=\"async\" width=\"500\" height=\"341\" src=\"https:\/\/www.retros-gallery.com\/wp-content\/uploads\/2026\/03\/german-white-bisque-porcelain-set-1960s-vintage-ceramic-500x341.jpg\" class=\"attachment-woocommerce_thumbnail size-woocommerce_thumbnail\" alt=\"german-white-bisque-porcelain-set-1960s-vintage-ceramic\" srcset=\"https:\/\/www.retros-gallery.com\/wp-content\/uploads\/2026\/03\/german-white-bisque-porcelain-set-1960s-vintage-ceramic-500x341.jpg 500w, https:\/\/www.retros-gallery.com\/wp-content\/uploads\/2026\/03\/german-white-bisque-porcelain-set-1960s-vintage-ceramic-18x12.jpg 18w\" sizes=\"(max-width: 500px) 100vw, 500px\" \/><h2 class=\"woocommerce-loop-product__title\">Vintage White Bisque Porcelain , Germany 1960\u2019s Set of 2<\/h2>\n\t<span class=\"price\"><span class=\"woocommerce-Price-amount amount\"><bdi><span class=\"woocommerce-Price-currencySymbol\">\u20ac<\/span>160<\/bdi><\/span><\/span>\n<\/a><a href=\"\/ro\/wp-json\/wp\/v2\/pages\/10?add-to-cart=10797\" aria-describedby=\"woocommerce_loop_add_to_cart_link_describedby_10797\" data-quantity=\"1\" class=\"button product_type_simple add_to_cart_button ajax_add_to_cart\" data-product_id=\"10797\" data-product_sku=\"V7\" aria-label=\"Adaug\u0103 \u00een co\u0219: &amp;lbquo;Vintage White Bisque Porcelain , Germany 1960\u2019s Set of 2\u201d\" rel=\"nofollow\" data-success_message=\"\u201eVintage White Bisque Porcelain , Germany 1960\u2019s Set of 2\u201d a fost ad\u0103ugat \u00een co\u0219\" role=\"button\" data-no-translation=\"\" data-trp-gettext=\"\" data-no-translation-aria-label=\"\" data-no-translation-data-success_message=\"\">Adaug\u0103 \u00een co\u0219<\/a>\t<span id=\"woocommerce_loop_add_to_cart_link_describedby_10797\" class=\"screen-reader-text\">\n\t\t\t<\/span>\n<div class=\"tinv-wraper woocommerce tinv-wishlist tinvwl-after-add-to-cart tinvwl-loop-button-wrapper tinvwl-woocommerce_after_shop_loop_item\"\r\n\t data-tinvwl_product_id=\"10797\">\r\n\t<a role=\"button\" tabindex=\"0\" name=\"\" aria-label=\"\" class=\"tinvwl_add_to_wishlist_button tinvwl-icon-custom no-txt loop-wish tinvwl-position-after tinvwl-loop\" data-tinv-wl-list=\"[]\" data-tinv-wl-product=\"10797\" data-tinv-wl-productvariation=\"0\" data-tinv-wl-productvariations=\"[]\" data-tinv-wl-producttype=\"simple\" data-tinv-wl-action=\"add\"><img decoding=\"async\" src=\"https:\/\/www.retros-gallery.com\/wp-content\/uploads\/2023\/03\/heart-checked.svg\" alt=\"Piesa se afl\u0103 deja \u00een lista de obiecte Preferate\" class=\"icon-already-on-wishlist\" \/> <img decoding=\"async\" src=\"https:\/\/www.retros-gallery.com\/wp-content\/uploads\/2023\/03\/heart-balck.svg\" alt=\"\" class=\"icon-add-on-wishlist\"  \/> <\/a><div class=\"tinv-wishlist-clear\"><\/div>\t\t<div\r\n\t\tclass=\"tinvwl-tooltip\"><\/div>\r\n<\/div>\r\n<\/li>\n<li class=\"product type-product post-10826 status-publish instock product_cat-furniture product_cat-lighting product_cat-table-lamps has-post-thumbnail shipping-taxable purchasable product-type-simple\">\n\t<a href=\"https:\/\/www.retros-gallery.com\/ro\/colectii\/iluminat\/lampi-de-birou\/vintage-red-and-black-hat-table-lampgermany-1970s\/\" class=\"woocommerce-LoopProduct-link woocommerce-loop-product__link\"><img loading=\"lazy\" decoding=\"async\" width=\"500\" height=\"341\" src=\"https:\/\/www.retros-gallery.com\/wp-content\/uploads\/2026\/03\/vintage-red-black-hat-table-lamp-germany-1970s-retro-lighting-500x341.jpg\" class=\"attachment-woocommerce_thumbnail size-woocommerce_thumbnail\" alt=\"vintage-red-black-hat-table-lamp-germany-1970s-retro-lighting\" srcset=\"https:\/\/www.retros-gallery.com\/wp-content\/uploads\/2026\/03\/vintage-red-black-hat-table-lamp-germany-1970s-retro-lighting-500x341.jpg 500w, https:\/\/www.retros-gallery.com\/wp-content\/uploads\/2026\/03\/vintage-red-black-hat-table-lamp-germany-1970s-retro-lighting-18x12.jpg 18w\" sizes=\"(max-width: 500px) 100vw, 500px\" \/><h2 class=\"woocommerce-loop-product__title\">Vintage Red and Black Hat Table Lamp,Germany 1970\u2019s<\/h2>\n\t<span class=\"price\"><span class=\"woocommerce-Price-amount amount\"><bdi><span class=\"woocommerce-Price-currencySymbol\">\u20ac<\/span>120<\/bdi><\/span><\/span>\n<\/a><a href=\"\/ro\/wp-json\/wp\/v2\/pages\/10?add-to-cart=10826\" aria-describedby=\"woocommerce_loop_add_to_cart_link_describedby_10826\" data-quantity=\"1\" class=\"button product_type_simple add_to_cart_button ajax_add_to_cart\" data-product_id=\"10826\" data-product_sku=\"L5\" aria-label=\"Adaug\u0103 \u00een co\u0219: &amp;lbquo;Vintage Red and Black Hat Table Lamp,Germany 1970\u2019s\u201d\" rel=\"nofollow\" data-success_message=\"\u201eVintage Red and Black Hat Table Lamp,Germany 1970\u2019s\u201d a fost ad\u0103ugat \u00een co\u0219\" role=\"button\" data-no-translation=\"\" data-trp-gettext=\"\" data-no-translation-aria-label=\"\" data-no-translation-data-success_message=\"\">Adaug\u0103 \u00een co\u0219<\/a>\t<span id=\"woocommerce_loop_add_to_cart_link_describedby_10826\" class=\"screen-reader-text\">\n\t\t\t<\/span>\n<div class=\"tinv-wraper woocommerce tinv-wishlist tinvwl-after-add-to-cart tinvwl-loop-button-wrapper tinvwl-woocommerce_after_shop_loop_item\"\r\n\t data-tinvwl_product_id=\"10826\">\r\n\t<a role=\"button\" tabindex=\"0\" name=\"\" aria-label=\"\" class=\"tinvwl_add_to_wishlist_button tinvwl-icon-custom no-txt loop-wish tinvwl-position-after tinvwl-loop\" data-tinv-wl-list=\"[]\" data-tinv-wl-product=\"10826\" data-tinv-wl-productvariation=\"0\" data-tinv-wl-productvariations=\"[]\" data-tinv-wl-producttype=\"simple\" data-tinv-wl-action=\"add\"><img decoding=\"async\" src=\"https:\/\/www.retros-gallery.com\/wp-content\/uploads\/2023\/03\/heart-checked.svg\" alt=\"Piesa se afl\u0103 deja \u00een lista de obiecte Preferate\" class=\"icon-already-on-wishlist\" \/> <img decoding=\"async\" src=\"https:\/\/www.retros-gallery.com\/wp-content\/uploads\/2023\/03\/heart-balck.svg\" alt=\"\" class=\"icon-add-on-wishlist\"  \/> <\/a><div class=\"tinv-wishlist-clear\"><\/div>\t\t<div\r\n\t\tclass=\"tinvwl-tooltip\"><\/div>\r\n<\/div>\r\n<\/li>\n<li class=\"product type-product post-10771 status-publish instock product_cat-furniture product_cat-decorative-objects product_cat-vases has-post-thumbnail shipping-taxable purchasable product-type-simple\">\n\t<a href=\"https:\/\/www.retros-gallery.com\/ro\/colectii\/obiecte-decorative\/vaze\/vintage-red-ceramic-floor-vase-germany-1970s\/\" class=\"woocommerce-LoopProduct-link woocommerce-loop-product__link\"><img loading=\"lazy\" decoding=\"async\" width=\"500\" height=\"341\" src=\"https:\/\/www.retros-gallery.com\/wp-content\/uploads\/2026\/03\/vintage-red-ceramic-floor-vase-germany-1970s-retro-decor-500x341.jpg\" class=\"attachment-woocommerce_thumbnail size-woocommerce_thumbnail\" alt=\"vintage-red-ceramic-floor-vase-germany-1970s-retro-decor\" srcset=\"https:\/\/www.retros-gallery.com\/wp-content\/uploads\/2026\/03\/vintage-red-ceramic-floor-vase-germany-1970s-retro-decor-500x341.jpg 500w, https:\/\/www.retros-gallery.com\/wp-content\/uploads\/2026\/03\/vintage-red-ceramic-floor-vase-germany-1970s-retro-decor-18x12.jpg 18w\" sizes=\"(max-width: 500px) 100vw, 500px\" \/><h2 class=\"woocommerce-loop-product__title\">Vintage Red Ceramic Floor Vase , Germany 1970\u2019s<\/h2>\n\t<span class=\"price\"><span class=\"woocommerce-Price-amount amount\"><bdi><span class=\"woocommerce-Price-currencySymbol\">\u20ac<\/span>70<\/bdi><\/span><\/span>\n<\/a><a href=\"\/ro\/wp-json\/wp\/v2\/pages\/10?add-to-cart=10771\" aria-describedby=\"woocommerce_loop_add_to_cart_link_describedby_10771\" data-quantity=\"1\" class=\"button product_type_simple add_to_cart_button ajax_add_to_cart\" data-product_id=\"10771\" data-product_sku=\"V3\" aria-label=\"Adaug\u0103 \u00een co\u0219: &amp;lbquo;Vintage Red Ceramic Floor Vase , Germany 1970\u2019s\u201d\" rel=\"nofollow\" data-success_message=\"\u201eVintage Red Ceramic Floor Vase , Germany 1970\u2019s\u201d a fost ad\u0103ugat \u00een co\u0219\" role=\"button\" data-no-translation=\"\" data-trp-gettext=\"\" data-no-translation-aria-label=\"\" data-no-translation-data-success_message=\"\">Adaug\u0103 \u00een co\u0219<\/a>\t<span id=\"woocommerce_loop_add_to_cart_link_describedby_10771\" class=\"screen-reader-text\">\n\t\t\t<\/span>\n<div class=\"tinv-wraper woocommerce tinv-wishlist tinvwl-after-add-to-cart tinvwl-loop-button-wrapper tinvwl-woocommerce_after_shop_loop_item\"\r\n\t data-tinvwl_product_id=\"10771\">\r\n\t<a role=\"button\" tabindex=\"0\" name=\"\" aria-label=\"\" class=\"tinvwl_add_to_wishlist_button tinvwl-icon-custom no-txt loop-wish tinvwl-position-after tinvwl-loop\" data-tinv-wl-list=\"[]\" data-tinv-wl-product=\"10771\" data-tinv-wl-productvariation=\"0\" data-tinv-wl-productvariations=\"[]\" data-tinv-wl-producttype=\"simple\" data-tinv-wl-action=\"add\"><img decoding=\"async\" src=\"https:\/\/www.retros-gallery.com\/wp-content\/uploads\/2023\/03\/heart-checked.svg\" alt=\"Piesa se afl\u0103 deja \u00een lista de obiecte Preferate\" class=\"icon-already-on-wishlist\" \/> <img decoding=\"async\" src=\"https:\/\/www.retros-gallery.com\/wp-content\/uploads\/2023\/03\/heart-balck.svg\" alt=\"\" class=\"icon-add-on-wishlist\"  \/> <\/a><div class=\"tinv-wishlist-clear\"><\/div>\t\t<div\r\n\t\tclass=\"tinvwl-tooltip\"><\/div>\r\n<\/div>\r\n<\/li>\n<li class=\"product type-product post-10820 status-publish last instock product_cat-furniture product_cat-lighting product_cat-table-lamps has-post-thumbnail shipping-taxable purchasable product-type-simple\">\n\t<a href=\"https:\/\/www.retros-gallery.com\/ro\/colectii\/iluminat\/lampi-de-birou\/vintage-white-and-gold-inlays-table-lamp-germany-1960s\/\" class=\"woocommerce-LoopProduct-link woocommerce-loop-product__link\"><img loading=\"lazy\" decoding=\"async\" width=\"500\" height=\"341\" src=\"https:\/\/www.retros-gallery.com\/wp-content\/uploads\/2026\/03\/vintage-white-gold-inlays-table-lamp-germany-1960s-retro-lighting-500x341.jpg\" class=\"attachment-woocommerce_thumbnail size-woocommerce_thumbnail\" alt=\"vintage-white-gold-inlays-table-lamp-germany-1960s-retro-lighting\" srcset=\"https:\/\/www.retros-gallery.com\/wp-content\/uploads\/2026\/03\/vintage-white-gold-inlays-table-lamp-germany-1960s-retro-lighting-500x341.jpg 500w, https:\/\/www.retros-gallery.com\/wp-content\/uploads\/2026\/03\/vintage-white-gold-inlays-table-lamp-germany-1960s-retro-lighting-18x12.jpg 18w\" sizes=\"(max-width: 500px) 100vw, 500px\" \/><h2 class=\"woocommerce-loop-product__title\">Vintage White and Gold Inlays Table Lamp, Germany 1960\u2019s<\/h2>\n\t<span class=\"price\"><span class=\"woocommerce-Price-amount amount\"><bdi><span class=\"woocommerce-Price-currencySymbol\">\u20ac<\/span>120<\/bdi><\/span><\/span>\n<\/a><a href=\"\/ro\/wp-json\/wp\/v2\/pages\/10?add-to-cart=10820\" aria-describedby=\"woocommerce_loop_add_to_cart_link_describedby_10820\" data-quantity=\"1\" class=\"button product_type_simple add_to_cart_button ajax_add_to_cart\" data-product_id=\"10820\" data-product_sku=\"L4\" aria-label=\"Adaug\u0103 \u00een co\u0219: &amp;lbquo;Vintage White and Gold Inlays Table Lamp, Germany 1960\u2019s\u201d\" rel=\"nofollow\" data-success_message=\"\u201eVintage White and Gold Inlays Table Lamp, Germany 1960\u2019s\u201d a fost ad\u0103ugat \u00een co\u0219\" role=\"button\" data-no-translation=\"\" data-trp-gettext=\"\" data-no-translation-aria-label=\"\" data-no-translation-data-success_message=\"\">Adaug\u0103 \u00een co\u0219<\/a>\t<span id=\"woocommerce_loop_add_to_cart_link_describedby_10820\" class=\"screen-reader-text\">\n\t\t\t<\/span>\n<div class=\"tinv-wraper woocommerce tinv-wishlist tinvwl-after-add-to-cart tinvwl-loop-button-wrapper tinvwl-woocommerce_after_shop_loop_item\"\r\n\t data-tinvwl_product_id=\"10820\">\r\n\t<a role=\"button\" tabindex=\"0\" name=\"\" aria-label=\"\" class=\"tinvwl_add_to_wishlist_button tinvwl-icon-custom no-txt loop-wish tinvwl-position-after tinvwl-loop\" data-tinv-wl-list=\"[]\" data-tinv-wl-product=\"10820\" data-tinv-wl-productvariation=\"0\" data-tinv-wl-productvariations=\"[]\" data-tinv-wl-producttype=\"simple\" data-tinv-wl-action=\"add\"><img decoding=\"async\" src=\"https:\/\/www.retros-gallery.com\/wp-content\/uploads\/2023\/03\/heart-checked.svg\" alt=\"Piesa se afl\u0103 deja \u00een lista de obiecte Preferate\" class=\"icon-already-on-wishlist\" \/> <img decoding=\"async\" src=\"https:\/\/www.retros-gallery.com\/wp-content\/uploads\/2023\/03\/heart-balck.svg\" alt=\"\" class=\"icon-add-on-wishlist\"  \/> <\/a><div class=\"tinv-wishlist-clear\"><\/div>\t\t<div\r\n\t\tclass=\"tinvwl-tooltip\"><\/div>\r\n<\/div>\r\n<\/li>\n<li class=\"product type-product post-10792 status-publish first instock product_cat-furniture product_cat-lighting product_cat-table-lamps has-post-thumbnail shipping-taxable purchasable product-type-simple\">\n\t<a href=\"https:\/\/www.retros-gallery.com\/ro\/colectii\/iluminat\/lampi-de-birou\/vintage-model-14-table-lamp-by-temde-leuchten-switzerland-1960s\/\" class=\"woocommerce-LoopProduct-link woocommerce-loop-product__link\"><img loading=\"lazy\" decoding=\"async\" width=\"500\" height=\"341\" src=\"https:\/\/www.retros-gallery.com\/wp-content\/uploads\/2026\/03\/vintage-model-14-table-lamp-temde-leuchten-switzerland-1960s-500x341.jpg\" class=\"attachment-woocommerce_thumbnail size-woocommerce_thumbnail\" alt=\"vintage-model-14-table-lamp-temde-leuchten-switzerland-1960s\" srcset=\"https:\/\/www.retros-gallery.com\/wp-content\/uploads\/2026\/03\/vintage-model-14-table-lamp-temde-leuchten-switzerland-1960s-500x341.jpg 500w, https:\/\/www.retros-gallery.com\/wp-content\/uploads\/2026\/03\/vintage-model-14-table-lamp-temde-leuchten-switzerland-1960s-18x12.jpg 18w\" sizes=\"(max-width: 500px) 100vw, 500px\" \/><h2 class=\"woocommerce-loop-product__title\">Vintage  Model 14 table lamp by Temde Leuchten, Switzerland, 1960&#8217;s<\/h2>\n\t<span class=\"price\"><span class=\"woocommerce-Price-amount amount\"><bdi><span class=\"woocommerce-Price-currencySymbol\">\u20ac<\/span>300<\/bdi><\/span><\/span>\n<\/a><a href=\"\/ro\/wp-json\/wp\/v2\/pages\/10?add-to-cart=10792\" aria-describedby=\"woocommerce_loop_add_to_cart_link_describedby_10792\" data-quantity=\"1\" class=\"button product_type_simple add_to_cart_button ajax_add_to_cart\" data-product_id=\"10792\" data-product_sku=\"L3\" aria-label=\"Adaug\u0103 \u00een co\u0219: &amp;lbquo;Vintage  Model 14 table lamp by Temde Leuchten, Switzerland, 1960&#039;s\u201d\" rel=\"nofollow\" data-success_message=\"\u201eVintage  Model 14 table lamp by Temde Leuchten, Switzerland, 1960&#039;s\u201d a fost ad\u0103ugat \u00een co\u0219\" role=\"button\" data-no-translation=\"\" data-trp-gettext=\"\" data-no-translation-aria-label=\"\" data-no-translation-data-success_message=\"\">Adaug\u0103 \u00een co\u0219<\/a>\t<span id=\"woocommerce_loop_add_to_cart_link_describedby_10792\" class=\"screen-reader-text\">\n\t\t\t<\/span>\n<div class=\"tinv-wraper woocommerce tinv-wishlist tinvwl-after-add-to-cart tinvwl-loop-button-wrapper tinvwl-woocommerce_after_shop_loop_item\"\r\n\t data-tinvwl_product_id=\"10792\">\r\n\t<a role=\"button\" tabindex=\"0\" name=\"\" aria-label=\"\" class=\"tinvwl_add_to_wishlist_button tinvwl-icon-custom no-txt loop-wish tinvwl-position-after tinvwl-loop\" data-tinv-wl-list=\"[]\" data-tinv-wl-product=\"10792\" data-tinv-wl-productvariation=\"0\" data-tinv-wl-productvariations=\"[]\" data-tinv-wl-producttype=\"simple\" data-tinv-wl-action=\"add\"><img decoding=\"async\" src=\"https:\/\/www.retros-gallery.com\/wp-content\/uploads\/2023\/03\/heart-checked.svg\" alt=\"Piesa se afl\u0103 deja \u00een lista de obiecte Preferate\" class=\"icon-already-on-wishlist\" \/> <img decoding=\"async\" src=\"https:\/\/www.retros-gallery.com\/wp-content\/uploads\/2023\/03\/heart-balck.svg\" alt=\"\" class=\"icon-add-on-wishlist\"  \/> <\/a><div class=\"tinv-wishlist-clear\"><\/div>\t\t<div\r\n\t\tclass=\"tinvwl-tooltip\"><\/div>\r\n<\/div>\r\n<\/li>\n<li class=\"product type-product post-10815 status-publish instock product_cat-furniture product_cat-decorative-objects product_cat-vases has-post-thumbnail shipping-taxable purchasable product-type-simple\">\n\t<a href=\"https:\/\/www.retros-gallery.com\/ro\/colectii\/obiecte-decorative\/vaze\/vintage-scheurich-mid-century-x-tall-chocolate-brown-tan-lava-bottle-vase-germany-1970s\/\" class=\"woocommerce-LoopProduct-link woocommerce-loop-product__link\"><img loading=\"lazy\" decoding=\"async\" width=\"500\" height=\"341\" src=\"https:\/\/www.retros-gallery.com\/wp-content\/uploads\/2026\/03\/1970s-germany-scheurich-mid-century-x-tall-chocolate-tan-lava-vase-500x341.jpg\" class=\"attachment-woocommerce_thumbnail size-woocommerce_thumbnail\" alt=\"1970s-germany-scheurich-mid-century-x-tall-chocolate-tan-lava-vase\" srcset=\"https:\/\/www.retros-gallery.com\/wp-content\/uploads\/2026\/03\/1970s-germany-scheurich-mid-century-x-tall-chocolate-tan-lava-vase-500x341.jpg 500w, https:\/\/www.retros-gallery.com\/wp-content\/uploads\/2026\/03\/1970s-germany-scheurich-mid-century-x-tall-chocolate-tan-lava-vase-18x12.jpg 18w\" sizes=\"(max-width: 500px) 100vw, 500px\" \/><h2 class=\"woocommerce-loop-product__title\">Vintage Scheurich Mid Century X-Tall Chocolate Brown &amp; Tan Lava Bottle Vase ,Germany 1970\u2019s<\/h2>\n\t<span class=\"price\"><span class=\"woocommerce-Price-amount amount\"><bdi><span class=\"woocommerce-Price-currencySymbol\">\u20ac<\/span>100<\/bdi><\/span><\/span>\n<\/a><a href=\"\/ro\/wp-json\/wp\/v2\/pages\/10?add-to-cart=10815\" aria-describedby=\"woocommerce_loop_add_to_cart_link_describedby_10815\" data-quantity=\"1\" class=\"button product_type_simple add_to_cart_button ajax_add_to_cart\" data-product_id=\"10815\" data-product_sku=\"V10\" aria-label=\"Adaug\u0103 \u00een co\u0219: &amp;lbquo;Vintage Scheurich Mid Century X-Tall Chocolate Brown &amp; Tan Lava Bottle Vase ,Germany 1970\u2019s\u201d\" rel=\"nofollow\" data-success_message=\"\u201eVintage Scheurich Mid Century X-Tall Chocolate Brown &amp; Tan Lava Bottle Vase ,Germany 1970\u2019s\u201d a fost ad\u0103ugat \u00een co\u0219\" role=\"button\" data-no-translation=\"\" data-trp-gettext=\"\" data-no-translation-aria-label=\"\" data-no-translation-data-success_message=\"\">Adaug\u0103 \u00een co\u0219<\/a>\t<span id=\"woocommerce_loop_add_to_cart_link_describedby_10815\" class=\"screen-reader-text\">\n\t\t\t<\/span>\n<div class=\"tinv-wraper woocommerce tinv-wishlist tinvwl-after-add-to-cart tinvwl-loop-button-wrapper tinvwl-woocommerce_after_shop_loop_item\"\r\n\t data-tinvwl_product_id=\"10815\">\r\n\t<a role=\"button\" tabindex=\"0\" name=\"\" aria-label=\"\" class=\"tinvwl_add_to_wishlist_button tinvwl-icon-custom no-txt loop-wish tinvwl-position-after tinvwl-loop\" data-tinv-wl-list=\"[]\" data-tinv-wl-product=\"10815\" data-tinv-wl-productvariation=\"0\" data-tinv-wl-productvariations=\"[]\" data-tinv-wl-producttype=\"simple\" data-tinv-wl-action=\"add\"><img decoding=\"async\" src=\"https:\/\/www.retros-gallery.com\/wp-content\/uploads\/2023\/03\/heart-checked.svg\" alt=\"Piesa se afl\u0103 deja \u00een lista de obiecte Preferate\" class=\"icon-already-on-wishlist\" \/> <img decoding=\"async\" src=\"https:\/\/www.retros-gallery.com\/wp-content\/uploads\/2023\/03\/heart-balck.svg\" alt=\"\" class=\"icon-add-on-wishlist\"  \/> <\/a><div class=\"tinv-wishlist-clear\"><\/div>\t\t<div\r\n\t\tclass=\"tinvwl-tooltip\"><\/div>\r\n<\/div>\r\n<\/li>\n<li class=\"product type-product post-10844 status-publish instock product_cat-furniture product_cat-lighting product_cat-table-lamps has-post-thumbnail shipping-taxable purchasable product-type-simple\">\n\t<a href=\"https:\/\/www.retros-gallery.com\/ro\/colectii\/iluminat\/lampi-de-birou\/vintage-table-lamp-in-fabric-and-brass-germany-1970s\/\" class=\"woocommerce-LoopProduct-link woocommerce-loop-product__link\"><img loading=\"lazy\" decoding=\"async\" width=\"500\" height=\"341\" src=\"https:\/\/www.retros-gallery.com\/wp-content\/uploads\/2026\/03\/vintage-table-lamp-fabric-brass-germany-1970s-mid-century-500x341.jpg\" class=\"attachment-woocommerce_thumbnail size-woocommerce_thumbnail\" alt=\"vintage-table-lamp-fabric-brass-germany-1970s-mid-century\" srcset=\"https:\/\/www.retros-gallery.com\/wp-content\/uploads\/2026\/03\/vintage-table-lamp-fabric-brass-germany-1970s-mid-century-500x341.jpg 500w, https:\/\/www.retros-gallery.com\/wp-content\/uploads\/2026\/03\/vintage-table-lamp-fabric-brass-germany-1970s-mid-century-18x12.jpg 18w\" sizes=\"(max-width: 500px) 100vw, 500px\" \/><h2 class=\"woocommerce-loop-product__title\">Vintage Table Lamp In Fabric And Brass, Germany 1970\u2019s<\/h2>\n\t<span class=\"price\"><span class=\"woocommerce-Price-amount amount\"><bdi><span class=\"woocommerce-Price-currencySymbol\">\u20ac<\/span>160<\/bdi><\/span><\/span>\n<\/a><a href=\"\/ro\/wp-json\/wp\/v2\/pages\/10?add-to-cart=10844\" aria-describedby=\"woocommerce_loop_add_to_cart_link_describedby_10844\" data-quantity=\"1\" class=\"button product_type_simple add_to_cart_button ajax_add_to_cart\" data-product_id=\"10844\" data-product_sku=\"L8\" aria-label=\"Adaug\u0103 \u00een co\u0219: &amp;lbquo;Vintage Table Lamp In Fabric And Brass, Germany 1970\u2019s\u201d\" rel=\"nofollow\" data-success_message=\"\u201eVintage Table Lamp In Fabric And Brass, Germany 1970\u2019s\u201d a fost ad\u0103ugat \u00een co\u0219\" role=\"button\" data-no-translation=\"\" data-trp-gettext=\"\" data-no-translation-aria-label=\"\" data-no-translation-data-success_message=\"\">Adaug\u0103 \u00een co\u0219<\/a>\t<span id=\"woocommerce_loop_add_to_cart_link_describedby_10844\" class=\"screen-reader-text\">\n\t\t\t<\/span>\n<div class=\"tinv-wraper woocommerce tinv-wishlist tinvwl-after-add-to-cart tinvwl-loop-button-wrapper tinvwl-woocommerce_after_shop_loop_item\"\r\n\t data-tinvwl_product_id=\"10844\">\r\n\t<a role=\"button\" tabindex=\"0\" name=\"\" aria-label=\"\" class=\"tinvwl_add_to_wishlist_button tinvwl-icon-custom no-txt loop-wish tinvwl-position-after tinvwl-loop\" data-tinv-wl-list=\"[]\" data-tinv-wl-product=\"10844\" data-tinv-wl-productvariation=\"0\" data-tinv-wl-productvariations=\"[]\" data-tinv-wl-producttype=\"simple\" data-tinv-wl-action=\"add\"><img decoding=\"async\" src=\"https:\/\/www.retros-gallery.com\/wp-content\/uploads\/2023\/03\/heart-checked.svg\" alt=\"Piesa se afl\u0103 deja \u00een lista de obiecte Preferate\" class=\"icon-already-on-wishlist\" \/> <img decoding=\"async\" src=\"https:\/\/www.retros-gallery.com\/wp-content\/uploads\/2023\/03\/heart-balck.svg\" alt=\"\" class=\"icon-add-on-wishlist\"  \/> <\/a><div class=\"tinv-wishlist-clear\"><\/div>\t\t<div\r\n\t\tclass=\"tinvwl-tooltip\"><\/div>\r\n<\/div>\r\n<\/li>\n<li class=\"product type-product post-10703 status-publish last instock product_cat-dining-tables product_cat-furniture has-post-thumbnail shipping-taxable purchasable product-type-simple\">\n\t<a href=\"https:\/\/www.retros-gallery.com\/ro\/colectii\/mobilier\/mese-dining\/vintage-italian-squre-dining-table-in-burl-elm-by-alberto-smania-for-studio-smania-interni-italy-1960s\/\" class=\"woocommerce-LoopProduct-link woocommerce-loop-product__link\"><img loading=\"lazy\" decoding=\"async\" width=\"500\" height=\"341\" src=\"https:\/\/www.retros-gallery.com\/wp-content\/uploads\/2026\/02\/alberto-smania-vintage-italian-dining-table-burl-elm-1960s-studio-smania-500x341.jpg\" class=\"attachment-woocommerce_thumbnail size-woocommerce_thumbnail\" alt=\"alberto-smania-vintage-italian-dining-table-burl-elm-1960s-studio-smania\" srcset=\"https:\/\/www.retros-gallery.com\/wp-content\/uploads\/2026\/02\/alberto-smania-vintage-italian-dining-table-burl-elm-1960s-studio-smania-500x341.jpg 500w, https:\/\/www.retros-gallery.com\/wp-content\/uploads\/2026\/02\/alberto-smania-vintage-italian-dining-table-burl-elm-1960s-studio-smania-18x12.jpg 18w\" sizes=\"(max-width: 500px) 100vw, 500px\" \/><h2 class=\"woocommerce-loop-product__title\">Vintage Italian Squre Dining Table In Burl Elm, by Alberto Smania for Studio Smania Interni, Italy 1960\u2019s<\/h2>\n\t<span class=\"price\"><span class=\"woocommerce-Price-amount amount\"><bdi><span class=\"woocommerce-Price-currencySymbol\">\u20ac<\/span>1.000<\/bdi><\/span><\/span>\n<\/a><a href=\"\/ro\/wp-json\/wp\/v2\/pages\/10?add-to-cart=10703\" aria-describedby=\"woocommerce_loop_add_to_cart_link_describedby_10703\" data-quantity=\"1\" class=\"button product_type_simple add_to_cart_button ajax_add_to_cart\" data-product_id=\"10703\" data-product_sku=\"IN811\" aria-label=\"Adaug\u0103 \u00een co\u0219: &amp;lbquo;Vintage Italian Squre Dining Table In Burl Elm, by Alberto Smania for Studio Smania Interni, Italy 1960\u2019s\u201d\" rel=\"nofollow\" data-success_message=\"\u201eVintage Italian Squre Dining Table In Burl Elm, by Alberto Smania for Studio Smania Interni, Italy 1960\u2019s\u201d a fost ad\u0103ugat \u00een co\u0219\" role=\"button\" data-no-translation=\"\" data-trp-gettext=\"\" data-no-translation-aria-label=\"\" data-no-translation-data-success_message=\"\">Adaug\u0103 \u00een co\u0219<\/a>\t<span id=\"woocommerce_loop_add_to_cart_link_describedby_10703\" class=\"screen-reader-text\">\n\t\t\t<\/span>\n<div class=\"tinv-wraper woocommerce tinv-wishlist tinvwl-after-add-to-cart tinvwl-loop-button-wrapper tinvwl-woocommerce_after_shop_loop_item\"\r\n\t data-tinvwl_product_id=\"10703\">\r\n\t<a role=\"button\" tabindex=\"0\" name=\"\" aria-label=\"\" class=\"tinvwl_add_to_wishlist_button tinvwl-icon-custom no-txt loop-wish tinvwl-position-after tinvwl-loop\" data-tinv-wl-list=\"[]\" data-tinv-wl-product=\"10703\" data-tinv-wl-productvariation=\"0\" data-tinv-wl-productvariations=\"[]\" data-tinv-wl-producttype=\"simple\" data-tinv-wl-action=\"add\"><img decoding=\"async\" src=\"https:\/\/www.retros-gallery.com\/wp-content\/uploads\/2023\/03\/heart-checked.svg\" alt=\"Piesa se afl\u0103 deja \u00een lista de obiecte Preferate\" class=\"icon-already-on-wishlist\" \/> <img decoding=\"async\" src=\"https:\/\/www.retros-gallery.com\/wp-content\/uploads\/2023\/03\/heart-balck.svg\" alt=\"\" class=\"icon-add-on-wishlist\"  \/> <\/a><div class=\"tinv-wishlist-clear\"><\/div>\t\t<div\r\n\t\tclass=\"tinvwl-tooltip\"><\/div>\r\n<\/div>\r\n<\/li>\n<li class=\"product type-product post-10694 status-publish first instock product_cat-coffee-tables product_cat-furniture has-post-thumbnail shipping-taxable purchasable product-type-simple\">\n\t<a href=\"https:\/\/www.retros-gallery.com\/ro\/colectii\/mobilier\/masute-de-cafea\/vintage-bronze-and-glass-big-coffe-table-by-peter-ghyczy-germany-1970s\/\" class=\"woocommerce-LoopProduct-link woocommerce-loop-product__link\"><img loading=\"lazy\" decoding=\"async\" width=\"500\" height=\"341\" src=\"https:\/\/www.retros-gallery.com\/wp-content\/uploads\/2026\/02\/vintage-bronze-glass-big-coffee-table-peter-ghyczy-germany-1970s-500x341.jpg\" class=\"attachment-woocommerce_thumbnail size-woocommerce_thumbnail\" alt=\"vintage-bronze-glass-big-coffee-table-peter-ghyczy-germany-1970s\" srcset=\"https:\/\/www.retros-gallery.com\/wp-content\/uploads\/2026\/02\/vintage-bronze-glass-big-coffee-table-peter-ghyczy-germany-1970s-500x341.jpg 500w, https:\/\/www.retros-gallery.com\/wp-content\/uploads\/2026\/02\/vintage-bronze-glass-big-coffee-table-peter-ghyczy-germany-1970s-18x12.jpg 18w\" sizes=\"(max-width: 500px) 100vw, 500px\" \/><h2 class=\"woocommerce-loop-product__title\">Vintage Bronze and Glass Big Coffee  Table By Peter Ghyczy, Germany 1970\u2019s<\/h2>\n\t<span class=\"price\"><span class=\"woocommerce-Price-amount amount\"><bdi><span class=\"woocommerce-Price-currencySymbol\">\u20ac<\/span>700<\/bdi><\/span><\/span>\n<\/a><a href=\"\/ro\/wp-json\/wp\/v2\/pages\/10?add-to-cart=10694\" aria-describedby=\"woocommerce_loop_add_to_cart_link_describedby_10694\" data-quantity=\"1\" class=\"button product_type_simple add_to_cart_button ajax_add_to_cart\" data-product_id=\"10694\" data-product_sku=\"INV834\" aria-label=\"Adaug\u0103 \u00een co\u0219: &amp;lbquo;Vintage Bronze and Glass Big Coffee  Table By Peter Ghyczy, Germany 1970\u2019s\u201d\" rel=\"nofollow\" data-success_message=\"\u201eVintage Bronze and Glass Big Coffee  Table By Peter Ghyczy, Germany 1970\u2019s\u201d a fost ad\u0103ugat \u00een co\u0219\" role=\"button\" data-no-translation=\"\" data-trp-gettext=\"\" data-no-translation-aria-label=\"\" data-no-translation-data-success_message=\"\">Adaug\u0103 \u00een co\u0219<\/a>\t<span id=\"woocommerce_loop_add_to_cart_link_describedby_10694\" class=\"screen-reader-text\">\n\t\t\t<\/span>\n<div class=\"tinv-wraper woocommerce tinv-wishlist tinvwl-after-add-to-cart tinvwl-loop-button-wrapper tinvwl-woocommerce_after_shop_loop_item\"\r\n\t data-tinvwl_product_id=\"10694\">\r\n\t<a role=\"button\" tabindex=\"0\" name=\"\" aria-label=\"\" class=\"tinvwl_add_to_wishlist_button tinvwl-icon-custom no-txt loop-wish tinvwl-position-after tinvwl-loop\" data-tinv-wl-list=\"[]\" data-tinv-wl-product=\"10694\" data-tinv-wl-productvariation=\"0\" data-tinv-wl-productvariations=\"[]\" data-tinv-wl-producttype=\"simple\" data-tinv-wl-action=\"add\"><img decoding=\"async\" src=\"https:\/\/www.retros-gallery.com\/wp-content\/uploads\/2023\/03\/heart-checked.svg\" alt=\"Piesa se afl\u0103 deja \u00een lista de obiecte Preferate\" class=\"icon-already-on-wishlist\" \/> <img decoding=\"async\" src=\"https:\/\/www.retros-gallery.com\/wp-content\/uploads\/2023\/03\/heart-balck.svg\" alt=\"\" class=\"icon-add-on-wishlist\"  \/> <\/a><div class=\"tinv-wishlist-clear\"><\/div>\t\t<div\r\n\t\tclass=\"tinvwl-tooltip\"><\/div>\r\n<\/div>\r\n<\/li>\n<li class=\"product type-product post-10686 status-publish instock product_cat-cabinets product_cat-furniture has-post-thumbnail shipping-taxable purchasable product-type-simple\">\n\t<a href=\"https:\/\/www.retros-gallery.com\/ro\/colectii\/mobilier\/cabine\/vintage-memphis-small-display-cabinet-italy-1980s\/\" class=\"woocommerce-LoopProduct-link woocommerce-loop-product__link\"><img loading=\"lazy\" decoding=\"async\" width=\"500\" height=\"341\" src=\"https:\/\/www.retros-gallery.com\/wp-content\/uploads\/2026\/02\/retro-memphis-small-display-cabinet-italy-1980s-500x341.jpg\" class=\"attachment-woocommerce_thumbnail size-woocommerce_thumbnail\" alt=\"retro-memphis-small-display-cabinet-italy-1980s\" srcset=\"https:\/\/www.retros-gallery.com\/wp-content\/uploads\/2026\/02\/retro-memphis-small-display-cabinet-italy-1980s-500x341.jpg 500w, https:\/\/www.retros-gallery.com\/wp-content\/uploads\/2026\/02\/retro-memphis-small-display-cabinet-italy-1980s-18x12.jpg 18w\" sizes=\"(max-width: 500px) 100vw, 500px\" \/><h2 class=\"woocommerce-loop-product__title\">Vintage Memphis Small Display Cabinet, Italy, 1980\u2019s<\/h2>\n\t<span class=\"price\"><span class=\"woocommerce-Price-amount amount\"><bdi><span class=\"woocommerce-Price-currencySymbol\">\u20ac<\/span>240<\/bdi><\/span><\/span>\n<\/a><a href=\"\/ro\/wp-json\/wp\/v2\/pages\/10?add-to-cart=10686\" aria-describedby=\"woocommerce_loop_add_to_cart_link_describedby_10686\" data-quantity=\"1\" class=\"button product_type_simple add_to_cart_button ajax_add_to_cart\" data-product_id=\"10686\" data-product_sku=\"INV817\" aria-label=\"Adaug\u0103 \u00een co\u0219: &amp;lbquo;Vintage Memphis Small Display Cabinet, Italy, 1980\u2019s\u201d\" rel=\"nofollow\" data-success_message=\"\u201eVintage Memphis Small Display Cabinet, Italy, 1980\u2019s\u201d a fost ad\u0103ugat \u00een co\u0219\" role=\"button\" data-no-translation=\"\" data-trp-gettext=\"\" data-no-translation-aria-label=\"\" data-no-translation-data-success_message=\"\">Adaug\u0103 \u00een co\u0219<\/a>\t<span id=\"woocommerce_loop_add_to_cart_link_describedby_10686\" class=\"screen-reader-text\">\n\t\t\t<\/span>\n<div class=\"tinv-wraper woocommerce tinv-wishlist tinvwl-after-add-to-cart tinvwl-loop-button-wrapper tinvwl-woocommerce_after_shop_loop_item\"\r\n\t data-tinvwl_product_id=\"10686\">\r\n\t<a role=\"button\" tabindex=\"0\" name=\"\" aria-label=\"\" class=\"tinvwl_add_to_wishlist_button tinvwl-icon-custom no-txt loop-wish tinvwl-position-after tinvwl-loop\" data-tinv-wl-list=\"[]\" data-tinv-wl-product=\"10686\" data-tinv-wl-productvariation=\"0\" data-tinv-wl-productvariations=\"[]\" data-tinv-wl-producttype=\"simple\" data-tinv-wl-action=\"add\"><img decoding=\"async\" src=\"https:\/\/www.retros-gallery.com\/wp-content\/uploads\/2023\/03\/heart-checked.svg\" alt=\"Piesa se afl\u0103 deja \u00een lista de obiecte Preferate\" class=\"icon-already-on-wishlist\" \/> <img decoding=\"async\" src=\"https:\/\/www.retros-gallery.com\/wp-content\/uploads\/2023\/03\/heart-balck.svg\" alt=\"\" class=\"icon-add-on-wishlist\"  \/> <\/a><div class=\"tinv-wishlist-clear\"><\/div>\t\t<div\r\n\t\tclass=\"tinvwl-tooltip\"><\/div>\r\n<\/div>\r\n<\/li>\n<li class=\"product type-product post-10681 status-publish instock product_cat-coffee-tables product_cat-furniture has-post-thumbnail shipping-taxable purchasable product-type-simple\">\n\t<a href=\"https:\/\/www.retros-gallery.com\/ro\/colectii\/mobilier\/masute-de-cafea\/vintage-marble-base-coffe-table-by-vico-magistretti-for-cattelan-italy-1980s-2\/\" class=\"woocommerce-LoopProduct-link woocommerce-loop-product__link\"><img loading=\"lazy\" decoding=\"async\" width=\"500\" height=\"341\" src=\"https:\/\/www.retros-gallery.com\/wp-content\/uploads\/2026\/02\/vintage-marble-base-coffee-table-vico-magistretti-cattelan-italy-1980s-500x341.jpg\" class=\"attachment-woocommerce_thumbnail size-woocommerce_thumbnail\" alt=\"vintage-marble-base-coffee-table-vico-magistretti-cattelan-italy-1980s\" srcset=\"https:\/\/www.retros-gallery.com\/wp-content\/uploads\/2026\/02\/vintage-marble-base-coffee-table-vico-magistretti-cattelan-italy-1980s-500x341.jpg 500w, https:\/\/www.retros-gallery.com\/wp-content\/uploads\/2026\/02\/vintage-marble-base-coffee-table-vico-magistretti-cattelan-italy-1980s-18x12.jpg 18w\" sizes=\"(max-width: 500px) 100vw, 500px\" \/><h2 class=\"woocommerce-loop-product__title\">Vintage Marble Base Coffee Table By Vico Magistretti For Cattelan , Italy 1980\u2019s<\/h2>\n\t<span class=\"price\"><span class=\"woocommerce-Price-amount amount\"><bdi><span class=\"woocommerce-Price-currencySymbol\">\u20ac<\/span>400<\/bdi><\/span><\/span>\n<\/a><a href=\"\/ro\/wp-json\/wp\/v2\/pages\/10?add-to-cart=10681\" aria-describedby=\"woocommerce_loop_add_to_cart_link_describedby_10681\" data-quantity=\"1\" class=\"button product_type_simple add_to_cart_button ajax_add_to_cart\" data-product_id=\"10681\" data-product_sku=\"COF0625VC02\" aria-label=\"Adaug\u0103 \u00een co\u0219: &amp;lbquo;Vintage Marble Base Coffee Table By Vico Magistretti For Cattelan , Italy 1980\u2019s\u201d\" rel=\"nofollow\" data-success_message=\"\u201eVintage Marble Base Coffee Table By Vico Magistretti For Cattelan , Italy 1980\u2019s\u201d a fost ad\u0103ugat \u00een co\u0219\" role=\"button\" data-no-translation=\"\" data-trp-gettext=\"\" data-no-translation-aria-label=\"\" data-no-translation-data-success_message=\"\">Adaug\u0103 \u00een co\u0219<\/a>\t<span id=\"woocommerce_loop_add_to_cart_link_describedby_10681\" class=\"screen-reader-text\">\n\t\t\t<\/span>\n<div class=\"tinv-wraper woocommerce tinv-wishlist tinvwl-after-add-to-cart tinvwl-loop-button-wrapper tinvwl-woocommerce_after_shop_loop_item\"\r\n\t data-tinvwl_product_id=\"10681\">\r\n\t<a role=\"button\" tabindex=\"0\" name=\"\" aria-label=\"\" class=\"tinvwl_add_to_wishlist_button tinvwl-icon-custom no-txt loop-wish tinvwl-position-after tinvwl-loop\" data-tinv-wl-list=\"[]\" data-tinv-wl-product=\"10681\" data-tinv-wl-productvariation=\"0\" data-tinv-wl-productvariations=\"[]\" data-tinv-wl-producttype=\"simple\" data-tinv-wl-action=\"add\"><img decoding=\"async\" src=\"https:\/\/www.retros-gallery.com\/wp-content\/uploads\/2023\/03\/heart-checked.svg\" alt=\"Piesa se afl\u0103 deja \u00een lista de obiecte Preferate\" class=\"icon-already-on-wishlist\" \/> <img decoding=\"async\" src=\"https:\/\/www.retros-gallery.com\/wp-content\/uploads\/2023\/03\/heart-balck.svg\" alt=\"\" class=\"icon-add-on-wishlist\"  \/> <\/a><div class=\"tinv-wishlist-clear\"><\/div>\t\t<div\r\n\t\tclass=\"tinvwl-tooltip\"><\/div>\r\n<\/div>\r\n<\/li>\n<li class=\"product type-product post-10675 status-publish last instock product_cat-coffee-tables product_cat-furniture has-post-thumbnail shipping-taxable purchasable product-type-simple\">\n\t<a href=\"https:\/\/www.retros-gallery.com\/ro\/colectii\/mobilier\/masute-de-cafea\/vintage-marble-base-coffe-table-by-vico-magistretti-for-cattelan-italy-1980s\/\" class=\"woocommerce-LoopProduct-link woocommerce-loop-product__link\"><img loading=\"lazy\" decoding=\"async\" width=\"500\" height=\"341\" src=\"https:\/\/www.retros-gallery.com\/wp-content\/uploads\/2026\/02\/vintage-marble-base-coffee-table-vico-magistretti-cattelan-italy-1980s-1-500x341.jpg\" class=\"attachment-woocommerce_thumbnail size-woocommerce_thumbnail\" alt=\"vintage-marble-base-coffee-table-vico-magistretti-cattelan-italy-1980s\" srcset=\"https:\/\/www.retros-gallery.com\/wp-content\/uploads\/2026\/02\/vintage-marble-base-coffee-table-vico-magistretti-cattelan-italy-1980s-1-500x341.jpg 500w, https:\/\/www.retros-gallery.com\/wp-content\/uploads\/2026\/02\/vintage-marble-base-coffee-table-vico-magistretti-cattelan-italy-1980s-1-18x12.jpg 18w\" sizes=\"(max-width: 500px) 100vw, 500px\" \/><h2 class=\"woocommerce-loop-product__title\">Vintage Marble Base Coffee Table By Vico Magistretti For Cattelan , Italy 1980\u2019s<\/h2>\n\t<span class=\"price\"><span class=\"woocommerce-Price-amount amount\"><bdi><span class=\"woocommerce-Price-currencySymbol\">\u20ac<\/span>400<\/bdi><\/span><\/span>\n<\/a><a href=\"\/ro\/wp-json\/wp\/v2\/pages\/10?add-to-cart=10675\" aria-describedby=\"woocommerce_loop_add_to_cart_link_describedby_10675\" data-quantity=\"1\" class=\"button product_type_simple add_to_cart_button ajax_add_to_cart\" data-product_id=\"10675\" data-product_sku=\"COF0625VC02a\" aria-label=\"Adaug\u0103 \u00een co\u0219: &amp;lbquo;Vintage Marble Base Coffee Table By Vico Magistretti For Cattelan , Italy 1980\u2019s\u201d\" rel=\"nofollow\" data-success_message=\"\u201eVintage Marble Base Coffee Table By Vico Magistretti For Cattelan , Italy 1980\u2019s\u201d a fost ad\u0103ugat \u00een co\u0219\" role=\"button\" data-no-translation=\"\" data-trp-gettext=\"\" data-no-translation-aria-label=\"\" data-no-translation-data-success_message=\"\">Adaug\u0103 \u00een co\u0219<\/a>\t<span id=\"woocommerce_loop_add_to_cart_link_describedby_10675\" class=\"screen-reader-text\">\n\t\t\t<\/span>\n<div class=\"tinv-wraper woocommerce tinv-wishlist tinvwl-after-add-to-cart tinvwl-loop-button-wrapper tinvwl-woocommerce_after_shop_loop_item\"\r\n\t data-tinvwl_product_id=\"10675\">\r\n\t<a role=\"button\" tabindex=\"0\" name=\"\" aria-label=\"\" class=\"tinvwl_add_to_wishlist_button tinvwl-icon-custom no-txt loop-wish tinvwl-position-after tinvwl-loop\" data-tinv-wl-list=\"[]\" data-tinv-wl-product=\"10675\" data-tinv-wl-productvariation=\"0\" data-tinv-wl-productvariations=\"[]\" data-tinv-wl-producttype=\"simple\" data-tinv-wl-action=\"add\"><img decoding=\"async\" src=\"https:\/\/www.retros-gallery.com\/wp-content\/uploads\/2023\/03\/heart-checked.svg\" alt=\"Piesa se afl\u0103 deja \u00een lista de obiecte Preferate\" class=\"icon-already-on-wishlist\" \/> <img decoding=\"async\" src=\"https:\/\/www.retros-gallery.com\/wp-content\/uploads\/2023\/03\/heart-balck.svg\" alt=\"\" class=\"icon-add-on-wishlist\"  \/> <\/a><div class=\"tinv-wishlist-clear\"><\/div>\t\t<div\r\n\t\tclass=\"tinvwl-tooltip\"><\/div>\r\n<\/div>\r\n<\/li>\n<\/ul>\n<nav class=\"woocommerce-pagination\" aria-label=\"Pagina\u021bie produse\" data-no-translation-aria-label=\"\">\n\t<ul class='page-numbers'>\n\t<li><span aria-label=\"Pagin\u0103 1\" aria-current=\"page\" class=\"page-numbers current\" data-no-translation-aria-label=\"\">1<\/span><\/li>\n\t<li><a aria-label=\"Pagin\u0103 2\" class=\"page-numbers\" href=\"\/ro\/wp-json\/wp\/v2\/pages\/10?product-page=2\" data-no-translation-aria-label=\"\">2<\/a><\/li>\n\t<li><a aria-label=\"Pagin\u0103 3\" class=\"page-numbers\" href=\"\/ro\/wp-json\/wp\/v2\/pages\/10?product-page=3\" data-no-translation-aria-label=\"\">3<\/a><\/li>\n\t<li><a aria-label=\"Pagin\u0103 4\" class=\"page-numbers\" href=\"\/ro\/wp-json\/wp\/v2\/pages\/10?product-page=4\" data-no-translation-aria-label=\"\">4<\/a><\/li>\n\t<li><a class=\"next page-numbers\" href=\"\/ro\/wp-json\/wp\/v2\/pages\/10?product-page=2\">\u2192<\/a><\/li>\n<\/ul>\n<\/nav>\n<\/div>\t\t\t\t<\/div>\n\t\t\t\t<\/div>\n\t\t\t\t\t<\/div>\n\t\t<\/div>\n\t\t\t\t\t<\/div>\n\t\t<\/section>\n\t\t\t\t<section class=\"has_eae_slider elementor-section elementor-top-section elementor-element elementor-element-3b03674 elementor-section-full_width elementor-section-height-default elementor-section-height-default\" data-eae-slider=\"28957\" data-id=\"3b03674\" data-element_type=\"section\">\n\t\t\t\t\t\t<div class=\"elementor-container elementor-column-gap-no\">\n\t\t\t\t\t<div class=\"has_eae_slider elementor-column elementor-col-100 elementor-top-column elementor-element elementor-element-21002837\" data-eae-slider=\"37148\" data-id=\"21002837\" data-element_type=\"column\">\n\t\t\t<div class=\"elementor-widget-wrap elementor-element-populated\">\n\t\t\t\t\t\t<div class=\"elementor-element elementor-element-6ebe12c elementor-pagination-type-bullets elementor-arrows-position-inside elementor-pagination-position-outside elementor-widget elementor-widget-loop-carousel\" data-id=\"6ebe12c\" data-element_type=\"widget\" data-settings=\"{&quot;template_id&quot;:8110,&quot;_skin&quot;:&quot;post&quot;,&quot;slides_to_show&quot;:&quot;3&quot;,&quot;slides_to_show_tablet&quot;:&quot;2&quot;,&quot;slides_to_show_mobile&quot;:&quot;1&quot;,&quot;slides_to_scroll&quot;:&quot;1&quot;,&quot;edit_handle_selector&quot;:&quot;.elementor-loop-container&quot;,&quot;autoplay&quot;:&quot;yes&quot;,&quot;autoplay_speed&quot;:5000,&quot;pause_on_hover&quot;:&quot;yes&quot;,&quot;pause_on_interaction&quot;:&quot;yes&quot;,&quot;infinite&quot;:&quot;yes&quot;,&quot;speed&quot;:500,&quot;offset_sides&quot;:&quot;none&quot;,&quot;arrows&quot;:&quot;yes&quot;,&quot;pagination&quot;:&quot;bullets&quot;,&quot;image_spacing_custom&quot;:{&quot;unit&quot;:&quot;px&quot;,&quot;size&quot;:10,&quot;sizes&quot;:[]},&quot;image_spacing_custom_tablet&quot;:{&quot;unit&quot;:&quot;px&quot;,&quot;size&quot;:&quot;&quot;,&quot;sizes&quot;:[]},&quot;image_spacing_custom_mobile&quot;:{&quot;unit&quot;:&quot;px&quot;,&quot;size&quot;:&quot;&quot;,&quot;sizes&quot;:[]}}\" data-widget_type=\"loop-carousel.post\">\n\t\t\t\t<div class=\"elementor-widget-container\">\n\t\t\t\t\t\t\t<div class=\"swiper elementor-loop-container elementor-grid\" role=\"list\" dir=\"ltr\">\n\t\t\t\t<div class=\"swiper-wrapper\" aria-live=\"off\">\n\t\t<style id=\"loop-8110\">.elementor-widget-theme-post-featured-image .widget-image-caption{font-family:var( --e-global-typography-text-font-family ), futura-pt;font-weight:var( --e-global-typography-text-font-weight );}.elementor-8110 .elementor-element.elementor-element-7220875{width:100%;max-width:100%;}.elementor-8110 .elementor-element.elementor-element-7220875 > .elementor-widget-container{margin:0px -11px 0px 0px;}.elementor-8110 .elementor-element.elementor-element-7220875 img{height:300px;object-fit:cover;object-position:center center;}.elementor-8110 .elementor-element.elementor-element-de2075c{margin-top:-150px;margin-bottom:0px;}.elementor-8110 .elementor-element.elementor-element-1523c2f > .elementor-element-populated{padding:0px 0px 0px 0px;}.elementor-8110 .elementor-element.elementor-element-25aded7:not(.elementor-motion-effects-element-type-background) > .elementor-widget-wrap, .elementor-8110 .elementor-element.elementor-element-25aded7 > .elementor-widget-wrap > .elementor-motion-effects-container > .elementor-motion-effects-layer{background-color:#FFFFFF;}.elementor-8110 .elementor-element.elementor-element-25aded7 > .elementor-element-populated{transition:background 0.3s, border 0.3s, border-radius 0.3s, box-shadow 0.3s;padding:050px 30px 50px 20px;}.elementor-8110 .elementor-element.elementor-element-25aded7 > .elementor-element-populated > .elementor-background-overlay{transition:background 0.3s, border-radius 0.3s, opacity 0.3s;}.elementor-widget-post-info .elementor-icon-list-item{font-family:var( --e-global-typography-text-font-family ), futura-pt;font-weight:var( --e-global-typography-text-font-weight );}.elementor-8110 .elementor-element.elementor-element-2d038b8 .elementor-icon-list-items:not(.elementor-inline-items) .elementor-icon-list-item:not(:last-child){padding-bottom:calc(0px\/2);}.elementor-8110 .elementor-element.elementor-element-2d038b8 .elementor-icon-list-items:not(.elementor-inline-items) .elementor-icon-list-item:not(:first-child){margin-top:calc(0px\/2);}.elementor-8110 .elementor-element.elementor-element-2d038b8 .elementor-icon-list-items.elementor-inline-items .elementor-icon-list-item{margin-right:calc(0px\/2);margin-left:calc(0px\/2);}.elementor-8110 .elementor-element.elementor-element-2d038b8 .elementor-icon-list-items.elementor-inline-items{margin-right:calc(-0px\/2);margin-left:calc(-0px\/2);}body.rtl .elementor-8110 .elementor-element.elementor-element-2d038b8 .elementor-icon-list-items.elementor-inline-items .elementor-icon-list-item:after{left:calc(-0px\/2);}body:not(.rtl) .elementor-8110 .elementor-element.elementor-element-2d038b8 .elementor-icon-list-items.elementor-inline-items .elementor-icon-list-item:after{right:calc(-0px\/2);}.elementor-8110 .elementor-element.elementor-element-2d038b8 .elementor-icon-list-icon{width:14px;}.elementor-8110 .elementor-element.elementor-element-2d038b8 .elementor-icon-list-icon i{font-size:14px;}.elementor-8110 .elementor-element.elementor-element-2d038b8 .elementor-icon-list-icon svg{--e-icon-list-icon-size:14px;}body:not(.rtl) .elementor-8110 .elementor-element.elementor-element-2d038b8 .elementor-icon-list-text{padding-left:0px;}body.rtl .elementor-8110 .elementor-element.elementor-element-2d038b8 .elementor-icon-list-text{padding-right:0px;}.elementor-8110 .elementor-element.elementor-element-2d038b8 .elementor-icon-list-text, .elementor-8110 .elementor-element.elementor-element-2d038b8 .elementor-icon-list-text a{color:#000000;}.elementor-8110 .elementor-element.elementor-element-2d038b8 .elementor-icon-list-item{font-family:\"bodoni-urw\", futura-pt;font-size:32px;font-weight:400;text-transform:uppercase;line-height:1.2em;}@media(min-width:768px){.elementor-8110 .elementor-element.elementor-element-1523c2f{width:39%;}.elementor-8110 .elementor-element.elementor-element-25aded7{width:61%;}}<\/style>\t\t<div data-elementor-type=\"loop-item\" data-elementor-id=\"8110\" class=\"elementor elementor-8110 swiper-slide e-loop-item e-loop-item-10208 post-10208 post type-post status-publish format-standard has-post-thumbnail hentry category-magazine\" data-elementor-post-type=\"elementor_library\" role=\"group\" aria-roledescription=\"slide\" data-custom-edit-handle=\"1\">\n\t\t\t\t\t<section class=\"has_eae_slider elementor-section elementor-top-section elementor-element elementor-element-42e23c9 elementor-section-boxed elementor-section-height-default elementor-section-height-default\" data-eae-slider=\"13181\" data-id=\"42e23c9\" data-element_type=\"section\">\n\t\t\t\t\t\t<div class=\"elementor-container elementor-column-gap-default\">\n\t\t\t\t\t<div class=\"has_eae_slider elementor-column elementor-col-100 elementor-top-column elementor-element elementor-element-1f862ce\" data-eae-slider=\"61788\" data-id=\"1f862ce\" data-element_type=\"column\">\n\t\t\t<div class=\"elementor-widget-wrap elementor-element-populated\">\n\t\t\t\t\t\t<div class=\"elementor-element elementor-element-7220875 elementor-widget__width-inherit elementor-widget elementor-widget-theme-post-featured-image elementor-widget-image\" data-id=\"7220875\" data-element_type=\"widget\" data-widget_type=\"theme-post-featured-image.default\">\n\t\t\t\t<div class=\"elementor-widget-container\">\n\t\t\t\t\t\t\t\t\t\t\t\t\t\t\t\t<a href=\"https:\/\/www.retros-gallery.com\/ro\/patina-mobilier-vintage-nu-deteriorare\/\">\n\t\t\t\t\t\t\t<img loading=\"lazy\" decoding=\"async\" width=\"800\" height=\"196\" src=\"https:\/\/www.retros-gallery.com\/wp-content\/uploads\/2025\/12\/cristallo-angelo-barovier-banner-1024x251.jpg\" class=\"attachment-large size-large wp-image-10138\" alt=\"cristallo angelo barovier banner\" srcset=\"https:\/\/www.retros-gallery.com\/wp-content\/uploads\/2025\/12\/cristallo-angelo-barovier-banner-1024x251.jpg 1024w, https:\/\/www.retros-gallery.com\/wp-content\/uploads\/2025\/12\/cristallo-angelo-barovier-banner-300x73.jpg 300w, https:\/\/www.retros-gallery.com\/wp-content\/uploads\/2025\/12\/cristallo-angelo-barovier-banner-768x188.jpg 768w, https:\/\/www.retros-gallery.com\/wp-content\/uploads\/2025\/12\/cristallo-angelo-barovier-banner-1536x376.jpg 1536w, https:\/\/www.retros-gallery.com\/wp-content\/uploads\/2025\/12\/cristallo-angelo-barovier-banner-18x4.jpg 18w, https:\/\/www.retros-gallery.com\/wp-content\/uploads\/2025\/12\/cristallo-angelo-barovier-banner-600x147.jpg 600w, https:\/\/www.retros-gallery.com\/wp-content\/uploads\/2025\/12\/cristallo-angelo-barovier-banner.jpg 1920w\" sizes=\"(max-width: 800px) 100vw, 800px\" \/>\t\t\t\t\t\t\t\t<\/a>\n\t\t\t\t\t\t\t\t\t\t\t\t\t\t\t<\/div>\n\t\t\t\t<\/div>\n\t\t\t\t<section class=\"has_eae_slider elementor-section elementor-inner-section elementor-element elementor-element-de2075c elementor-section-boxed elementor-section-height-default elementor-section-height-default\" data-eae-slider=\"29513\" data-id=\"de2075c\" data-element_type=\"section\">\n\t\t\t\t\t\t<div class=\"elementor-container elementor-column-gap-default\">\n\t\t\t\t\t<div class=\"has_eae_slider elementor-column elementor-col-50 elementor-inner-column elementor-element elementor-element-1523c2f\" data-eae-slider=\"43641\" data-id=\"1523c2f\" data-element_type=\"column\">\n\t\t\t<div class=\"elementor-widget-wrap\">\n\t\t\t\t\t\t\t<\/div>\n\t\t<\/div>\n\t\t\t\t<div class=\"has_eae_slider elementor-column elementor-col-50 elementor-inner-column elementor-element elementor-element-25aded7\" data-eae-slider=\"5837\" data-id=\"25aded7\" data-element_type=\"column\" data-settings=\"{&quot;background_background&quot;:&quot;classic&quot;}\">\n\t\t\t<div class=\"elementor-widget-wrap elementor-element-populated\">\n\t\t\t\t\t\t<div class=\"elementor-element elementor-element-2d038b8 elementor-widget elementor-widget-post-info\" data-id=\"2d038b8\" data-element_type=\"widget\" data-widget_type=\"post-info.default\">\n\t\t\t\t<div class=\"elementor-widget-container\">\n\t\t\t\t\t\t\t<ul class=\"elementor-inline-items elementor-icon-list-items elementor-post-info\">\n\t\t\t\t\t\t\t\t<li class=\"elementor-icon-list-item elementor-repeater-item-c81cfa3 elementor-inline-item\">\n\t\t\t\t\t\t<a href=\"https:\/\/www.retros-gallery.com\/ro\/patina-mobilier-vintage-nu-deteriorare\/\">\n\t\t\t\t\t\t\t\t\t\t\t<span class=\"elementor-icon-list-icon\">\n\t\t\t\t\t\t\t\t<i aria-hidden=\"true\" class=\"far fa-tags\"><\/i>\t\t\t\t\t\t\t<\/span>\n\t\t\t\t\t\t\t\t\t<span class=\"elementor-icon-list-text elementor-post-info__item elementor-post-info__item--type-custom\">\n\t\t\t\t\t\t\t\t\t\tDe ce patina nu este deteriorare: cum \u00eenv\u0103\u021b\u0103m s\u0103 pre\u021buim trecerea timpului \u00een design\t\t\t\t\t<\/span>\n\t\t\t\t\t\t\t\t\t<\/a>\n\t\t\t\t<\/li>\n\t\t\t\t<\/ul>\n\t\t\t\t\t\t<\/div>\n\t\t\t\t<\/div>\n\t\t\t\t\t<\/div>\n\t\t<\/div>\n\t\t\t\t\t<\/div>\n\t\t<\/section>\n\t\t\t\t\t<\/div>\n\t\t<\/div>\n\t\t\t\t\t<\/div>\n\t\t<\/section>\n\t\t\t\t<\/div>\n\t\t\t\t<div data-elementor-type=\"loop-item\" data-elementor-id=\"8110\" class=\"elementor elementor-8110 swiper-slide e-loop-item e-loop-item-10134 post-10134 post type-post status-publish format-standard has-post-thumbnail hentry category-magazine\" data-elementor-post-type=\"elementor_library\" role=\"group\" aria-roledescription=\"slide\" data-custom-edit-handle=\"1\">\n\t\t\t\t\t<section class=\"has_eae_slider elementor-section elementor-top-section elementor-element elementor-element-42e23c9 elementor-section-boxed elementor-section-height-default elementor-section-height-default\" data-eae-slider=\"13181\" data-id=\"42e23c9\" data-element_type=\"section\">\n\t\t\t\t\t\t<div class=\"elementor-container elementor-column-gap-default\">\n\t\t\t\t\t<div class=\"has_eae_slider elementor-column elementor-col-100 elementor-top-column elementor-element elementor-element-1f862ce\" data-eae-slider=\"61788\" data-id=\"1f862ce\" data-element_type=\"column\">\n\t\t\t<div class=\"elementor-widget-wrap elementor-element-populated\">\n\t\t\t\t\t\t<div class=\"elementor-element elementor-element-7220875 elementor-widget__width-inherit elementor-widget elementor-widget-theme-post-featured-image elementor-widget-image\" data-id=\"7220875\" data-element_type=\"widget\" data-widget_type=\"theme-post-featured-image.default\">\n\t\t\t\t<div class=\"elementor-widget-container\">\n\t\t\t\t\t\t\t\t\t\t\t\t\t\t\t\t<a href=\"https:\/\/www.retros-gallery.com\/ro\/angelo-barovier-cristallo\/\">\n\t\t\t\t\t\t\t<img loading=\"lazy\" decoding=\"async\" width=\"800\" height=\"196\" src=\"https:\/\/www.retros-gallery.com\/wp-content\/uploads\/2025\/12\/cristallo-angelo-barovier-banner-1024x251.jpg\" class=\"attachment-large size-large wp-image-10138\" alt=\"cristallo angelo barovier banner\" srcset=\"https:\/\/www.retros-gallery.com\/wp-content\/uploads\/2025\/12\/cristallo-angelo-barovier-banner-1024x251.jpg 1024w, https:\/\/www.retros-gallery.com\/wp-content\/uploads\/2025\/12\/cristallo-angelo-barovier-banner-300x73.jpg 300w, https:\/\/www.retros-gallery.com\/wp-content\/uploads\/2025\/12\/cristallo-angelo-barovier-banner-768x188.jpg 768w, https:\/\/www.retros-gallery.com\/wp-content\/uploads\/2025\/12\/cristallo-angelo-barovier-banner-1536x376.jpg 1536w, https:\/\/www.retros-gallery.com\/wp-content\/uploads\/2025\/12\/cristallo-angelo-barovier-banner-18x4.jpg 18w, https:\/\/www.retros-gallery.com\/wp-content\/uploads\/2025\/12\/cristallo-angelo-barovier-banner-600x147.jpg 600w, https:\/\/www.retros-gallery.com\/wp-content\/uploads\/2025\/12\/cristallo-angelo-barovier-banner.jpg 1920w\" sizes=\"(max-width: 800px) 100vw, 800px\" \/>\t\t\t\t\t\t\t\t<\/a>\n\t\t\t\t\t\t\t\t\t\t\t\t\t\t\t<\/div>\n\t\t\t\t<\/div>\n\t\t\t\t<section class=\"has_eae_slider elementor-section elementor-inner-section elementor-element elementor-element-de2075c elementor-section-boxed elementor-section-height-default elementor-section-height-default\" data-eae-slider=\"29513\" data-id=\"de2075c\" data-element_type=\"section\">\n\t\t\t\t\t\t<div class=\"elementor-container elementor-column-gap-default\">\n\t\t\t\t\t<div class=\"has_eae_slider elementor-column elementor-col-50 elementor-inner-column elementor-element elementor-element-1523c2f\" data-eae-slider=\"43641\" data-id=\"1523c2f\" data-element_type=\"column\">\n\t\t\t<div class=\"elementor-widget-wrap\">\n\t\t\t\t\t\t\t<\/div>\n\t\t<\/div>\n\t\t\t\t<div class=\"has_eae_slider elementor-column elementor-col-50 elementor-inner-column elementor-element elementor-element-25aded7\" data-eae-slider=\"5837\" data-id=\"25aded7\" data-element_type=\"column\" data-settings=\"{&quot;background_background&quot;:&quot;classic&quot;}\">\n\t\t\t<div class=\"elementor-widget-wrap elementor-element-populated\">\n\t\t\t\t\t\t<div class=\"elementor-element elementor-element-2d038b8 elementor-widget elementor-widget-post-info\" data-id=\"2d038b8\" data-element_type=\"widget\" data-widget_type=\"post-info.default\">\n\t\t\t\t<div class=\"elementor-widget-container\">\n\t\t\t\t\t\t\t<ul class=\"elementor-inline-items elementor-icon-list-items elementor-post-info\">\n\t\t\t\t\t\t\t\t<li class=\"elementor-icon-list-item elementor-repeater-item-c81cfa3 elementor-inline-item\">\n\t\t\t\t\t\t<a href=\"https:\/\/www.retros-gallery.com\/ro\/angelo-barovier-cristallo\/\">\n\t\t\t\t\t\t\t\t\t\t\t<span class=\"elementor-icon-list-icon\">\n\t\t\t\t\t\t\t\t<i aria-hidden=\"true\" class=\"far fa-tags\"><\/i>\t\t\t\t\t\t\t<\/span>\n\t\t\t\t\t\t\t\t\t<span class=\"elementor-icon-list-text elementor-post-info__item elementor-post-info__item--type-custom\">\n\t\t\t\t\t\t\t\t\t\tCristallo: Inova\u021bia vene\u021bian\u0103 care a schimbat definitiv arta sticlei\t\t\t\t\t<\/span>\n\t\t\t\t\t\t\t\t\t<\/a>\n\t\t\t\t<\/li>\n\t\t\t\t<\/ul>\n\t\t\t\t\t\t<\/div>\n\t\t\t\t<\/div>\n\t\t\t\t\t<\/div>\n\t\t<\/div>\n\t\t\t\t\t<\/div>\n\t\t<\/section>\n\t\t\t\t\t<\/div>\n\t\t<\/div>\n\t\t\t\t\t<\/div>\n\t\t<\/section>\n\t\t\t\t<\/div>\n\t\t\t\t<div data-elementor-type=\"loop-item\" data-elementor-id=\"8110\" class=\"elementor elementor-8110 swiper-slide e-loop-item e-loop-item-10112 post-10112 post type-post status-publish format-standard has-post-thumbnail hentry category-magazine\" data-elementor-post-type=\"elementor_library\" role=\"group\" aria-roledescription=\"slide\" data-custom-edit-handle=\"1\">\n\t\t\t\t\t<section class=\"has_eae_slider elementor-section elementor-top-section elementor-element elementor-element-42e23c9 elementor-section-boxed elementor-section-height-default elementor-section-height-default\" data-eae-slider=\"13181\" data-id=\"42e23c9\" data-element_type=\"section\">\n\t\t\t\t\t\t<div class=\"elementor-container elementor-column-gap-default\">\n\t\t\t\t\t<div class=\"has_eae_slider elementor-column elementor-col-100 elementor-top-column elementor-element elementor-element-1f862ce\" data-eae-slider=\"61788\" data-id=\"1f862ce\" data-element_type=\"column\">\n\t\t\t<div class=\"elementor-widget-wrap elementor-element-populated\">\n\t\t\t\t\t\t<div class=\"elementor-element elementor-element-7220875 elementor-widget__width-inherit elementor-widget elementor-widget-theme-post-featured-image elementor-widget-image\" data-id=\"7220875\" data-element_type=\"widget\" data-widget_type=\"theme-post-featured-image.default\">\n\t\t\t\t<div class=\"elementor-widget-container\">\n\t\t\t\t\t\t\t\t\t\t\t\t\t\t\t\t<a href=\"https:\/\/www.retros-gallery.com\/ro\/mobilier-mid-century-modern-lux\/\">\n\t\t\t\t\t\t\t<img loading=\"lazy\" decoding=\"async\" width=\"800\" height=\"196\" src=\"https:\/\/www.retros-gallery.com\/wp-content\/uploads\/2025\/11\/mid-century-modern-luxury-furniture-banner-retros-1024x251.jpg\" class=\"attachment-large size-large wp-image-10114\" alt=\"mid century modern furniture luxury\" srcset=\"https:\/\/www.retros-gallery.com\/wp-content\/uploads\/2025\/11\/mid-century-modern-luxury-furniture-banner-retros-1024x251.jpg 1024w, https:\/\/www.retros-gallery.com\/wp-content\/uploads\/2025\/11\/mid-century-modern-luxury-furniture-banner-retros-300x73.jpg 300w, https:\/\/www.retros-gallery.com\/wp-content\/uploads\/2025\/11\/mid-century-modern-luxury-furniture-banner-retros-768x188.jpg 768w, https:\/\/www.retros-gallery.com\/wp-content\/uploads\/2025\/11\/mid-century-modern-luxury-furniture-banner-retros-1536x376.jpg 1536w, https:\/\/www.retros-gallery.com\/wp-content\/uploads\/2025\/11\/mid-century-modern-luxury-furniture-banner-retros-18x4.jpg 18w, https:\/\/www.retros-gallery.com\/wp-content\/uploads\/2025\/11\/mid-century-modern-luxury-furniture-banner-retros-600x147.jpg 600w, https:\/\/www.retros-gallery.com\/wp-content\/uploads\/2025\/11\/mid-century-modern-luxury-furniture-banner-retros.jpg 1920w\" sizes=\"(max-width: 800px) 100vw, 800px\" \/>\t\t\t\t\t\t\t\t<\/a>\n\t\t\t\t\t\t\t\t\t\t\t\t\t\t\t<\/div>\n\t\t\t\t<\/div>\n\t\t\t\t<section class=\"has_eae_slider elementor-section elementor-inner-section elementor-element elementor-element-de2075c elementor-section-boxed elementor-section-height-default elementor-section-height-default\" data-eae-slider=\"29513\" data-id=\"de2075c\" data-element_type=\"section\">\n\t\t\t\t\t\t<div class=\"elementor-container elementor-column-gap-default\">\n\t\t\t\t\t<div class=\"has_eae_slider elementor-column elementor-col-50 elementor-inner-column elementor-element elementor-element-1523c2f\" data-eae-slider=\"43641\" data-id=\"1523c2f\" data-element_type=\"column\">\n\t\t\t<div class=\"elementor-widget-wrap\">\n\t\t\t\t\t\t\t<\/div>\n\t\t<\/div>\n\t\t\t\t<div class=\"has_eae_slider elementor-column elementor-col-50 elementor-inner-column elementor-element elementor-element-25aded7\" data-eae-slider=\"5837\" data-id=\"25aded7\" data-element_type=\"column\" data-settings=\"{&quot;background_background&quot;:&quot;classic&quot;}\">\n\t\t\t<div class=\"elementor-widget-wrap elementor-element-populated\">\n\t\t\t\t\t\t<div class=\"elementor-element elementor-element-2d038b8 elementor-widget elementor-widget-post-info\" data-id=\"2d038b8\" data-element_type=\"widget\" data-widget_type=\"post-info.default\">\n\t\t\t\t<div class=\"elementor-widget-container\">\n\t\t\t\t\t\t\t<ul class=\"elementor-inline-items elementor-icon-list-items elementor-post-info\">\n\t\t\t\t\t\t\t\t<li class=\"elementor-icon-list-item elementor-repeater-item-c81cfa3 elementor-inline-item\">\n\t\t\t\t\t\t<a href=\"https:\/\/www.retros-gallery.com\/ro\/mobilier-mid-century-modern-lux\/\">\n\t\t\t\t\t\t\t\t\t\t\t<span class=\"elementor-icon-list-icon\">\n\t\t\t\t\t\t\t\t<i aria-hidden=\"true\" class=\"far fa-tags\"><\/i>\t\t\t\t\t\t\t<\/span>\n\t\t\t\t\t\t\t\t\t<span class=\"elementor-icon-list-text elementor-post-info__item elementor-post-info__item--type-custom\">\n\t\t\t\t\t\t\t\t\t\tC\u00e2nd Modernul Era Lux: Epoca Mid-Century Care a Redefinit Designul\t\t\t\t\t<\/span>\n\t\t\t\t\t\t\t\t\t<\/a>\n\t\t\t\t<\/li>\n\t\t\t\t<\/ul>\n\t\t\t\t\t\t<\/div>\n\t\t\t\t<\/div>\n\t\t\t\t\t<\/div>\n\t\t<\/div>\n\t\t\t\t\t<\/div>\n\t\t<\/section>\n\t\t\t\t\t<\/div>\n\t\t<\/div>\n\t\t\t\t\t<\/div>\n\t\t<\/section>\n\t\t\t\t<\/div>\n\t\t\t\t<div data-elementor-type=\"loop-item\" data-elementor-id=\"8110\" class=\"elementor elementor-8110 swiper-slide e-loop-item e-loop-item-10100 post-10100 post type-post status-publish format-standard has-post-thumbnail hentry category-magazine\" data-elementor-post-type=\"elementor_library\" role=\"group\" aria-roledescription=\"slide\" data-custom-edit-handle=\"1\">\n\t\t\t\t\t<section class=\"has_eae_slider elementor-section elementor-top-section elementor-element elementor-element-42e23c9 elementor-section-boxed elementor-section-height-default elementor-section-height-default\" data-eae-slider=\"13181\" data-id=\"42e23c9\" data-element_type=\"section\">\n\t\t\t\t\t\t<div class=\"elementor-container elementor-column-gap-default\">\n\t\t\t\t\t<div class=\"has_eae_slider elementor-column elementor-col-100 elementor-top-column elementor-element elementor-element-1f862ce\" data-eae-slider=\"61788\" data-id=\"1f862ce\" data-element_type=\"column\">\n\t\t\t<div class=\"elementor-widget-wrap elementor-element-populated\">\n\t\t\t\t\t\t<div class=\"elementor-element elementor-element-7220875 elementor-widget__width-inherit elementor-widget elementor-widget-theme-post-featured-image elementor-widget-image\" data-id=\"7220875\" data-element_type=\"widget\" data-widget_type=\"theme-post-featured-image.default\">\n\t\t\t\t<div class=\"elementor-widget-container\">\n\t\t\t\t\t\t\t\t\t\t\t\t\t\t\t\t<a href=\"https:\/\/www.retros-gallery.com\/ro\/diferenta-mobilier-vintage-vs-second-hand\/\">\n\t\t\t\t\t\t\t<img loading=\"lazy\" decoding=\"async\" width=\"800\" height=\"196\" src=\"https:\/\/www.retros-gallery.com\/wp-content\/uploads\/2025\/11\/vintage-vs-second-hand-retros-1024x251.jpg\" class=\"attachment-large size-large wp-image-10102\" alt=\"vintage vs second hand retros\" srcset=\"https:\/\/www.retros-gallery.com\/wp-content\/uploads\/2025\/11\/vintage-vs-second-hand-retros-1024x251.jpg 1024w, https:\/\/www.retros-gallery.com\/wp-content\/uploads\/2025\/11\/vintage-vs-second-hand-retros-300x73.jpg 300w, https:\/\/www.retros-gallery.com\/wp-content\/uploads\/2025\/11\/vintage-vs-second-hand-retros-768x188.jpg 768w, https:\/\/www.retros-gallery.com\/wp-content\/uploads\/2025\/11\/vintage-vs-second-hand-retros-1536x376.jpg 1536w, https:\/\/www.retros-gallery.com\/wp-content\/uploads\/2025\/11\/vintage-vs-second-hand-retros-18x4.jpg 18w, https:\/\/www.retros-gallery.com\/wp-content\/uploads\/2025\/11\/vintage-vs-second-hand-retros-600x147.jpg 600w, https:\/\/www.retros-gallery.com\/wp-content\/uploads\/2025\/11\/vintage-vs-second-hand-retros.jpg 1920w\" sizes=\"(max-width: 800px) 100vw, 800px\" \/>\t\t\t\t\t\t\t\t<\/a>\n\t\t\t\t\t\t\t\t\t\t\t\t\t\t\t<\/div>\n\t\t\t\t<\/div>\n\t\t\t\t<section class=\"has_eae_slider elementor-section elementor-inner-section elementor-element elementor-element-de2075c elementor-section-boxed elementor-section-height-default elementor-section-height-default\" data-eae-slider=\"29513\" data-id=\"de2075c\" data-element_type=\"section\">\n\t\t\t\t\t\t<div class=\"elementor-container elementor-column-gap-default\">\n\t\t\t\t\t<div class=\"has_eae_slider elementor-column elementor-col-50 elementor-inner-column elementor-element elementor-element-1523c2f\" data-eae-slider=\"43641\" data-id=\"1523c2f\" data-element_type=\"column\">\n\t\t\t<div class=\"elementor-widget-wrap\">\n\t\t\t\t\t\t\t<\/div>\n\t\t<\/div>\n\t\t\t\t<div class=\"has_eae_slider elementor-column elementor-col-50 elementor-inner-column elementor-element elementor-element-25aded7\" data-eae-slider=\"5837\" data-id=\"25aded7\" data-element_type=\"column\" data-settings=\"{&quot;background_background&quot;:&quot;classic&quot;}\">\n\t\t\t<div class=\"elementor-widget-wrap elementor-element-populated\">\n\t\t\t\t\t\t<div class=\"elementor-element elementor-element-2d038b8 elementor-widget elementor-widget-post-info\" data-id=\"2d038b8\" data-element_type=\"widget\" data-widget_type=\"post-info.default\">\n\t\t\t\t<div class=\"elementor-widget-container\">\n\t\t\t\t\t\t\t<ul class=\"elementor-inline-items elementor-icon-list-items elementor-post-info\">\n\t\t\t\t\t\t\t\t<li class=\"elementor-icon-list-item elementor-repeater-item-c81cfa3 elementor-inline-item\">\n\t\t\t\t\t\t<a href=\"https:\/\/www.retros-gallery.com\/ro\/diferenta-mobilier-vintage-vs-second-hand\/\">\n\t\t\t\t\t\t\t\t\t\t\t<span class=\"elementor-icon-list-icon\">\n\t\t\t\t\t\t\t\t<i aria-hidden=\"true\" class=\"far fa-tags\"><\/i>\t\t\t\t\t\t\t<\/span>\n\t\t\t\t\t\t\t\t\t<span class=\"elementor-icon-list-text elementor-post-info__item elementor-post-info__item--type-custom\">\n\t\t\t\t\t\t\t\t\t\tVintage vs. Second-Hand: Diferen\u021ba Real\u0103 \u00een Mobilier\t\t\t\t\t<\/span>\n\t\t\t\t\t\t\t\t\t<\/a>\n\t\t\t\t<\/li>\n\t\t\t\t<\/ul>\n\t\t\t\t\t\t<\/div>\n\t\t\t\t<\/div>\n\t\t\t\t\t<\/div>\n\t\t<\/div>\n\t\t\t\t\t<\/div>\n\t\t<\/section>\n\t\t\t\t\t<\/div>\n\t\t<\/div>\n\t\t\t\t\t<\/div>\n\t\t<\/section>\n\t\t\t\t<\/div>\n\t\t\t\t<div data-elementor-type=\"loop-item\" data-elementor-id=\"8110\" class=\"elementor elementor-8110 swiper-slide e-loop-item e-loop-item-10024 post-10024 post type-post status-publish format-standard has-post-thumbnail hentry category-magazine\" data-elementor-post-type=\"elementor_library\" role=\"group\" aria-roledescription=\"slide\" data-custom-edit-handle=\"1\">\n\t\t\t\t\t<section class=\"has_eae_slider elementor-section elementor-top-section elementor-element elementor-element-42e23c9 elementor-section-boxed elementor-section-height-default elementor-section-height-default\" data-eae-slider=\"13181\" data-id=\"42e23c9\" data-element_type=\"section\">\n\t\t\t\t\t\t<div class=\"elementor-container elementor-column-gap-default\">\n\t\t\t\t\t<div class=\"has_eae_slider elementor-column elementor-col-100 elementor-top-column elementor-element elementor-element-1f862ce\" data-eae-slider=\"61788\" data-id=\"1f862ce\" data-element_type=\"column\">\n\t\t\t<div class=\"elementor-widget-wrap elementor-element-populated\">\n\t\t\t\t\t\t<div class=\"elementor-element elementor-element-7220875 elementor-widget__width-inherit elementor-widget elementor-widget-theme-post-featured-image elementor-widget-image\" data-id=\"7220875\" data-element_type=\"widget\" data-widget_type=\"theme-post-featured-image.default\">\n\t\t\t\t<div class=\"elementor-widget-container\">\n\t\t\t\t\t\t\t\t\t\t\t\t\t\t\t\t<a href=\"https:\/\/www.retros-gallery.com\/ro\/expozitie-geta-bratescu-retros-design-space-artwill\/\">\n\t\t\t\t\t\t\t<img loading=\"lazy\" decoding=\"async\" width=\"800\" height=\"196\" src=\"https:\/\/www.retros-gallery.com\/wp-content\/uploads\/2025\/10\/retros-design-space-artwill-1024x251.jpg\" class=\"attachment-large size-large wp-image-10028\" alt=\"Retros design space artwill\" srcset=\"https:\/\/www.retros-gallery.com\/wp-content\/uploads\/2025\/10\/retros-design-space-artwill-1024x251.jpg 1024w, https:\/\/www.retros-gallery.com\/wp-content\/uploads\/2025\/10\/retros-design-space-artwill-300x73.jpg 300w, https:\/\/www.retros-gallery.com\/wp-content\/uploads\/2025\/10\/retros-design-space-artwill-768x188.jpg 768w, https:\/\/www.retros-gallery.com\/wp-content\/uploads\/2025\/10\/retros-design-space-artwill-1536x376.jpg 1536w, https:\/\/www.retros-gallery.com\/wp-content\/uploads\/2025\/10\/retros-design-space-artwill-18x4.jpg 18w, https:\/\/www.retros-gallery.com\/wp-content\/uploads\/2025\/10\/retros-design-space-artwill-600x147.jpg 600w, https:\/\/www.retros-gallery.com\/wp-content\/uploads\/2025\/10\/retros-design-space-artwill.jpg 1920w\" sizes=\"(max-width: 800px) 100vw, 800px\" \/>\t\t\t\t\t\t\t\t<\/a>\n\t\t\t\t\t\t\t\t\t\t\t\t\t\t\t<\/div>\n\t\t\t\t<\/div>\n\t\t\t\t<section class=\"has_eae_slider elementor-section elementor-inner-section elementor-element elementor-element-de2075c elementor-section-boxed elementor-section-height-default elementor-section-height-default\" data-eae-slider=\"29513\" data-id=\"de2075c\" data-element_type=\"section\">\n\t\t\t\t\t\t<div class=\"elementor-container elementor-column-gap-default\">\n\t\t\t\t\t<div class=\"has_eae_slider elementor-column elementor-col-50 elementor-inner-column elementor-element elementor-element-1523c2f\" data-eae-slider=\"43641\" data-id=\"1523c2f\" data-element_type=\"column\">\n\t\t\t<div class=\"elementor-widget-wrap\">\n\t\t\t\t\t\t\t<\/div>\n\t\t<\/div>\n\t\t\t\t<div class=\"has_eae_slider elementor-column elementor-col-50 elementor-inner-column elementor-element elementor-element-25aded7\" data-eae-slider=\"5837\" data-id=\"25aded7\" data-element_type=\"column\" data-settings=\"{&quot;background_background&quot;:&quot;classic&quot;}\">\n\t\t\t<div class=\"elementor-widget-wrap elementor-element-populated\">\n\t\t\t\t\t\t<div class=\"elementor-element elementor-element-2d038b8 elementor-widget elementor-widget-post-info\" data-id=\"2d038b8\" data-element_type=\"widget\" data-widget_type=\"post-info.default\">\n\t\t\t\t<div class=\"elementor-widget-container\">\n\t\t\t\t\t\t\t<ul class=\"elementor-inline-items elementor-icon-list-items elementor-post-info\">\n\t\t\t\t\t\t\t\t<li class=\"elementor-icon-list-item elementor-repeater-item-c81cfa3 elementor-inline-item\">\n\t\t\t\t\t\t<a href=\"https:\/\/www.retros-gallery.com\/ro\/expozitie-geta-bratescu-retros-design-space-artwill\/\">\n\t\t\t\t\t\t\t\t\t\t\t<span class=\"elementor-icon-list-icon\">\n\t\t\t\t\t\t\t\t<i aria-hidden=\"true\" class=\"far fa-tags\"><\/i>\t\t\t\t\t\t\t<\/span>\n\t\t\t\t\t\t\t\t\t<span class=\"elementor-icon-list-text elementor-post-info__item elementor-post-info__item--type-custom\">\n\t\t\t\t\t\t\t\t\t\tLa \u00eenceput a fost desenul \u2014 Geta Br\u0103tescu la Retros Design Space\t\t\t\t\t<\/span>\n\t\t\t\t\t\t\t\t\t<\/a>\n\t\t\t\t<\/li>\n\t\t\t\t<\/ul>\n\t\t\t\t\t\t<\/div>\n\t\t\t\t<\/div>\n\t\t\t\t\t<\/div>\n\t\t<\/div>\n\t\t\t\t\t<\/div>\n\t\t<\/section>\n\t\t\t\t\t<\/div>\n\t\t<\/div>\n\t\t\t\t\t<\/div>\n\t\t<\/section>\n\t\t\t\t<\/div>\n\t\t\t\t<div data-elementor-type=\"loop-item\" data-elementor-id=\"8110\" class=\"elementor elementor-8110 swiper-slide e-loop-item e-loop-item-10010 post-10010 post type-post status-publish format-standard has-post-thumbnail hentry category-magazine\" data-elementor-post-type=\"elementor_library\" role=\"group\" aria-roledescription=\"slide\" data-custom-edit-handle=\"1\">\n\t\t\t\t\t<section class=\"has_eae_slider elementor-section elementor-top-section elementor-element elementor-element-42e23c9 elementor-section-boxed elementor-section-height-default elementor-section-height-default\" data-eae-slider=\"13181\" data-id=\"42e23c9\" data-element_type=\"section\">\n\t\t\t\t\t\t<div class=\"elementor-container elementor-column-gap-default\">\n\t\t\t\t\t<div class=\"has_eae_slider elementor-column elementor-col-100 elementor-top-column elementor-element elementor-element-1f862ce\" data-eae-slider=\"61788\" data-id=\"1f862ce\" data-element_type=\"column\">\n\t\t\t<div class=\"elementor-widget-wrap elementor-element-populated\">\n\t\t\t\t\t\t<div class=\"elementor-element elementor-element-7220875 elementor-widget__width-inherit elementor-widget elementor-widget-theme-post-featured-image elementor-widget-image\" data-id=\"7220875\" data-element_type=\"widget\" data-widget_type=\"theme-post-featured-image.default\">\n\t\t\t\t<div class=\"elementor-widget-container\">\n\t\t\t\t\t\t\t\t\t\t\t\t\t\t\t\t<a href=\"https:\/\/www.retros-gallery.com\/ro\/descopera-room12-in-bucuresti\/\">\n\t\t\t\t\t\t\t<img loading=\"lazy\" decoding=\"async\" width=\"800\" height=\"359\" src=\"https:\/\/www.retros-gallery.com\/wp-content\/uploads\/2025\/10\/designing-room12-retros-magazine-1-1024x460.jpg\" class=\"attachment-large size-large wp-image-10099\" alt=\"Designing Room12 banner blog\" srcset=\"https:\/\/www.retros-gallery.com\/wp-content\/uploads\/2025\/10\/designing-room12-retros-magazine-1-1024x460.jpg 1024w, https:\/\/www.retros-gallery.com\/wp-content\/uploads\/2025\/10\/designing-room12-retros-magazine-1-300x135.jpg 300w, https:\/\/www.retros-gallery.com\/wp-content\/uploads\/2025\/10\/designing-room12-retros-magazine-1-768x345.jpg 768w, https:\/\/www.retros-gallery.com\/wp-content\/uploads\/2025\/10\/designing-room12-retros-magazine-1-18x8.jpg 18w, https:\/\/www.retros-gallery.com\/wp-content\/uploads\/2025\/10\/designing-room12-retros-magazine-1-600x269.jpg 600w, https:\/\/www.retros-gallery.com\/wp-content\/uploads\/2025\/10\/designing-room12-retros-magazine-1.jpg 1047w\" sizes=\"(max-width: 800px) 100vw, 800px\" \/>\t\t\t\t\t\t\t\t<\/a>\n\t\t\t\t\t\t\t\t\t\t\t\t\t\t\t<\/div>\n\t\t\t\t<\/div>\n\t\t\t\t<section class=\"has_eae_slider elementor-section elementor-inner-section elementor-element elementor-element-de2075c elementor-section-boxed elementor-section-height-default elementor-section-height-default\" data-eae-slider=\"29513\" data-id=\"de2075c\" data-element_type=\"section\">\n\t\t\t\t\t\t<div class=\"elementor-container elementor-column-gap-default\">\n\t\t\t\t\t<div class=\"has_eae_slider elementor-column elementor-col-50 elementor-inner-column elementor-element elementor-element-1523c2f\" data-eae-slider=\"43641\" data-id=\"1523c2f\" data-element_type=\"column\">\n\t\t\t<div class=\"elementor-widget-wrap\">\n\t\t\t\t\t\t\t<\/div>\n\t\t<\/div>\n\t\t\t\t<div class=\"has_eae_slider elementor-column elementor-col-50 elementor-inner-column elementor-element elementor-element-25aded7\" data-eae-slider=\"5837\" data-id=\"25aded7\" data-element_type=\"column\" data-settings=\"{&quot;background_background&quot;:&quot;classic&quot;}\">\n\t\t\t<div class=\"elementor-widget-wrap elementor-element-populated\">\n\t\t\t\t\t\t<div class=\"elementor-element elementor-element-2d038b8 elementor-widget elementor-widget-post-info\" data-id=\"2d038b8\" data-element_type=\"widget\" data-widget_type=\"post-info.default\">\n\t\t\t\t<div class=\"elementor-widget-container\">\n\t\t\t\t\t\t\t<ul class=\"elementor-inline-items elementor-icon-list-items elementor-post-info\">\n\t\t\t\t\t\t\t\t<li class=\"elementor-icon-list-item elementor-repeater-item-c81cfa3 elementor-inline-item\">\n\t\t\t\t\t\t<a href=\"https:\/\/www.retros-gallery.com\/ro\/descopera-room12-in-bucuresti\/\">\n\t\t\t\t\t\t\t\t\t\t\t<span class=\"elementor-icon-list-icon\">\n\t\t\t\t\t\t\t\t<i aria-hidden=\"true\" class=\"far fa-tags\"><\/i>\t\t\t\t\t\t\t<\/span>\n\t\t\t\t\t\t\t\t\t<span class=\"elementor-icon-list-text elementor-post-info__item elementor-post-info__item--type-custom\">\n\t\t\t\t\t\t\t\t\t\tRoom12 Bucuresti: Boutique hotel cu design mid-century modern autentic\t\t\t\t\t<\/span>\n\t\t\t\t\t\t\t\t\t<\/a>\n\t\t\t\t<\/li>\n\t\t\t\t<\/ul>\n\t\t\t\t\t\t<\/div>\n\t\t\t\t<\/div>\n\t\t\t\t\t<\/div>\n\t\t<\/div>\n\t\t\t\t\t<\/div>\n\t\t<\/section>\n\t\t\t\t\t<\/div>\n\t\t<\/div>\n\t\t\t\t\t<\/div>\n\t\t<\/section>\n\t\t\t\t<\/div>\n\t\t\t\t<\/div>\n\t\t<\/div>\n\t\t\t\t\t<div class=\"elementor-swiper-button elementor-swiper-button-prev\" role=\"button\" tabindex=\"0\" aria-label=\"Previous\">\n\t\t\t\t<i aria-hidden=\"true\" class=\"eicon-chevron-left\"><\/i>\t\t\t<\/div>\n\t\t\t<div class=\"elementor-swiper-button elementor-swiper-button-next\" role=\"button\" tabindex=\"0\" aria-label=\"Urm\u0103torul\">\n\t\t\t\t<i aria-hidden=\"true\" class=\"eicon-chevron-right\"><\/i>\t\t\t<\/div>\n\t\t\t\t\t<div class=\"swiper-pagination\"><\/div>\n\t\t\t\t\t\t<\/div>\n\t\t\t\t<\/div>\n\t\t\t\t\t<\/div>\n\t\t<\/div>\n\t\t\t\t\t<\/div>\n\t\t<\/section>\n\t\t\t\t<section class=\"has_eae_slider elementor-section elementor-top-section elementor-element elementor-element-5c16a1e elementor-section-full_width elementor-section-height-default elementor-section-height-default\" data-eae-slider=\"1804\" data-id=\"5c16a1e\" data-element_type=\"section\" data-settings=\"{&quot;background_background&quot;:&quot;classic&quot;}\">\n\t\t\t\t\t\t<div class=\"elementor-container elementor-column-gap-default\">\n\t\t\t\t\t<div class=\"has_eae_slider elementor-column elementor-col-100 elementor-top-column elementor-element elementor-element-786d3ad\" data-eae-slider=\"81731\" data-id=\"786d3ad\" data-element_type=\"column\">\n\t\t\t<div class=\"elementor-widget-wrap elementor-element-populated\">\n\t\t\t\t\t\t<div class=\"elementor-element elementor-element-671aa68 elementor-widget elementor-widget-spacer\" data-id=\"671aa68\" data-element_type=\"widget\" data-widget_type=\"spacer.default\">\n\t\t\t\t<div class=\"elementor-widget-container\">\n\t\t\t\t\t\t\t<div class=\"elementor-spacer\">\n\t\t\t<div class=\"elementor-spacer-inner\"><\/div>\n\t\t<\/div>\n\t\t\t\t\t\t<\/div>\n\t\t\t\t<\/div>\n\t\t\t\t<section class=\"has_eae_slider elementor-section elementor-inner-section elementor-element elementor-element-9cf1866 elementor-section-boxed elementor-section-height-default elementor-section-height-default\" data-eae-slider=\"45249\" data-id=\"9cf1866\" data-element_type=\"section\">\n\t\t\t\t\t\t<div class=\"elementor-container elementor-column-gap-no\">\n\t\t\t\t\t<div class=\"has_eae_slider elementor-column elementor-col-100 elementor-inner-column elementor-element elementor-element-646cf22\" data-eae-slider=\"87041\" data-id=\"646cf22\" data-element_type=\"column\">\n\t\t\t<div class=\"elementor-widget-wrap elementor-element-populated\">\n\t\t\t\t\t\t<div class=\"elementor-element elementor-element-e1473c3 elementor-widget__width-auto elementor-view-default elementor-widget elementor-widget-icon\" data-id=\"e1473c3\" data-element_type=\"widget\" data-widget_type=\"icon.default\">\n\t\t\t\t<div class=\"elementor-widget-container\">\n\t\t\t\t\t\t\t<div class=\"elementor-icon-wrapper\">\n\t\t\t<div class=\"elementor-icon\">\n\t\t\t<i aria-hidden=\"true\" class=\"fab fa-instagram\"><\/i>\t\t\t<\/div>\n\t\t<\/div>\n\t\t\t\t\t\t<\/div>\n\t\t\t\t<\/div>\n\t\t\t\t<div class=\"elementor-element elementor-element-b863fc7 elementor-widget__width-auto elementor-widget elementor-widget-heading\" data-id=\"b863fc7\" data-element_type=\"widget\" data-widget_type=\"heading.default\">\n\t\t\t\t<div class=\"elementor-widget-container\">\n\t\t\t\t\t<span class=\"elementor-heading-title elementor-size-default\">INSTAGRAM<\/span>\t\t\t\t<\/div>\n\t\t\t\t<\/div>\n\t\t\t\t<div class=\"elementor-element elementor-element-3c04eac elementor-widget elementor-widget-spacer\" data-id=\"3c04eac\" data-element_type=\"widget\" data-widget_type=\"spacer.default\">\n\t\t\t\t<div class=\"elementor-widget-container\">\n\t\t\t\t\t\t\t<div class=\"elementor-spacer\">\n\t\t\t<div class=\"elementor-spacer-inner\"><\/div>\n\t\t<\/div>\n\t\t\t\t\t\t<\/div>\n\t\t\t\t<\/div>\n\t\t\t\t<div class=\"elementor-element elementor-element-994f5c3 elementor-widget elementor-widget-shortcode\" data-id=\"994f5c3\" data-element_type=\"widget\" data-widget_type=\"shortcode.default\">\n\t\t\t\t<div class=\"elementor-widget-container\">\n\t\t\t\t\t\t\t<div class=\"elementor-shortcode\">\n<div id=\"sb_instagram\"  class=\"sbi sbi_mob_col_3 sbi_tab_col_3 sbi_col_3 sbi_width_resp\" style=\"padding-bottom: 10px;\"\t data-feedid=\"*1\"  data-res=\"auto\" data-cols=\"3\" data-colsmobile=\"3\" data-colstablet=\"3\" data-num=\"3\" data-nummobile=\"3\" data-item-padding=\"5\"\t data-shortcode-atts=\"{&quot;feed&quot;:&quot;1&quot;,&quot;cachetime&quot;:30}\"  data-postid=\"10010\" data-locatornonce=\"0d10a65f8a\" data-imageaspectratio=\"1:1\" data-sbi-flags=\"favorLocal\">\n\t\n\t<div id=\"sbi_images\"  style=\"gap: 10px;\">\n\t\t<div class=\"sbi_item sbi_type_video sbi_new sbi_transition\"\n\tid=\"sbi_18497328004000746\" data-date=\"1747377240\">\n\t<div class=\"sbi_photo_wrap\">\n\t\t<a class=\"sbi_photo\" href=\"https:\/\/www.instagram.com\/reel\/DJtFxE2t648\/\" target=\"_blank\" rel=\"noopener nofollow\"\n\t\t\tdata-full-res=\"https:\/\/scontent-vie1-1.cdninstagram.com\/v\/t51.71878-15\/497576388_1838914487051958_8176664533087001808_n.jpg?stp=dst-jpg_e35_tt6&#038;_nc_cat=110&#038;ccb=7-5&#038;_nc_sid=18de74&#038;_nc_ohc=ig2cl9PAj4sQ7kNvwETx2Lb&#038;_nc_oc=Adl0RNTz8qqKJcYOKNSPljJPwXF_elcj4gGXTwEzcwdTTe2yvG-4JsVipewqRrpk7nTYbIRb03hDpl4u05Dn9CdR&#038;_nc_zt=23&#038;_nc_ht=scontent-vie1-1.cdninstagram.com&#038;edm=ANo9K5cEAAAA&#038;_nc_gid=wpKacPiDxZhb2MFru-Melw&#038;oh=00_AfIzaw3aANR2LM8p5pv9qv-KeGjoBaqqLWAmIM6Pj2A-AA&#038;oe=682FA999\"\n\t\t\tdata-img-src-set=\"{&quot;d&quot;:&quot;https:\\\/\\\/scontent-vie1-1.cdninstagram.com\\\/v\\\/t51.71878-15\\\/497576388_1838914487051958_8176664533087001808_n.jpg?stp=dst-jpg_e35_tt6&amp;_nc_cat=110&amp;ccb=7-5&amp;_nc_sid=18de74&amp;_nc_ohc=ig2cl9PAj4sQ7kNvwETx2Lb&amp;_nc_oc=Adl0RNTz8qqKJcYOKNSPljJPwXF_elcj4gGXTwEzcwdTTe2yvG-4JsVipewqRrpk7nTYbIRb03hDpl4u05Dn9CdR&amp;_nc_zt=23&amp;_nc_ht=scontent-vie1-1.cdninstagram.com&amp;edm=ANo9K5cEAAAA&amp;_nc_gid=wpKacPiDxZhb2MFru-Melw&amp;oh=00_AfIzaw3aANR2LM8p5pv9qv-KeGjoBaqqLWAmIM6Pj2A-AA&amp;oe=682FA999&quot;,&quot;150&quot;:&quot;https:\\\/\\\/scontent-vie1-1.cdninstagram.com\\\/v\\\/t51.71878-15\\\/497576388_1838914487051958_8176664533087001808_n.jpg?stp=dst-jpg_e35_tt6&amp;_nc_cat=110&amp;ccb=7-5&amp;_nc_sid=18de74&amp;_nc_ohc=ig2cl9PAj4sQ7kNvwETx2Lb&amp;_nc_oc=Adl0RNTz8qqKJcYOKNSPljJPwXF_elcj4gGXTwEzcwdTTe2yvG-4JsVipewqRrpk7nTYbIRb03hDpl4u05Dn9CdR&amp;_nc_zt=23&amp;_nc_ht=scontent-vie1-1.cdninstagram.com&amp;edm=ANo9K5cEAAAA&amp;_nc_gid=wpKacPiDxZhb2MFru-Melw&amp;oh=00_AfIzaw3aANR2LM8p5pv9qv-KeGjoBaqqLWAmIM6Pj2A-AA&amp;oe=682FA999&quot;,&quot;320&quot;:&quot;https:\\\/\\\/scontent-vie1-1.cdninstagram.com\\\/v\\\/t51.71878-15\\\/497576388_1838914487051958_8176664533087001808_n.jpg?stp=dst-jpg_e35_tt6&amp;_nc_cat=110&amp;ccb=7-5&amp;_nc_sid=18de74&amp;_nc_ohc=ig2cl9PAj4sQ7kNvwETx2Lb&amp;_nc_oc=Adl0RNTz8qqKJcYOKNSPljJPwXF_elcj4gGXTwEzcwdTTe2yvG-4JsVipewqRrpk7nTYbIRb03hDpl4u05Dn9CdR&amp;_nc_zt=23&amp;_nc_ht=scontent-vie1-1.cdninstagram.com&amp;edm=ANo9K5cEAAAA&amp;_nc_gid=wpKacPiDxZhb2MFru-Melw&amp;oh=00_AfIzaw3aANR2LM8p5pv9qv-KeGjoBaqqLWAmIM6Pj2A-AA&amp;oe=682FA999&quot;,&quot;640&quot;:&quot;https:\\\/\\\/scontent-vie1-1.cdninstagram.com\\\/v\\\/t51.71878-15\\\/497576388_1838914487051958_8176664533087001808_n.jpg?stp=dst-jpg_e35_tt6&amp;_nc_cat=110&amp;ccb=7-5&amp;_nc_sid=18de74&amp;_nc_ohc=ig2cl9PAj4sQ7kNvwETx2Lb&amp;_nc_oc=Adl0RNTz8qqKJcYOKNSPljJPwXF_elcj4gGXTwEzcwdTTe2yvG-4JsVipewqRrpk7nTYbIRb03hDpl4u05Dn9CdR&amp;_nc_zt=23&amp;_nc_ht=scontent-vie1-1.cdninstagram.com&amp;edm=ANo9K5cEAAAA&amp;_nc_gid=wpKacPiDxZhb2MFru-Melw&amp;oh=00_AfIzaw3aANR2LM8p5pv9qv-KeGjoBaqqLWAmIM6Pj2A-AA&amp;oe=682FA999&quot;}\">\n\t\t\t<span class=\"sbi-screenreader\">\u201cEternal started yesterday\u201d\nStarted\nIn Preview RDW<\/span>\n\t\t\t\t\t\t<svg style=\"color: rgba(255,255,255,1)\" class=\"svg-inline--fa fa-play fa-w-14 sbi_playbtn\" aria-label=\"Joaca\" aria-hidden=\"true\" data-fa-processed=\"\" data-prefix=\"fa\" data-icon=\"play\" role=\"presentation\" xmlns=\"http:\/\/www.w3.org\/2000\/svg\" viewbox=\"0 0 448 512\"><path fill=\"currentColor\" d=\"M424.4 214.7L72.4 6.6C43.8-10.3 0 6.1 0 47.9V464c0 37.5 40.7 60.1 72.4 41.3l352-208c31.4-18.5 31.5-64.1 0-82.6z\"><\/path><\/svg>\t\t\t<img decoding=\"async\" src=\"https:\/\/www.retros-gallery.com\/wp-content\/plugins\/instagram-feed\/img\/placeholder.png\" alt=\"\u201eEternal a \u00eenceput ieri\u201d A \u00eenceput \u00een Previzualizare RDW Design Flags @romaniandesignweek Veni\u021bi \u00een vizit\u0103 \u00eencep\u00e2nd de m\u00e2ine Pe strada Benjamin Franklin 10\" aria-hidden=\"true\">\n\t\t<\/a>\n\t<\/div>\n<\/div><div class=\"sbi_item sbi_type_carousel sbi_new sbi_transition\"\n\tid=\"sbi_17937677088001677\" data-date=\"1747326095\">\n\t<div class=\"sbi_photo_wrap\">\n\t\t<a class=\"sbi_photo\" href=\"https:\/\/www.instagram.com\/p\/DJrkRtfNfvS\/\" target=\"_blank\" rel=\"noopener nofollow\"\n\t\t\tdata-full-res=\"https:\/\/scontent-vie1-1.cdninstagram.com\/v\/t51.75761-15\/498715441_18501610345031665_1013540508651192435_n.jpg?stp=dst-jpg_e35_tt6&#038;_nc_cat=110&#038;ccb=7-5&#038;_nc_sid=18de74&#038;_nc_ohc=QhWux2K-c6UQ7kNvwHC4O4a&#038;_nc_oc=AdlQk3X0YUq_mdcfQLwoFvIG4A7AGP5PmYY4ECs30e1VKWPahdAyn4lton_PPemaAH7EyyZH9gk0hqMGneeZOL5Q&#038;_nc_zt=23&#038;_nc_ht=scontent-vie1-1.cdninstagram.com&#038;edm=ANo9K5cEAAAA&#038;_nc_gid=wpKacPiDxZhb2MFru-Melw&#038;oh=00_AfJqULyTEYn2jwNla0KtMJLjp0dVP3BSgwmkFjTati0mIQ&#038;oe=682FAA64\"\n\t\t\tdata-img-src-set=\"{&quot;d&quot;:&quot;https:\\\/\\\/scontent-vie1-1.cdninstagram.com\\\/v\\\/t51.75761-15\\\/498715441_18501610345031665_1013540508651192435_n.jpg?stp=dst-jpg_e35_tt6&amp;_nc_cat=110&amp;ccb=7-5&amp;_nc_sid=18de74&amp;_nc_ohc=QhWux2K-c6UQ7kNvwHC4O4a&amp;_nc_oc=AdlQk3X0YUq_mdcfQLwoFvIG4A7AGP5PmYY4ECs30e1VKWPahdAyn4lton_PPemaAH7EyyZH9gk0hqMGneeZOL5Q&amp;_nc_zt=23&amp;_nc_ht=scontent-vie1-1.cdninstagram.com&amp;edm=ANo9K5cEAAAA&amp;_nc_gid=wpKacPiDxZhb2MFru-Melw&amp;oh=00_AfJqULyTEYn2jwNla0KtMJLjp0dVP3BSgwmkFjTati0mIQ&amp;oe=682FAA64&quot;,&quot;150&quot;:&quot;https:\\\/\\\/scontent-vie1-1.cdninstagram.com\\\/v\\\/t51.75761-15\\\/498715441_18501610345031665_1013540508651192435_n.jpg?stp=dst-jpg_e35_tt6&amp;_nc_cat=110&amp;ccb=7-5&amp;_nc_sid=18de74&amp;_nc_ohc=QhWux2K-c6UQ7kNvwHC4O4a&amp;_nc_oc=AdlQk3X0YUq_mdcfQLwoFvIG4A7AGP5PmYY4ECs30e1VKWPahdAyn4lton_PPemaAH7EyyZH9gk0hqMGneeZOL5Q&amp;_nc_zt=23&amp;_nc_ht=scontent-vie1-1.cdninstagram.com&amp;edm=ANo9K5cEAAAA&amp;_nc_gid=wpKacPiDxZhb2MFru-Melw&amp;oh=00_AfJqULyTEYn2jwNla0KtMJLjp0dVP3BSgwmkFjTati0mIQ&amp;oe=682FAA64&quot;,&quot;320&quot;:&quot;https:\\\/\\\/scontent-vie1-1.cdninstagram.com\\\/v\\\/t51.75761-15\\\/498715441_18501610345031665_1013540508651192435_n.jpg?stp=dst-jpg_e35_tt6&amp;_nc_cat=110&amp;ccb=7-5&amp;_nc_sid=18de74&amp;_nc_ohc=QhWux2K-c6UQ7kNvwHC4O4a&amp;_nc_oc=AdlQk3X0YUq_mdcfQLwoFvIG4A7AGP5PmYY4ECs30e1VKWPahdAyn4lton_PPemaAH7EyyZH9gk0hqMGneeZOL5Q&amp;_nc_zt=23&amp;_nc_ht=scontent-vie1-1.cdninstagram.com&amp;edm=ANo9K5cEAAAA&amp;_nc_gid=wpKacPiDxZhb2MFru-Melw&amp;oh=00_AfJqULyTEYn2jwNla0KtMJLjp0dVP3BSgwmkFjTati0mIQ&amp;oe=682FAA64&quot;,&quot;640&quot;:&quot;https:\\\/\\\/scontent-vie1-1.cdninstagram.com\\\/v\\\/t51.75761-15\\\/498715441_18501610345031665_1013540508651192435_n.jpg?stp=dst-jpg_e35_tt6&amp;_nc_cat=110&amp;ccb=7-5&amp;_nc_sid=18de74&amp;_nc_ohc=QhWux2K-c6UQ7kNvwHC4O4a&amp;_nc_oc=AdlQk3X0YUq_mdcfQLwoFvIG4A7AGP5PmYY4ECs30e1VKWPahdAyn4lton_PPemaAH7EyyZH9gk0hqMGneeZOL5Q&amp;_nc_zt=23&amp;_nc_ht=scontent-vie1-1.cdninstagram.com&amp;edm=ANo9K5cEAAAA&amp;_nc_gid=wpKacPiDxZhb2MFru-Melw&amp;oh=00_AfJqULyTEYn2jwNla0KtMJLjp0dVP3BSgwmkFjTati0mIQ&amp;oe=682FAA64&quot;}\">\n\t\t\t<span class=\"sbi-screenreader\">the COLLECTION IS LIVE NOW\nRare pieces \u2014 New Skin\n<\/span>\n\t\t\t<svg class=\"svg-inline--fa fa-clone fa-w-16 sbi_lightbox_carousel_icon\" aria-hidden=\"true\" aria-label=\"Cloneaz\u0103\" data-fa-pro\u0192cessed=\"\" data-prefix=\"far\" data-icon=\"clone\" role=\"img\" xmlns=\"http:\/\/www.w3.org\/2000\/svg\" viewbox=\"0 0 512 512\">\n                    <path fill=\"currentColor\" d=\"M464 0H144c-26.51 0-48 21.49-48 48v48H48c-26.51 0-48 21.49-48 48v320c0 26.51 21.49 48 48 48h320c26.51 0 48-21.49 48-48v-48h48c26.51 0 48-21.49 48-48V48c0-26.51-21.49-48-48-48zM362 464H54a6 6 0 0 1-6-6V150a6 6 0 0 1 6-6h42v224c0 26.51 21.49 48 48 48h224v42a6 6 0 0 1-6 6zm96-96H150a6 6 0 0 1-6-6V54a6 6 0 0 1 6-6h308a6 6 0 0 1 6 6v308a6 6 0 0 1-6 6z\"><\/path>\n                <\/svg>\t\t\t\t\t\t<img decoding=\"async\" src=\"https:\/\/www.retros-gallery.com\/wp-content\/plugins\/instagram-feed\/img\/placeholder.png\" alt=\"COLEC\u021aIA ESTE DISPONIBIL\u0102 ACUMPiese rare \u2014 New SkinRetros x VLAdiLA pe retros-gallery.com\" aria-hidden=\"true\">\n\t\t<\/a>\n\t<\/div>\n<\/div><div class=\"sbi_item sbi_type_carousel sbi_new sbi_transition\"\n\tid=\"sbi_18357828259197712\" data-date=\"1747292400\">\n\t<div class=\"sbi_photo_wrap\">\n\t\t<a class=\"sbi_photo\" href=\"https:\/\/www.instagram.com\/p\/DJqkHbOoIJu\/\" target=\"_blank\" rel=\"noopener nofollow\"\n\t\t\tdata-full-res=\"https:\/\/scontent-vie1-1.cdninstagram.com\/v\/t51.75761-15\/498591857_18501422578031665_1644465595028472661_n.jpg?stp=dst-jpg_e35_tt6&#038;_nc_cat=106&#038;ccb=7-5&#038;_nc_sid=18de74&#038;_nc_ohc=pXYOM1lK584Q7kNvwHo93p8&#038;_nc_oc=AdlMmzEfO0Bj3_EHjKuGcqlk7GtiaybV-CTZ5KXnW6_Opncnj5Gz1_krCngsDxbFxm8r4Ed3TFZiwOytf35uu7Kv&#038;_nc_zt=23&#038;_nc_ht=scontent-vie1-1.cdninstagram.com&#038;edm=ANo9K5cEAAAA&#038;_nc_gid=wpKacPiDxZhb2MFru-Melw&#038;oh=00_AfJNbln81kXLCx2oZubuB8kZwVaZYIUJRdFPWEGlsaqhjA&#038;oe=682FC5B0\"\n\t\t\tdata-img-src-set=\"{&quot;d&quot;:&quot;https:\\\/\\\/scontent-vie1-1.cdninstagram.com\\\/v\\\/t51.75761-15\\\/498591857_18501422578031665_1644465595028472661_n.jpg?stp=dst-jpg_e35_tt6&amp;_nc_cat=106&amp;ccb=7-5&amp;_nc_sid=18de74&amp;_nc_ohc=pXYOM1lK584Q7kNvwHo93p8&amp;_nc_oc=AdlMmzEfO0Bj3_EHjKuGcqlk7GtiaybV-CTZ5KXnW6_Opncnj5Gz1_krCngsDxbFxm8r4Ed3TFZiwOytf35uu7Kv&amp;_nc_zt=23&amp;_nc_ht=scontent-vie1-1.cdninstagram.com&amp;edm=ANo9K5cEAAAA&amp;_nc_gid=wpKacPiDxZhb2MFru-Melw&amp;oh=00_AfJNbln81kXLCx2oZubuB8kZwVaZYIUJRdFPWEGlsaqhjA&amp;oe=682FC5B0&quot;,&quot;150&quot;:&quot;https:\\\/\\\/scontent-vie1-1.cdninstagram.com\\\/v\\\/t51.75761-15\\\/498591857_18501422578031665_1644465595028472661_n.jpg?stp=dst-jpg_e35_tt6&amp;_nc_cat=106&amp;ccb=7-5&amp;_nc_sid=18de74&amp;_nc_ohc=pXYOM1lK584Q7kNvwHo93p8&amp;_nc_oc=AdlMmzEfO0Bj3_EHjKuGcqlk7GtiaybV-CTZ5KXnW6_Opncnj5Gz1_krCngsDxbFxm8r4Ed3TFZiwOytf35uu7Kv&amp;_nc_zt=23&amp;_nc_ht=scontent-vie1-1.cdninstagram.com&amp;edm=ANo9K5cEAAAA&amp;_nc_gid=wpKacPiDxZhb2MFru-Melw&amp;oh=00_AfJNbln81kXLCx2oZubuB8kZwVaZYIUJRdFPWEGlsaqhjA&amp;oe=682FC5B0&quot;,&quot;320&quot;:&quot;https:\\\/\\\/scontent-vie1-1.cdninstagram.com\\\/v\\\/t51.75761-15\\\/498591857_18501422578031665_1644465595028472661_n.jpg?stp=dst-jpg_e35_tt6&amp;_nc_cat=106&amp;ccb=7-5&amp;_nc_sid=18de74&amp;_nc_ohc=pXYOM1lK584Q7kNvwHo93p8&amp;_nc_oc=AdlMmzEfO0Bj3_EHjKuGcqlk7GtiaybV-CTZ5KXnW6_Opncnj5Gz1_krCngsDxbFxm8r4Ed3TFZiwOytf35uu7Kv&amp;_nc_zt=23&amp;_nc_ht=scontent-vie1-1.cdninstagram.com&amp;edm=ANo9K5cEAAAA&amp;_nc_gid=wpKacPiDxZhb2MFru-Melw&amp;oh=00_AfJNbln81kXLCx2oZubuB8kZwVaZYIUJRdFPWEGlsaqhjA&amp;oe=682FC5B0&quot;,&quot;640&quot;:&quot;https:\\\/\\\/scontent-vie1-1.cdninstagram.com\\\/v\\\/t51.75761-15\\\/498591857_18501422578031665_1644465595028472661_n.jpg?stp=dst-jpg_e35_tt6&amp;_nc_cat=106&amp;ccb=7-5&amp;_nc_sid=18de74&amp;_nc_ohc=pXYOM1lK584Q7kNvwHo93p8&amp;_nc_oc=AdlMmzEfO0Bj3_EHjKuGcqlk7GtiaybV-CTZ5KXnW6_Opncnj5Gz1_krCngsDxbFxm8r4Ed3TFZiwOytf35uu7Kv&amp;_nc_zt=23&amp;_nc_ht=scontent-vie1-1.cdninstagram.com&amp;edm=ANo9K5cEAAAA&amp;_nc_gid=wpKacPiDxZhb2MFru-Melw&amp;oh=00_AfJNbln81kXLCx2oZubuB8kZwVaZYIUJRdFPWEGlsaqhjA&amp;oe=682FC5B0&quot;}\">\n\t\t\t<span class=\"sbi-screenreader\">RETROS X VLAdiLa PIESE RARE SKIN NOU 4\/8 lans\u0103ri<\/span>\n\t\t\t<svg class=\"svg-inline--fa fa-clone fa-w-16 sbi_lightbox_carousel_icon\" aria-hidden=\"true\" aria-label=\"Cloneaz\u0103\" data-fa-pro\u0192cessed=\"\" data-prefix=\"far\" data-icon=\"clone\" role=\"img\" xmlns=\"http:\/\/www.w3.org\/2000\/svg\" viewbox=\"0 0 512 512\">\n                    <path fill=\"currentColor\" d=\"M464 0H144c-26.51 0-48 21.49-48 48v48H48c-26.51 0-48 21.49-48 48v320c0 26.51 21.49 48 48 48h320c26.51 0 48-21.49 48-48v-48h48c26.51 0 48-21.49 48-48V48c0-26.51-21.49-48-48-48zM362 464H54a6 6 0 0 1-6-6V150a6 6 0 0 1 6-6h42v224c0 26.51 21.49 48 48 48h224v42a6 6 0 0 1-6 6zm96-96H150a6 6 0 0 1-6-6V54a6 6 0 0 1 6-6h308a6 6 0 0 1 6 6v308a6 6 0 0 1-6 6z\"><\/path>\n                <\/svg>\t\t\t\t\t\t<img decoding=\"async\" src=\"https:\/\/www.retros-gallery.com\/wp-content\/plugins\/instagram-feed\/img\/placeholder.png\" alt=\"RETROS X VLAdiLaRARE PIECES NEW SKIN 4\/8 se lanseaz\u0103 \u00ceN AST\u0102 SEAR\u0102, LA 19:00, online pe retros-gallery.com Fotoliu vintage rotativ Zefir, Ungaria (1960) \u00een catifea Platonic Love\" aria-hidden=\"true\">\n\t\t<\/a>\n\t<\/div>\n<\/div>\t<\/div>\n\n\t<div id=\"sbi_load\" >\n\n\t\n\t\n<\/div>\n\t\t<span class=\"sbi_resized_image_data\" data-feed-id=\"*1\"\n\t\t  data-resized=\"{&quot;18497328004000746&quot;:{&quot;id&quot;:&quot;497576388_1838914487051958_8176664533087001808_n&quot;,&quot;ratio&quot;:&quot;0.56&quot;,&quot;sizes&quot;:{&quot;full&quot;:640,&quot;low&quot;:320,&quot;thumb&quot;:150},&quot;extension&quot;:&quot;.webp&quot;},&quot;17937677088001677&quot;:{&quot;id&quot;:&quot;498715441_18501610345031665_1013540508651192435_n&quot;,&quot;ratio&quot;:&quot;1.50&quot;,&quot;sizes&quot;:{&quot;full&quot;:640,&quot;low&quot;:320,&quot;thumb&quot;:150},&quot;extension&quot;:&quot;.webp&quot;},&quot;18357828259197712&quot;:{&quot;id&quot;:&quot;498591857_18501422578031665_1644465595028472661_n&quot;,&quot;ratio&quot;:&quot;1.00&quot;,&quot;sizes&quot;:{&quot;full&quot;:640,&quot;low&quot;:320,&quot;thumb&quot;:150},&quot;extension&quot;:&quot;.webp&quot;}}\">\n\t<\/span>\n\t<\/div>\n\n<\/div>\n\t\t\t\t\t\t<\/div>\n\t\t\t\t<\/div>\n\t\t\t\t\t<\/div>\n\t\t<\/div>\n\t\t\t\t\t<\/div>\n\t\t<\/section>\n\t\t\t\t<div class=\"elementor-element elementor-element-a08e21b elementor-widget elementor-widget-spacer\" data-id=\"a08e21b\" data-element_type=\"widget\" data-widget_type=\"spacer.default\">\n\t\t\t\t<div class=\"elementor-widget-container\">\n\t\t\t\t\t\t\t<div class=\"elementor-spacer\">\n\t\t\t<div class=\"elementor-spacer-inner\"><\/div>\n\t\t<\/div>\n\t\t\t\t\t\t<\/div>\n\t\t\t\t<\/div>\n\t\t\t\t\t<\/div>\n\t\t<\/div>\n\t\t\t\t\t<\/div>\n\t\t<\/section>\n\t\t\t\t<\/div>","protected":false},"excerpt":{"rendered":"<p>INSTAGRAM<\/p>","protected":false},"author":1,"featured_media":0,"parent":0,"menu_order":0,"comment_status":"closed","ping_status":"closed","template":"elementor_header_footer","meta":{"footnotes":""},"class_list":["post-10","page","type-page","status-publish","hentry"],"yoast_head":"<!-- This site is optimized with the Yoast SEO Premium plugin v24.6 (Yoast SEO v27.4) - https:\/\/yoast.com\/product\/yoast-seo-premium-wordpress\/ -->\n<title>Retros Gallery | Curated Mid-Century Modern Vintage Furniture<\/title>\n<meta name=\"description\" content=\"Shop timeless mid-century modern furniture, hand-picked iconic vintage pieces curated worldwide. Retros Gallery has been redefining interior design since 2008.\" \/>\n<meta name=\"robots\" content=\"index, follow, max-snippet:-1, max-image-preview:large, max-video-preview:-1\" \/>\n<link rel=\"canonical\" href=\"https:\/\/www.retros-gallery.com\/ro\/\" \/>\n<meta property=\"og:locale\" content=\"ro_RO\" \/>\n<meta property=\"og:type\" content=\"article\" \/>\n<meta property=\"og:title\" content=\"Home\" \/>\n<meta property=\"og:description\" content=\"Shop timeless mid-century modern furniture, hand-picked iconic vintage pieces curated worldwide. Retros Gallery has been redefining interior design since 2008.\" \/>\n<meta property=\"og:url\" content=\"https:\/\/www.retros-gallery.com\/ro\/\" \/>\n<meta property=\"og:site_name\" content=\"Retros Gallery\" \/>\n<meta property=\"article:publisher\" content=\"https:\/\/www.facebook.com\/retrosfurniture\/\" \/>\n<meta property=\"article:modified_time\" content=\"2025-10-17T13:48:19+00:00\" \/>\n<meta name=\"twitter:card\" content=\"summary_large_image\" \/>\n<meta name=\"twitter:label1\" content=\"Timp estimat pentru citire\" \/>\n\t<meta name=\"twitter:data1\" content=\"33 de minute\" \/>\n<script type=\"application\/ld+json\" class=\"yoast-schema-graph\">{\"@context\":\"https:\\\/\\\/schema.org\",\"@graph\":[{\"@type\":\"WebPage\",\"@id\":\"https:\\\/\\\/www.retros-gallery.com\\\/\",\"url\":\"https:\\\/\\\/www.retros-gallery.com\\\/\",\"name\":\"Retros Gallery | Curated Mid-Century Modern Vintage Furniture\",\"isPartOf\":{\"@id\":\"https:\\\/\\\/www.retros-gallery.com\\\/#website\"},\"datePublished\":\"2023-02-15T21:10:05+00:00\",\"dateModified\":\"2025-10-17T13:48:19+00:00\",\"description\":\"Shop timeless mid-century modern furniture, hand-picked iconic vintage pieces curated worldwide. Retros Gallery has been redefining interior design since 2008.\",\"breadcrumb\":{\"@id\":\"https:\\\/\\\/www.retros-gallery.com\\\/#breadcrumb\"},\"inLanguage\":\"ro-RO\",\"potentialAction\":[{\"@type\":\"ReadAction\",\"target\":[\"https:\\\/\\\/www.retros-gallery.com\\\/\"]}]},{\"@type\":\"BreadcrumbList\",\"@id\":\"https:\\\/\\\/www.retros-gallery.com\\\/#breadcrumb\",\"itemListElement\":[{\"@type\":\"ListItem\",\"position\":1,\"name\":\"Home\",\"item\":\"https:\\\/\\\/www.retros-gallery.com\\\/\"},{\"@type\":\"ListItem\",\"position\":2,\"name\":\"Home\"}]},{\"@type\":\"WebSite\",\"@id\":\"https:\\\/\\\/www.retros-gallery.com\\\/#website\",\"url\":\"https:\\\/\\\/www.retros-gallery.com\\\/\",\"name\":\"Retros Gallery\",\"description\":\"Vintage Furniture Vendor\",\"publisher\":{\"@id\":\"https:\\\/\\\/www.retros-gallery.com\\\/#organization\"},\"potentialAction\":[{\"@type\":\"SearchAction\",\"target\":{\"@type\":\"EntryPoint\",\"urlTemplate\":\"https:\\\/\\\/www.retros-gallery.com\\\/?s={search_term_string}\"},\"query-input\":{\"@type\":\"PropertyValueSpecification\",\"valueRequired\":true,\"valueName\":\"search_term_string\"}}],\"inLanguage\":\"ro-RO\"},{\"@type\":[\"Organization\",\"Place\"],\"@id\":\"https:\\\/\\\/www.retros-gallery.com\\\/#organization\",\"name\":\"Retros Gallery\",\"url\":\"https:\\\/\\\/www.retros-gallery.com\\\/\",\"logo\":{\"@id\":\"https:\\\/\\\/www.retros-gallery.com\\\/#local-main-organization-logo\"},\"image\":{\"@id\":\"https:\\\/\\\/www.retros-gallery.com\\\/#local-main-organization-logo\"},\"sameAs\":[\"https:\\\/\\\/www.facebook.com\\\/retrosfurniture\\\/\",\"https:\\\/\\\/www.instagram.com\\\/retros.ro\\\/\"],\"telephone\":[],\"openingHoursSpecification\":[{\"@type\":\"OpeningHoursSpecification\",\"dayOfWeek\":[\"Monday\",\"Tuesday\",\"Wednesday\",\"Thursday\",\"Friday\",\"Saturday\",\"Sunday\"],\"opens\":\"09:00\",\"closes\":\"17:00\"}]},{\"@type\":\"ImageObject\",\"inLanguage\":\"ro-RO\",\"@id\":\"https:\\\/\\\/www.retros-gallery.com\\\/#local-main-organization-logo\",\"url\":\"https:\\\/\\\/www.retros-gallery.com\\\/wp-content\\\/uploads\\\/2023\\\/02\\\/Asset-2@4x-1.png\",\"contentUrl\":\"https:\\\/\\\/www.retros-gallery.com\\\/wp-content\\\/uploads\\\/2023\\\/02\\\/Asset-2@4x-1.png\",\"width\":2329,\"height\":248,\"caption\":\"Retros Gallery\"}]}<\/script>\n<!-- \/ Yoast SEO Premium plugin. -->","yoast_head_json":{"title":"Retros Gallery | Mobilier Mid-Century Modern Vintage &amp; Piese Iconice","description":"Redescopera mobilier vintage mid-century modern, piese de designer iconice selectate din intreaga lume. Retros Gallery \u2013 redefineste designul interior din 2008.","robots":{"index":"index","follow":"follow","max-snippet":"max-snippet:-1","max-image-preview":"max-image-preview:large","max-video-preview":"max-video-preview:-1"},"canonical":"https:\/\/www.retros-gallery.com\/ro\/","og_locale":"ro_RO","og_type":"article","og_title":"Home","og_description":"Shop timeless mid-century modern furniture, hand-picked iconic vintage pieces curated worldwide. Retros Gallery has been redefining interior design since 2008.","og_url":"https:\/\/www.retros-gallery.com\/ro\/","og_site_name":"Retros Gallery","article_publisher":"https:\/\/www.facebook.com\/retrosfurniture\/","article_modified_time":"2025-10-17T13:48:19+00:00","twitter_card":"summary_large_image","twitter_misc":{"Timp estimat pentru citire":"33 de minute"},"schema":{"@context":"https:\/\/schema.org","@graph":[{"@type":"WebPage","@id":"https:\/\/www.retros-gallery.com\/","url":"https:\/\/www.retros-gallery.com\/","name":"Retros Gallery | Mobilier Mid-Century Modern Vintage &amp; Piese Iconice","isPartOf":{"@id":"https:\/\/www.retros-gallery.com\/#website"},"datePublished":"2023-02-15T21:10:05+00:00","dateModified":"2025-10-17T13:48:19+00:00","description":"Redescopera mobilier vintage mid-century modern, piese de designer iconice selectate din intreaga lume. Retros Gallery \u2013 redefineste designul interior din 2008.","breadcrumb":{"@id":"https:\/\/www.retros-gallery.com\/#breadcrumb"},"inLanguage":"ro-RO","potentialAction":[{"@type":"ReadAction","target":["https:\/\/www.retros-gallery.com\/"]}]},{"@type":"BreadcrumbList","@id":"https:\/\/www.retros-gallery.com\/#breadcrumb","itemListElement":[{"@type":"ListItem","position":1,"name":"Home","item":"https:\/\/www.retros-gallery.com\/"},{"@type":"ListItem","position":2,"name":"Home"}]},{"@type":"WebSite","@id":"https:\/\/www.retros-gallery.com\/#website","url":"https:\/\/www.retros-gallery.com\/","name":"Retros Gallery","description":"V\u00e2nz\u0103tor de mobil\u0103 de epoc\u0103","publisher":{"@id":"https:\/\/www.retros-gallery.com\/#organization"},"potentialAction":[{"@type":"SearchAction","target":{"@type":"EntryPoint","urlTemplate":"https:\/\/www.retros-gallery.com\/?s={search_term_string}"},"query-input":{"@type":"PropertyValueSpecification","valueRequired":true,"valueName":"search_term_string"}}],"inLanguage":"ro-RO"},{"@type":["Organization","Place"],"@id":"https:\/\/www.retros-gallery.com\/#organization","name":"Retros Gallery","url":"https:\/\/www.retros-gallery.com\/","logo":{"@id":"https:\/\/www.retros-gallery.com\/#local-main-organization-logo"},"image":{"@id":"https:\/\/www.retros-gallery.com\/#local-main-organization-logo"},"sameAs":["https:\/\/www.facebook.com\/retrosfurniture\/","https:\/\/www.instagram.com\/retros.ro\/"],"telephone":[],"openingHoursSpecification":[{"@type":"OpeningHoursSpecification","dayOfWeek":["Monday","Tuesday","Wednesday","Thursday","Friday","Saturday","Sunday"],"opens":"09:00","closes":"17:00"}]},{"@type":"ImageObject","inLanguage":"ro-RO","@id":"https:\/\/www.retros-gallery.com\/#local-main-organization-logo","url":"https:\/\/www.retros-gallery.com\/wp-content\/uploads\/2023\/02\/Asset-2@4x-1.png","contentUrl":"https:\/\/www.retros-gallery.com\/wp-content\/uploads\/2023\/02\/Asset-2@4x-1.png","width":2329,"height":248,"caption":"Retros Gallery"}]}},"_links":{"self":[{"href":"https:\/\/www.retros-gallery.com\/ro\/wp-json\/wp\/v2\/pages\/10","targetHints":{"allow":["GET"]}}],"collection":[{"href":"https:\/\/www.retros-gallery.com\/ro\/wp-json\/wp\/v2\/pages"}],"about":[{"href":"https:\/\/www.retros-gallery.com\/ro\/wp-json\/wp\/v2\/types\/page"}],"author":[{"embeddable":true,"href":"https:\/\/www.retros-gallery.com\/ro\/wp-json\/wp\/v2\/users\/1"}],"replies":[{"embeddable":true,"href":"https:\/\/www.retros-gallery.com\/ro\/wp-json\/wp\/v2\/comments?post=10"}],"version-history":[{"count":93,"href":"https:\/\/www.retros-gallery.com\/ro\/wp-json\/wp\/v2\/pages\/10\/revisions"}],"predecessor-version":[{"id":10049,"href":"https:\/\/www.retros-gallery.com\/ro\/wp-json\/wp\/v2\/pages\/10\/revisions\/10049"}],"wp:attachment":[{"href":"https:\/\/www.retros-gallery.com\/ro\/wp-json\/wp\/v2\/media?parent=10"}],"curies":[{"name":"wp","href":"https:\/\/api.w.org\/{rel}","templated":true}]}}