{"id":38,"date":"2023-02-16T09:05:14","date_gmt":"2023-02-16T09:05:14","guid":{"rendered":"https:\/\/www.retros-gallery.com\/?page_id=38"},"modified":"2025-08-08T12:05:36","modified_gmt":"2025-08-08T09:05:36","slug":"despre-noi","status":"publish","type":"page","link":"https:\/\/www.retros-gallery.com\/ro\/despre-noi\/","title":{"rendered":"Despre noi"},"content":{"rendered":"<div data-elementor-type=\"wp-page\" data-elementor-id=\"38\" class=\"elementor elementor-38\" data-elementor-post-type=\"page\">\n\t\t\t\t\t\t<section class=\"has_eae_slider elementor-section elementor-top-section elementor-element elementor-element-22f680a elementor-section-boxed elementor-section-height-default elementor-section-height-default\" data-eae-slider=\"8754\" data-id=\"22f680a\" data-element_type=\"section\">\n\t\t\t\t\t\t<div class=\"elementor-container elementor-column-gap-default\">\n\t\t\t\t\t<div class=\"has_eae_slider elementor-column elementor-col-25 elementor-top-column elementor-element elementor-element-50cee7f\" data-eae-slider=\"80593\" data-id=\"50cee7f\" data-element_type=\"column\">\n\t\t\t<div class=\"elementor-widget-wrap elementor-element-populated\">\n\t\t\t\t\t\t<div class=\"elementor-element elementor-element-25700ee elementor-widget__width-initial e-transform elementor-widget elementor-widget-heading\" data-id=\"25700ee\" data-element_type=\"widget\" data-settings=\"{&quot;_transform_rotateZ_effect&quot;:{&quot;unit&quot;:&quot;px&quot;,&quot;size&quot;:-90,&quot;sizes&quot;:[]},&quot;_transform_rotateZ_effect_tablet&quot;:{&quot;unit&quot;:&quot;deg&quot;,&quot;size&quot;:&quot;&quot;,&quot;sizes&quot;:[]},&quot;_transform_rotateZ_effect_mobile&quot;:{&quot;unit&quot;:&quot;deg&quot;,&quot;size&quot;:&quot;&quot;,&quot;sizes&quot;:[]}}\" data-widget_type=\"heading.default\">\n\t\t\t\t<div class=\"elementor-widget-container\">\n\t\t\t\t\t<h1 class=\"elementor-heading-title elementor-size-default\">Despre noi<\/h1>\t\t\t\t<\/div>\n\t\t\t\t<\/div>\n\t\t\t\t\t<\/div>\n\t\t<\/div>\n\t\t\t\t<div class=\"has_eae_slider elementor-column elementor-col-25 elementor-top-column elementor-element elementor-element-0673c0e\" data-eae-slider=\"41792\" data-id=\"0673c0e\" data-element_type=\"column\">\n\t\t\t<div class=\"elementor-widget-wrap\">\n\t\t\t\t\t\t\t<\/div>\n\t\t<\/div>\n\t\t\t\t<div class=\"has_eae_slider elementor-column elementor-col-25 elementor-top-column elementor-element elementor-element-c7118e5\" data-eae-slider=\"1652\" data-id=\"c7118e5\" data-element_type=\"column\">\n\t\t\t<div class=\"elementor-widget-wrap\">\n\t\t\t\t\t\t\t<\/div>\n\t\t<\/div>\n\t\t\t\t<div class=\"has_eae_slider elementor-column elementor-col-25 elementor-top-column elementor-element elementor-element-63da696\" data-eae-slider=\"48081\" data-id=\"63da696\" data-element_type=\"column\">\n\t\t\t<div class=\"elementor-widget-wrap elementor-element-populated\">\n\t\t\t\t\t\t<div class=\"elementor-element elementor-element-b6474e4 elementor-widget elementor-widget-spacer\" data-id=\"b6474e4\" data-element_type=\"widget\" data-widget_type=\"spacer.default\">\n\t\t\t\t<div class=\"elementor-widget-container\">\n\t\t\t\t\t\t\t<div class=\"elementor-spacer\">\n\t\t\t<div class=\"elementor-spacer-inner\"><\/div>\n\t\t<\/div>\n\t\t\t\t\t\t<\/div>\n\t\t\t\t<\/div>\n\t\t\t\t<div class=\"elementor-element elementor-element-c363339 elementor-widget elementor-widget-heading\" data-id=\"c363339\" data-element_type=\"widget\" data-widget_type=\"heading.default\">\n\t\t\t\t<div class=\"elementor-widget-container\">\n\t\t\t\t\t<h2 class=\"elementor-heading-title elementor-size-default\">Despre Retros Gallery: Povestea noastr\u0103<\/h2>\t\t\t\t<\/div>\n\t\t\t\t<\/div>\n\t\t\t\t<div class=\"elementor-element elementor-element-e2e81ac elementor-widget elementor-widget-heading\" data-id=\"e2e81ac\" data-element_type=\"widget\" data-widget_type=\"heading.default\">\n\t\t\t\t<div class=\"elementor-widget-container\">\n\t\t\t\t\t<p class=\"elementor-heading-title elementor-size-default\">Retros Gallery: Destina\u021bia ta pentru mobilier modern atemporal de la mijlocul secolului <\/p>\t\t\t\t<\/div>\n\t\t\t\t<\/div>\n\t\t\t\t<div class=\"elementor-element elementor-element-8fcbd25 elementor-widget elementor-widget-heading\" data-id=\"8fcbd25\" data-element_type=\"widget\" data-widget_type=\"heading.default\">\n\t\t\t\t<div class=\"elementor-widget-container\">\n\t\t\t\t\t<p class=\"elementor-heading-title elementor-size-default\">Designul secolului al XX-lea a marcat o schimbare semnificativ\u0103 \u00een modul \u00een care a fost abordat designul, cu accent pe func\u021bionalitate \u0219i estetica modern\u0103.<\/p>\t\t\t\t<\/div>\n\t\t\t\t<\/div>\n\t\t\t\t<div class=\"elementor-element elementor-element-3394d27 elementor-widget elementor-widget-heading\" data-id=\"3394d27\" data-element_type=\"widget\" data-widget_type=\"heading.default\">\n\t\t\t\t<div class=\"elementor-widget-container\">\n\t\t\t\t\t<p class=\"elementor-heading-title elementor-size-default\">Durabil \u0219i atent, Retros a fost st\u00e2rnit \u00eenc\u0103 de la \u00eenceput de un design frumos al vie\u021bii \u00eens\u0103\u0219i.\n<\/p>\t\t\t\t<\/div>\n\t\t\t\t<\/div>\n\t\t\t\t<div class=\"elementor-element elementor-element-dcd07c0 elementor-widget elementor-widget-heading\" data-id=\"dcd07c0\" data-element_type=\"widget\" data-widget_type=\"heading.default\">\n\t\t\t\t<div class=\"elementor-widget-container\">\n\t\t\t\t\t<p class=\"elementor-heading-title elementor-size-default\">Un echilibru fin \u00eentre instinctul natural al fondatorului Retros \u0219i intui\u021bia despre designul secolului XX, Retros a luat contur \u00een mod organic \u00eencep\u00e2nd cu 2008. \u00cen timp, Retros \u0219i-a construit reputa\u021bia de a fi un loc de plecare pentru piese moderne de la mijlocul secolului rare, valoroase \u0219i atemporale.<\/p>\t\t\t\t<\/div>\n\t\t\t\t<\/div>\n\t\t\t\t\t<\/div>\n\t\t<\/div>\n\t\t\t\t\t<\/div>\n\t\t<\/section>\n\t\t\t\t<section class=\"has_eae_slider elementor-section elementor-top-section elementor-element elementor-element-f8e68e5 elementor-section-full_width elementor-section-height-default elementor-section-height-default\" data-eae-slider=\"94134\" data-id=\"f8e68e5\" data-element_type=\"section\">\n\t\t\t\t\t\t<div class=\"elementor-container elementor-column-gap-no\">\n\t\t\t\t\t<div class=\"has_eae_slider elementor-column elementor-col-100 elementor-top-column elementor-element elementor-element-9efca7d\" data-eae-slider=\"97521\" data-id=\"9efca7d\" data-element_type=\"column\">\n\t\t\t<div class=\"elementor-widget-wrap elementor-element-populated\">\n\t\t\t\t\t\t<div class=\"elementor-element elementor-element-12e6631 elementor-widget elementor-widget-text-editor\" data-id=\"12e6631\" data-element_type=\"widget\" data-widget_type=\"text-editor.default\">\n\t\t\t\t<div class=\"elementor-widget-container\">\n\t\t\t\t\t\t\t\t\t<p><strong>Sari la:<\/strong> <a href=\"#2008\">2008<\/a> | <a href=\"#2017\">2017<\/a> | <a href=\"#2020\">2020<\/a> | <a href=\"#2022\">2022<\/a> | <a href=\"#2024\">2024<\/a> | <a href=\"#2025\">2025<\/a><\/p>\t\t\t\t\t\t\t\t<\/div>\n\t\t\t\t<\/div>\n\t\t\t\t<div class=\"elementor-element elementor-element-7a0225f image-position-column elementor-widget elementor-widget-eae-timeline\" data-id=\"7a0225f\" data-element_type=\"widget\" data-widget_type=\"eae-timeline.skin1\">\n\t\t\t\t<div class=\"elementor-widget-container\">\n\t\t\t\t\t\t\t<section data-layout=\"center\" data-top-offset=\"200\" class=\"eae-layout-center eae-timeline eae-timeline-alternate-no eae-tl-center eae-tl-res-style-mobile eae-tl-res-layout-left\">\n\t\t\t<div class=\"eae-timline-progress-bar\">\n\t\t\t\t<div class='eae-pb-inner-line'><\/div>\n\t\t\t<\/div>\n\n\t\t\t\n\t\t\t\t\t\t\t\t\n\t\t\t\t\t\t<div id=\"3f0fb87\" class=\"eae-timeline-item elementor-repeater-item-3f0fb87 custom-image-style-no image-position-\">\n\n\t\t\t\t<div class=\"eae-tl-item-meta-wrapper\">\n\t\t\t\t\t\t\t\t\t\t\t<div class=\"eae-tl-item-meta\">\n\t\t\t\t\t\t\t2008 \u2013 \u00cenceputul\t\t\t\t\t\t<\/div>\n\t\t\t\t\t\t\n\t\t\t\t<\/div>\n\n\t\t\t\t<div class=\"eae-tl-icon-wrapper\" id=\"3f0fb87\">\n\t\t\t\t\t\t\t\t\t<div class=\"eae-icon eae-icon-item_icon eae-icon-view-stacked eae-icon-shape-circle eae-icon-type-icon\">\n\t\t\t\t\t<div class=\"eae-icon-wrap\">\n\t\t\t\t\t\t\t\t\t\t\t\t\t<i aria-hidden=\"true\" class=\"fa fa-calendar\"><\/i>\t\t\t\t\t\t\t\t\t\t\t\t<\/div>\n\t\t\t\t<\/div>\n\t\t\t\t\t\t\t\t<\/div>\n\t\t\t\t<div class=\"eae-tl-content-wrapper\">\n\t\t\t\t\t\t\t\t\t\t\t\t\t<a href=\"#\">\n\t\t\t\t\t\t\t\t\t\t\t\t<div class=\"eae-tl-item-content\">\n\t\t\t\t\t\t\t\t\t\t\t\t\t\t<div class=\"eae-width-100 eae-tl-content\">\n\t\t\t\t\t\t\t\t<div class=\"eae-content-inner\">\n\t\t\t\t\t\t\t\t\t<div class=\"eae-tl-item-meta-wrapper-inner\">\n\t\t\t\t\t\t\t\t\t\t\t\t\t\t\t\t\t\t\t\t\t<div class=\"eae-tl-item-meta-inner\">\n\t\t\t\t\t\t\t\t\t\t\t\t2008 \u2013 \u00cenceputul\t\t\t\t\t\t\t\t\t\t\t<\/div>\n\t\t\t\t\t\t\t\t\t\t\t\t\t\t\t\t\t\t\t\t<\/div>\n\t\t\t\t\t\t\t\t\t<h3 class=\"eae-tl-item-title\"><\/h3><div class=\"eae-tl-content-innner\"><p id=\"2008\">Brandul Retros s-a n\u0103scut \u00eentr-un spa\u021biu modest din zona Baicului, \u00een fosta fabric\u0103 Electronica. Acesta a marcat debutul c\u0103l\u0103toriei noastre \u00een designul vintage \u0219i mobilierul de colec\u021bie.<\/p><\/div>\t\t\t\t\t\t\t\t<\/div>\n\t\t\t\t\t\t\t<\/div>\n\t\t\t\t\t\t\t\t\t\t\t\t\t<\/div>\n\t\t\t\t\t\t<\/a>\t\t\t\t<\/div>\n\n\t\t\t<\/div>\n\t\t\t\t\t\t\t\t\n\t\t\t\t\t\t<div id=\"cf98531\" class=\"eae-timeline-item elementor-repeater-item-cf98531 custom-image-style-no image-position-\">\n\n\t\t\t\t<div class=\"eae-tl-item-meta-wrapper\">\n\t\t\t\t\t\t\t\t\t\t\t<div class=\"eae-tl-item-meta\">\n\t\t\t\t\t\t\t2017 \u2013 Un Nou Capitol \u00een Popa Nan\t\t\t\t\t\t<\/div>\n\t\t\t\t\t\t\n\t\t\t\t<\/div>\n\n\t\t\t\t<div class=\"eae-tl-icon-wrapper\" id=\"cf98531\">\n\t\t\t\t\t\t\t\t\t<div class=\"eae-icon eae-icon-item_icon eae-icon-view-stacked eae-icon-shape-circle eae-icon-type-icon\">\n\t\t\t\t\t<div class=\"eae-icon-wrap\">\n\t\t\t\t\t\t\t\t\t\t\t\t\t<i aria-hidden=\"true\" class=\"fa fa-calendar\"><\/i>\t\t\t\t\t\t\t\t\t\t\t\t<\/div>\n\t\t\t\t<\/div>\n\t\t\t\t\t\t\t\t<\/div>\n\t\t\t\t<div class=\"eae-tl-content-wrapper\">\n\t\t\t\t\t\t\t\t\t\t\t\t\t<a href=\"#\">\n\t\t\t\t\t\t\t\t\t\t\t\t<div class=\"eae-tl-item-content\">\n\t\t\t\t\t\t\t\t\t\t\t\t\t\t<div class=\"eae-width-100 eae-tl-content\">\n\t\t\t\t\t\t\t\t<div class=\"eae-content-inner\">\n\t\t\t\t\t\t\t\t\t<div class=\"eae-tl-item-meta-wrapper-inner\">\n\t\t\t\t\t\t\t\t\t\t\t\t\t\t\t\t\t\t\t\t\t<div class=\"eae-tl-item-meta-inner\">\n\t\t\t\t\t\t\t\t\t\t\t\t2017 \u2013 Un Nou Capitol \u00een Popa Nan\t\t\t\t\t\t\t\t\t\t\t<\/div>\n\t\t\t\t\t\t\t\t\t\t\t\t\t\t\t\t\t\t\t\t<\/div>\n\t\t\t\t\t\t\t\t\t<h3 class=\"eae-tl-item-title\"><\/h3><div class=\"eae-tl-content-innner\"><p id=\"2017\">Am deschis un nou spa\u021biu de 600 mp pe strada Popa Nan 82, \u00eentr-o fost\u0103 fabric\u0103 de textile. Amenajat \u00eentr-un stil retro-industrial cu accente moderne, acest loc a devenit rapid un hub pentru industriile creative: film\u0103ri de videoclipuri pentru Global Records \u0219i arti\u0219ti precum Vunk, Alex Velea, Smiley, Irina Rimes \u0219i Andrei Cavassi; \u0219edin\u021be foto cu modele cunoscute precum Carla Pricop \u0219i fotografi de renume interna\u021bional, printre care Marius B\u0103r\u0103gan \u0219i C\u0103t\u0103lin Opri\u021bescu.<\/p><\/div>\t\t\t\t\t\t\t\t<\/div>\n\t\t\t\t\t\t\t<\/div>\n\t\t\t\t\t\t\t\t\t\t\t\t\t<\/div>\n\t\t\t\t\t\t<\/a>\t\t\t\t<\/div>\n\n\t\t\t<\/div>\n\t\t\t\t\t\t\t\t\n\t\t\t\t\t\t<div id=\"52d81d4\" class=\"eae-timeline-item elementor-repeater-item-52d81d4 custom-image-style-no image-position-\">\n\n\t\t\t\t<div class=\"eae-tl-item-meta-wrapper\">\n\t\t\t\t\t\t\t\t\t\t\t<div class=\"eae-tl-item-meta\">\n\t\t\t\t\t\t\t2020 \u2013 Industrial Soul \u00een Otopeni\t\t\t\t\t\t<\/div>\n\t\t\t\t\t\t\n\t\t\t\t<\/div>\n\n\t\t\t\t<div class=\"eae-tl-icon-wrapper\" id=\"52d81d4\">\n\t\t\t\t\t\t\t\t\t<div class=\"eae-icon eae-icon-item_icon eae-icon-view-stacked eae-icon-shape-circle eae-icon-type-icon\">\n\t\t\t\t\t<div class=\"eae-icon-wrap\">\n\t\t\t\t\t\t\t\t\t\t\t\t\t<i aria-hidden=\"true\" class=\"fa fa-calendar\"><\/i>\t\t\t\t\t\t\t\t\t\t\t\t<\/div>\n\t\t\t\t<\/div>\n\t\t\t\t\t\t\t\t<\/div>\n\t\t\t\t<div class=\"eae-tl-content-wrapper\">\n\t\t\t\t\t\t\t\t\t\t\t\t\t<a href=\"#\">\n\t\t\t\t\t\t\t\t\t\t\t\t<div class=\"eae-tl-item-content\">\n\t\t\t\t\t\t\t\t\t\t\t\t\t\t<div class=\"eae-width-100 eae-tl-content\">\n\t\t\t\t\t\t\t\t<div class=\"eae-content-inner\">\n\t\t\t\t\t\t\t\t\t<div class=\"eae-tl-item-meta-wrapper-inner\">\n\t\t\t\t\t\t\t\t\t\t\t\t\t\t\t\t\t\t\t\t\t<div class=\"eae-tl-item-meta-inner\">\n\t\t\t\t\t\t\t\t\t\t\t\t2020 \u2013 Industrial Soul \u00een Otopeni\t\t\t\t\t\t\t\t\t\t\t<\/div>\n\t\t\t\t\t\t\t\t\t\t\t\t\t\t\t\t\t\t\t\t<\/div>\n\t\t\t\t\t\t\t\t\t<h3 class=\"eae-tl-item-title\"><\/h3><div class=\"eae-tl-content-innner\"><p id=\"2020\">Ne-am mutat \u00eentr-o fost\u0103 fabric\u0103 de prelucr\u0103ri metalice din Otopeni. Designul a r\u0103mas brut \u0219i industrial, pus \u00een valoare de mobilier din piele premium \u0219i covoare designer de la Carpet &amp; More, cu modele semnate Tom Dixon \u0219i Christian Lacroix. Acest spa\u021biu a devenit locul preferat pentru film\u0103ri al influencerilor \u0219i arti\u0219tilor de top, precum Alina Eremia \u0219i Dorian Popa.<\/p><\/div>\t\t\t\t\t\t\t\t<\/div>\n\t\t\t\t\t\t\t<\/div>\n\t\t\t\t\t\t\t\t\t\t\t\t\t<\/div>\n\t\t\t\t\t\t<\/a>\t\t\t\t<\/div>\n\n\t\t\t<\/div>\n\t\t\t\t\t\t\t\t\n\t\t\t\t\t\t<div id=\"b9d1584\" class=\"eae-timeline-item elementor-repeater-item-b9d1584 custom-image-style-no image-position-\">\n\n\t\t\t\t<div class=\"eae-tl-item-meta-wrapper\">\n\t\t\t\t\t\t\t\t\t\t\t<div class=\"eae-tl-item-meta\">\n\t\t\t\t\t\t\t2022 \u2013 Creative Synergy at Casa Presei Libere\t\t\t\t\t\t<\/div>\n\t\t\t\t\t\t\n\t\t\t\t<\/div>\n\n\t\t\t\t<div class=\"eae-tl-icon-wrapper\" id=\"b9d1584\">\n\t\t\t\t\t\t\t\t\t<div class=\"eae-icon eae-icon-item_icon eae-icon-view-stacked eae-icon-shape-circle eae-icon-type-icon\">\n\t\t\t\t\t<div class=\"eae-icon-wrap\">\n\t\t\t\t\t\t\t\t\t\t\t\t\t<i aria-hidden=\"true\" class=\"fa fa-calendar\"><\/i>\t\t\t\t\t\t\t\t\t\t\t\t<\/div>\n\t\t\t\t<\/div>\n\t\t\t\t\t\t\t\t<\/div>\n\t\t\t\t<div class=\"eae-tl-content-wrapper\">\n\t\t\t\t\t\t\t\t\t\t\t\t\t<a href=\"#\">\n\t\t\t\t\t\t\t\t\t\t\t\t<div class=\"eae-tl-item-content\">\n\t\t\t\t\t\t\t\t\t\t\t\t\t\t<div class=\"eae-width-100 eae-tl-content\">\n\t\t\t\t\t\t\t\t<div class=\"eae-content-inner\">\n\t\t\t\t\t\t\t\t\t<div class=\"eae-tl-item-meta-wrapper-inner\">\n\t\t\t\t\t\t\t\t\t\t\t\t\t\t\t\t\t\t\t\t\t<div class=\"eae-tl-item-meta-inner\">\n\t\t\t\t\t\t\t\t\t\t\t\t2022 \u2013 Creative Synergy at Casa Presei Libere\t\t\t\t\t\t\t\t\t\t\t<\/div>\n\t\t\t\t\t\t\t\t\t\t\t\t\t\t\t\t\t\t\t\t<\/div>\n\t\t\t\t\t\t\t\t\t<h3 class=\"eae-tl-item-title\"><\/h3><div class=\"eae-tl-content-innner\"><p id=\"2022\">Am \u00eencheiat un parteneriat cu Lightaholic Studio\u2014unul dintre cele mai mari studiouri foto-video din Rom\u00e2nia\u2014pentru a lansa cel mai amplu spa\u021biu al nostru de p\u00e2n\u0103 acum.<br \/>\u00cen acela\u0219i an, designerul vizionar Corina Olaru s-a al\u0103turat echipei Retros ca director de crea\u021bie, devenind ulterior \u0219i proprietar. Cu un background multidisciplinar \u00een fotografie, publicitate \u0219i design interior, Corina a adus un nou suflu creativ brandului. Ea a fondat anterior <a href=\"https:\/\/www.room12.ro\/\" target=\"_blank\" rel=\"nofollow noopener\">Room12<\/a>, un aparthotel boutique \u00een cartierul Prim\u0103verii, \u0219i <a href=\"https:\/\/artfulliving.app\/\" target=\"_blank\" rel=\"nofollow noopener\">Artful Living<\/a>, prima aplica\u021bie din Rom\u00e2nia dedicat\u0103 serviciilor premium de lifestyle.<br \/>A\u0219a a luat na\u0219tere <a href=\"https:\/\/g.co\/kgs\/p7VH87i\" target=\"_blank\" rel=\"noopener\">Retros Gallery<\/a>, un spa\u021biu tip galerie reziden\u021bial\u0103 integrat \u00een Room12, pe Str. Moliere 12-14. Fiecare apartament a fost amenajat personal de Corina, folosind mobilier mid-century modern de la Retros \u0219i lucr\u0103ri fotografice curatoriate cu aten\u021bie.<\/p><\/div>\t\t\t\t\t\t\t\t<\/div>\n\t\t\t\t\t\t\t<\/div>\n\t\t\t\t\t\t\t\t\t\t\t\t\t<\/div>\n\t\t\t\t\t\t<\/a>\t\t\t\t<\/div>\n\n\t\t\t<\/div>\n\t\t\t\t\t\t\t\t\n\t\t\t\t\t\t<div id=\"ab4be48\" class=\"eae-timeline-item elementor-repeater-item-ab4be48 custom-image-style-no image-position-\">\n\n\t\t\t\t<div class=\"eae-tl-item-meta-wrapper\">\n\t\t\t\t\t\t\t\t\t\t\t<div class=\"eae-tl-item-meta\">\n\t\t\t\t\t\t\t2024 \u2013 Flagship Showroom\t\t\t\t\t\t<\/div>\n\t\t\t\t\t\t\n\t\t\t\t<\/div>\n\n\t\t\t\t<div class=\"eae-tl-icon-wrapper\" id=\"ab4be48\">\n\t\t\t\t\t\t\t\t\t<div class=\"eae-icon eae-icon-item_icon eae-icon-view-stacked eae-icon-shape-circle eae-icon-type-icon\">\n\t\t\t\t\t<div class=\"eae-icon-wrap\">\n\t\t\t\t\t\t\t\t\t\t\t\t\t<i aria-hidden=\"true\" class=\"fa fa-calendar\"><\/i>\t\t\t\t\t\t\t\t\t\t\t\t<\/div>\n\t\t\t\t<\/div>\n\t\t\t\t\t\t\t\t<\/div>\n\t\t\t\t<div class=\"eae-tl-content-wrapper\">\n\t\t\t\t\t\t\t\t\t\t\t\t\t<a href=\"#\">\n\t\t\t\t\t\t\t\t\t\t\t\t<div class=\"eae-tl-item-content\">\n\t\t\t\t\t\t\t\t\t\t\t\t\t\t<div class=\"eae-width-100 eae-tl-content\">\n\t\t\t\t\t\t\t\t<div class=\"eae-content-inner\">\n\t\t\t\t\t\t\t\t\t<div class=\"eae-tl-item-meta-wrapper-inner\">\n\t\t\t\t\t\t\t\t\t\t\t\t\t\t\t\t\t\t\t\t\t<div class=\"eae-tl-item-meta-inner\">\n\t\t\t\t\t\t\t\t\t\t\t\t2024 \u2013 Flagship Showroom\t\t\t\t\t\t\t\t\t\t\t<\/div>\n\t\t\t\t\t\t\t\t\t\t\t\t\t\t\t\t\t\t\t\t<\/div>\n\t\t\t\t\t\t\t\t\t<h3 class=\"eae-tl-item-title\"><\/h3><div class=\"eae-tl-content-innner\"><p id=\"2024\">Am lansat un <a href=\"https:\/\/g.co\/kgs\/NcSSsgM\" target=\"_blank\" rel=\"noopener\">showroom nou, pe dou\u0103 niveluri, cu o suprafa\u021b\u0103 de 1400 mp<\/a> \u00eentr-o fost\u0103 fabric\u0103 de saltele complet renovat\u0103. Conceput ca spa\u021biul principal al brandului, showroom-ul reflect\u0103 pe deplin experien\u021ba Retros Gallery\u2014fiind locul unde prezent\u0103m cea mai extins\u0103 colec\u021bie de mobilier vintage mid-century modern. Este centrul viziunii noastre, unde vizitatorii pot explora me\u0219te\u0219ugul, filosofia \u0219i universul nostru estetic.<\/p><\/div>\t\t\t\t\t\t\t\t<\/div>\n\t\t\t\t\t\t\t<\/div>\n\t\t\t\t\t\t\t\t\t\t\t\t\t<\/div>\n\t\t\t\t\t\t<\/a>\t\t\t\t<\/div>\n\n\t\t\t<\/div>\n\t\t\t\t\t\t\t\t\n\t\t\t\t\t\t<div id=\"0d99ae3\" class=\"eae-timeline-item elementor-repeater-item-0d99ae3 custom-image-style-no image-position-\">\n\n\t\t\t\t<div class=\"eae-tl-item-meta-wrapper\">\n\t\t\t\t\t\t\t\t\t\t\t<div class=\"eae-tl-item-meta\">\n\t\t\t\t\t\t\t2025 \u2013 O Celebrare a Designului\t\t\t\t\t\t<\/div>\n\t\t\t\t\t\t\n\t\t\t\t<\/div>\n\n\t\t\t\t<div class=\"eae-tl-icon-wrapper\" id=\"0d99ae3\">\n\t\t\t\t\t\t\t\t\t<div class=\"eae-icon eae-icon-item_icon eae-icon-view-stacked eae-icon-shape-circle eae-icon-type-icon\">\n\t\t\t\t\t<div class=\"eae-icon-wrap\">\n\t\t\t\t\t\t\t\t\t\t\t\t\t<i aria-hidden=\"true\" class=\"fa fa-calendar\"><\/i>\t\t\t\t\t\t\t\t\t\t\t\t<\/div>\n\t\t\t\t<\/div>\n\t\t\t\t\t\t\t\t<\/div>\n\t\t\t\t<div class=\"eae-tl-content-wrapper\">\n\t\t\t\t\t\t\t\t\t\t\t\t\t<a href=\"#\">\n\t\t\t\t\t\t\t\t\t\t\t\t<div class=\"eae-tl-item-content\">\n\t\t\t\t\t\t\t\t\t\t\t\t\t\t<div class=\"eae-width-100 eae-tl-content\">\n\t\t\t\t\t\t\t\t<div class=\"eae-content-inner\">\n\t\t\t\t\t\t\t\t\t<div class=\"eae-tl-item-meta-wrapper-inner\">\n\t\t\t\t\t\t\t\t\t\t\t\t\t\t\t\t\t\t\t\t\t<div class=\"eae-tl-item-meta-inner\">\n\t\t\t\t\t\t\t\t\t\t\t\t2025 \u2013 O Celebrare a Designului\t\t\t\t\t\t\t\t\t\t\t<\/div>\n\t\t\t\t\t\t\t\t\t\t\t\t\t\t\t\t\t\t\t\t<\/div>\n\t\t\t\t\t\t\t\t\t<h3 class=\"eae-tl-item-title\"><\/h3><div class=\"eae-tl-content-innner\"><p id=\"2025\">Evenimentul oficial de deschidere al noului nostru showroom de pe Str. Duetului 54 a fost organizat \u00een colaborare cu<a href=\"https:\/\/www.galleria146.com\/\" target=\"_blank\" rel=\"nofollow noopener\"> Galeria 146<\/a>, o galerie de art\u0103 contemporan\u0103 cunoscut\u0103 \u00een Bucure\u0219ti pentru expozi\u021bii experimentale \u0219i pentru sus\u021binerea arti\u0219tilor emergen\u021bi. Evenimentul a reunit designeri de interior de prestigiu, arhitec\u021bi, personalit\u0103\u021bi culturale, influenceri \u0219i pasiona\u021bi de art\u0103, celebr\u00e2nd \u00eent\u00e2lnirea dintre designul de colec\u021bie \u0219i arta contemporan\u0103.<\/p><\/div>\t\t\t\t\t\t\t\t<\/div>\n\t\t\t\t\t\t\t<\/div>\n\t\t\t\t\t\t\t\t\t\t\t\t\t<\/div>\n\t\t\t\t\t\t<\/a>\t\t\t\t<\/div>\n\n\t\t\t<\/div>\n\t\t\t\t\t\t<\/section>\n\n\t\t\t\t\t\t<\/div>\n\t\t\t\t<\/div>\n\t\t\t\t<div class=\"elementor-element elementor-element-ef24686 elementor-widget elementor-widget-text-editor\" data-id=\"ef24686\" data-element_type=\"widget\" data-widget_type=\"text-editor.default\">\n\t\t\t\t<div class=\"elementor-widget-container\">\n\t\t\t\t\t\t\t\t\t<p><em>Retros Gallery continu\u0103 s\u0103 modeleze dialogul dintre estetica vintage \u0219i spa\u021biile de locuit contemporane.<br \/>Povestea noastr\u0103 este una a transform\u0103rii, parteneriatelor creative \u0219i a designului atemporal.<\/em><\/p>\t\t\t\t\t\t\t\t<\/div>\n\t\t\t\t<\/div>\n\t\t\t\t\t<\/div>\n\t\t<\/div>\n\t\t\t\t\t<\/div>\n\t\t<\/section>\n\t\t\t\t<section class=\"has_eae_slider elementor-section elementor-top-section elementor-element elementor-element-d42da3b elementor-section-full_width elementor-section-height-default elementor-section-height-default\" data-eae-slider=\"27269\" data-id=\"d42da3b\" data-element_type=\"section\">\n\t\t\t\t\t\t<div class=\"elementor-container elementor-column-gap-default\">\n\t\t\t\t\t<div class=\"has_eae_slider elementor-column elementor-col-100 elementor-top-column elementor-element elementor-element-b58b9c7\" data-eae-slider=\"69893\" data-id=\"b58b9c7\" data-element_type=\"column\">\n\t\t\t<div class=\"elementor-widget-wrap elementor-element-populated\">\n\t\t\t\t\t\t<div class=\"elementor-element elementor-element-02255c6 elementor-widget elementor-widget-image\" data-id=\"02255c6\" data-element_type=\"widget\" data-widget_type=\"image.default\">\n\t\t\t\t<div class=\"elementor-widget-container\">\n\t\t\t\t\t\t\t\t\t\t\t\t\t\t\t<img fetchpriority=\"high\" decoding=\"async\" width=\"2500\" height=\"1667\" src=\"https:\/\/www.retros-gallery.com\/wp-content\/uploads\/2023\/02\/Asset-1@4x.webp\" class=\"attachment-full size-full wp-image-48\" alt=\"\" srcset=\"https:\/\/www.retros-gallery.com\/wp-content\/uploads\/2023\/02\/Asset-1@4x.webp 2500w, https:\/\/www.retros-gallery.com\/wp-content\/uploads\/2023\/02\/Asset-1@4x-600x400.webp 600w, https:\/\/www.retros-gallery.com\/wp-content\/uploads\/2023\/02\/Asset-1@4x-300x200.webp 300w, https:\/\/www.retros-gallery.com\/wp-content\/uploads\/2023\/02\/Asset-1@4x-1024x683.webp 1024w, https:\/\/www.retros-gallery.com\/wp-content\/uploads\/2023\/02\/Asset-1@4x-768x512.webp 768w, https:\/\/www.retros-gallery.com\/wp-content\/uploads\/2023\/02\/Asset-1@4x-1536x1024.webp 1536w, https:\/\/www.retros-gallery.com\/wp-content\/uploads\/2023\/02\/Asset-1@4x-2048x1366.webp 2048w\" sizes=\"(max-width: 2500px) 100vw, 2500px\" \/>\t\t\t\t\t\t\t\t\t\t\t\t\t\t\t<\/div>\n\t\t\t\t<\/div>\n\t\t\t\t\t<\/div>\n\t\t<\/div>\n\t\t\t\t\t<\/div>\n\t\t<\/section>\n\t\t\t\t<\/div>","protected":false},"excerpt":{"rendered":"<p>About&nbsp;Us About Retros Gallery: Our Story Retros Gallery: Your Destination for Timeless Mid Century Modern Furniture 20th century design marked a significant shift in the way design was approached, with a focus on function and modern aesthetics. Sustainable and attentive, Retros has been stirred up from the beginnings by a beautiful design of life itself. [&hellip;]<\/p>","protected":false},"author":1,"featured_media":0,"parent":0,"menu_order":0,"comment_status":"closed","ping_status":"closed","template":"elementor_header_footer","meta":{"footnotes":""},"class_list":["post-38","page","type-page","status-publish","hentry"],"yoast_head":"<!-- This site is optimized with the Yoast SEO Premium plugin v24.6 (Yoast SEO v27.5) - https:\/\/yoast.com\/product\/yoast-seo-premium-wordpress\/ -->\n<title>About Us \u2013 The Story Behind Retros Gallery<\/title>\n<meta name=\"description\" content=\"About us: Step into Retros Gallery\u2014a curated world of vintage Italian design, Space Age furniture, and timeless pieces that tell stories through bold interiors.\" \/>\n<meta name=\"robots\" content=\"index, follow, max-snippet:-1, max-image-preview:large, max-video-preview:-1\" \/>\n<link rel=\"canonical\" href=\"https:\/\/www.retros-gallery.com\/ro\/despre-noi\/\" \/>\n<meta property=\"og:locale\" content=\"ro_RO\" \/>\n<meta property=\"og:type\" content=\"article\" \/>\n<meta property=\"og:title\" content=\"About Us\" \/>\n<meta property=\"og:description\" content=\"About us: Step into Retros Gallery\u2014a curated world of vintage Italian design, Space Age furniture, and timeless pieces that tell stories through bold interiors.\" \/>\n<meta property=\"og:url\" content=\"https:\/\/www.retros-gallery.com\/ro\/despre-noi\/\" \/>\n<meta property=\"og:site_name\" content=\"Retros Gallery\" \/>\n<meta property=\"article:publisher\" content=\"https:\/\/www.facebook.com\/retrosfurniture\/\" \/>\n<meta property=\"article:modified_time\" content=\"2025-08-08T09:05:36+00:00\" \/>\n<meta property=\"og:image\" content=\"https:\/\/www.retros-gallery.com\/wp-content\/uploads\/2023\/02\/Asset-1@4x.webp\" \/>\n\t<meta property=\"og:image:width\" content=\"2500\" \/>\n\t<meta property=\"og:image:height\" content=\"1667\" \/>\n\t<meta property=\"og:image:type\" content=\"image\/webp\" \/>\n<meta name=\"twitter:card\" content=\"summary_large_image\" \/>\n<meta name=\"twitter:label1\" content=\"Timp estimat pentru citire\" \/>\n\t<meta name=\"twitter:data1\" content=\"3 minute\" \/>\n<script type=\"application\/ld+json\" class=\"yoast-schema-graph\">{\"@context\":\"https:\\\/\\\/schema.org\",\"@graph\":[{\"@type\":\"WebPage\",\"@id\":\"https:\\\/\\\/www.retros-gallery.com\\\/about-us\\\/\",\"url\":\"https:\\\/\\\/www.retros-gallery.com\\\/about-us\\\/\",\"name\":\"About Us \u2013 The Story Behind Retros Gallery\",\"isPartOf\":{\"@id\":\"https:\\\/\\\/www.retros-gallery.com\\\/#website\"},\"primaryImageOfPage\":{\"@id\":\"https:\\\/\\\/www.retros-gallery.com\\\/about-us\\\/#primaryimage\"},\"image\":{\"@id\":\"https:\\\/\\\/www.retros-gallery.com\\\/about-us\\\/#primaryimage\"},\"thumbnailUrl\":\"https:\\\/\\\/www.retros-gallery.com\\\/wp-content\\\/uploads\\\/2023\\\/02\\\/Asset-1@4x.webp\",\"datePublished\":\"2023-02-16T09:05:14+00:00\",\"dateModified\":\"2025-08-08T09:05:36+00:00\",\"description\":\"About us: Step into Retros Gallery\u2014a curated world of vintage Italian design, Space Age furniture, and timeless pieces that tell stories through bold interiors.\",\"breadcrumb\":{\"@id\":\"https:\\\/\\\/www.retros-gallery.com\\\/about-us\\\/#breadcrumb\"},\"inLanguage\":\"ro-RO\",\"potentialAction\":[{\"@type\":\"ReadAction\",\"target\":[\"https:\\\/\\\/www.retros-gallery.com\\\/about-us\\\/\"]}]},{\"@type\":\"ImageObject\",\"inLanguage\":\"ro-RO\",\"@id\":\"https:\\\/\\\/www.retros-gallery.com\\\/about-us\\\/#primaryimage\",\"url\":\"https:\\\/\\\/www.retros-gallery.com\\\/wp-content\\\/uploads\\\/2023\\\/02\\\/Asset-1@4x.webp\",\"contentUrl\":\"https:\\\/\\\/www.retros-gallery.com\\\/wp-content\\\/uploads\\\/2023\\\/02\\\/Asset-1@4x.webp\"},{\"@type\":\"BreadcrumbList\",\"@id\":\"https:\\\/\\\/www.retros-gallery.com\\\/about-us\\\/#breadcrumb\",\"itemListElement\":[{\"@type\":\"ListItem\",\"position\":1,\"name\":\"Home\",\"item\":\"https:\\\/\\\/www.retros-gallery.com\\\/\"},{\"@type\":\"ListItem\",\"position\":2,\"name\":\"About Us\"}]},{\"@type\":\"WebSite\",\"@id\":\"https:\\\/\\\/www.retros-gallery.com\\\/#website\",\"url\":\"https:\\\/\\\/www.retros-gallery.com\\\/\",\"name\":\"Retros Gallery\",\"description\":\"Vintage Furniture Vendor\",\"publisher\":{\"@id\":\"https:\\\/\\\/www.retros-gallery.com\\\/#organization\"},\"potentialAction\":[{\"@type\":\"SearchAction\",\"target\":{\"@type\":\"EntryPoint\",\"urlTemplate\":\"https:\\\/\\\/www.retros-gallery.com\\\/?s={search_term_string}\"},\"query-input\":{\"@type\":\"PropertyValueSpecification\",\"valueRequired\":true,\"valueName\":\"search_term_string\"}}],\"inLanguage\":\"ro-RO\"},{\"@type\":[\"Organization\",\"Place\"],\"@id\":\"https:\\\/\\\/www.retros-gallery.com\\\/#organization\",\"name\":\"Retros Gallery\",\"url\":\"https:\\\/\\\/www.retros-gallery.com\\\/\",\"logo\":{\"@id\":\"https:\\\/\\\/www.retros-gallery.com\\\/about-us\\\/#local-main-organization-logo\"},\"image\":{\"@id\":\"https:\\\/\\\/www.retros-gallery.com\\\/about-us\\\/#local-main-organization-logo\"},\"sameAs\":[\"https:\\\/\\\/www.facebook.com\\\/retrosfurniture\\\/\",\"https:\\\/\\\/www.instagram.com\\\/retros.ro\\\/\"],\"telephone\":[],\"openingHoursSpecification\":[{\"@type\":\"OpeningHoursSpecification\",\"dayOfWeek\":[\"Monday\",\"Tuesday\",\"Wednesday\",\"Thursday\",\"Friday\",\"Saturday\",\"Sunday\"],\"opens\":\"09:00\",\"closes\":\"17:00\"}]},{\"@type\":\"ImageObject\",\"inLanguage\":\"ro-RO\",\"@id\":\"https:\\\/\\\/www.retros-gallery.com\\\/about-us\\\/#local-main-organization-logo\",\"url\":\"https:\\\/\\\/www.retros-gallery.com\\\/wp-content\\\/uploads\\\/2023\\\/02\\\/Asset-2@4x-1.png\",\"contentUrl\":\"https:\\\/\\\/www.retros-gallery.com\\\/wp-content\\\/uploads\\\/2023\\\/02\\\/Asset-2@4x-1.png\",\"width\":2329,\"height\":248,\"caption\":\"Retros Gallery\"}]}<\/script>\n<!-- \/ Yoast SEO Premium plugin. -->","yoast_head_json":{"title":"Despre noi \u2013 Povestea din spatele Retros Gallery","description":"Despre noi: Descopera sufletul Retros Gallery prin piese autentice din perioada mid-century. O galerie cu selectii de mobila vintage. Activa inca din anul 2008.","robots":{"index":"index","follow":"follow","max-snippet":"max-snippet:-1","max-image-preview":"max-image-preview:large","max-video-preview":"max-video-preview:-1"},"canonical":"https:\/\/www.retros-gallery.com\/ro\/despre-noi\/","og_locale":"ro_RO","og_type":"article","og_title":"About Us","og_description":"About us: Step into Retros Gallery\u2014a curated world of vintage Italian design, Space Age furniture, and timeless pieces that tell stories through bold interiors.","og_url":"https:\/\/www.retros-gallery.com\/ro\/despre-noi\/","og_site_name":"Retros Gallery","article_publisher":"https:\/\/www.facebook.com\/retrosfurniture\/","article_modified_time":"2025-08-08T09:05:36+00:00","og_image":[{"width":2500,"height":1667,"url":"https:\/\/www.retros-gallery.com\/wp-content\/uploads\/2023\/02\/Asset-1@4x.webp","type":"image\/webp"}],"twitter_card":"summary_large_image","twitter_misc":{"Timp estimat pentru citire":"3 minute"},"schema":{"@context":"https:\/\/schema.org","@graph":[{"@type":"WebPage","@id":"https:\/\/www.retros-gallery.com\/about-us\/","url":"https:\/\/www.retros-gallery.com\/about-us\/","name":"Despre noi \u2013 Povestea din spatele Retros Gallery","isPartOf":{"@id":"https:\/\/www.retros-gallery.com\/#website"},"primaryImageOfPage":{"@id":"https:\/\/www.retros-gallery.com\/about-us\/#primaryimage"},"image":{"@id":"https:\/\/www.retros-gallery.com\/about-us\/#primaryimage"},"thumbnailUrl":"https:\/\/www.retros-gallery.com\/wp-content\/uploads\/2023\/02\/Asset-1@4x.webp","datePublished":"2023-02-16T09:05:14+00:00","dateModified":"2025-08-08T09:05:36+00:00","description":"Despre noi: Descopera sufletul Retros Gallery prin piese autentice din perioada mid-century. O galerie cu selectii de mobila vintage. Activa inca din anul 2008.","breadcrumb":{"@id":"https:\/\/www.retros-gallery.com\/about-us\/#breadcrumb"},"inLanguage":"ro-RO","potentialAction":[{"@type":"ReadAction","target":["https:\/\/www.retros-gallery.com\/about-us\/"]}]},{"@type":"ImageObject","inLanguage":"ro-RO","@id":"https:\/\/www.retros-gallery.com\/about-us\/#primaryimage","url":"https:\/\/www.retros-gallery.com\/wp-content\/uploads\/2023\/02\/Asset-1@4x.webp","contentUrl":"https:\/\/www.retros-gallery.com\/wp-content\/uploads\/2023\/02\/Asset-1@4x.webp"},{"@type":"BreadcrumbList","@id":"https:\/\/www.retros-gallery.com\/about-us\/#breadcrumb","itemListElement":[{"@type":"ListItem","position":1,"name":"Home","item":"https:\/\/www.retros-gallery.com\/"},{"@type":"ListItem","position":2,"name":"About Us"}]},{"@type":"WebSite","@id":"https:\/\/www.retros-gallery.com\/#website","url":"https:\/\/www.retros-gallery.com\/","name":"Retros Gallery","description":"V\u00e2nz\u0103tor de mobil\u0103 de epoc\u0103","publisher":{"@id":"https:\/\/www.retros-gallery.com\/#organization"},"potentialAction":[{"@type":"SearchAction","target":{"@type":"EntryPoint","urlTemplate":"https:\/\/www.retros-gallery.com\/?s={search_term_string}"},"query-input":{"@type":"PropertyValueSpecification","valueRequired":true,"valueName":"search_term_string"}}],"inLanguage":"ro-RO"},{"@type":["Organization","Place"],"@id":"https:\/\/www.retros-gallery.com\/#organization","name":"Retros Gallery","url":"https:\/\/www.retros-gallery.com\/","logo":{"@id":"https:\/\/www.retros-gallery.com\/about-us\/#local-main-organization-logo"},"image":{"@id":"https:\/\/www.retros-gallery.com\/about-us\/#local-main-organization-logo"},"sameAs":["https:\/\/www.facebook.com\/retrosfurniture\/","https:\/\/www.instagram.com\/retros.ro\/"],"telephone":[],"openingHoursSpecification":[{"@type":"OpeningHoursSpecification","dayOfWeek":["Monday","Tuesday","Wednesday","Thursday","Friday","Saturday","Sunday"],"opens":"09:00","closes":"17:00"}]},{"@type":"ImageObject","inLanguage":"ro-RO","@id":"https:\/\/www.retros-gallery.com\/about-us\/#local-main-organization-logo","url":"https:\/\/www.retros-gallery.com\/wp-content\/uploads\/2023\/02\/Asset-2@4x-1.png","contentUrl":"https:\/\/www.retros-gallery.com\/wp-content\/uploads\/2023\/02\/Asset-2@4x-1.png","width":2329,"height":248,"caption":"Retros Gallery"}]}},"_links":{"self":[{"href":"https:\/\/www.retros-gallery.com\/ro\/wp-json\/wp\/v2\/pages\/38","targetHints":{"allow":["GET"]}}],"collection":[{"href":"https:\/\/www.retros-gallery.com\/ro\/wp-json\/wp\/v2\/pages"}],"about":[{"href":"https:\/\/www.retros-gallery.com\/ro\/wp-json\/wp\/v2\/types\/page"}],"author":[{"embeddable":true,"href":"https:\/\/www.retros-gallery.com\/ro\/wp-json\/wp\/v2\/users\/1"}],"replies":[{"embeddable":true,"href":"https:\/\/www.retros-gallery.com\/ro\/wp-json\/wp\/v2\/comments?post=38"}],"version-history":[{"count":49,"href":"https:\/\/www.retros-gallery.com\/ro\/wp-json\/wp\/v2\/pages\/38\/revisions"}],"predecessor-version":[{"id":9765,"href":"https:\/\/www.retros-gallery.com\/ro\/wp-json\/wp\/v2\/pages\/38\/revisions\/9765"}],"wp:attachment":[{"href":"https:\/\/www.retros-gallery.com\/ro\/wp-json\/wp\/v2\/media?parent=38"}],"curies":[{"name":"wp","href":"https:\/\/api.w.org\/{rel}","templated":true}]}}