{"id":8320,"date":"2025-03-24T16:34:08","date_gmt":"2025-03-24T13:34:08","guid":{"rendered":"https:\/\/www.retros-gallery.com\/?post_type=product&#038;p=8320"},"modified":"2026-04-05T16:37:05","modified_gmt":"2026-04-05T13:37:05","slug":"fotolii-din-catifea-verde-de-la-gigi-radice-italia-anii-1950-set-de-2","status":"publish","type":"product","link":"https:\/\/www.retros-gallery.com\/ro\/colectii\/canapele-fotolii-scaune\/fotolii\/fotolii-din-catifea-verde-de-la-gigi-radice-italia-anii-1950-set-de-2\/","title":{"rendered":"Fotolii din catifea verde de Gigi Radice, Italia, anii 1950, set de 2"},"content":{"rendered":"<p>\u0218ezlong vintage luxos, elegant \u0219i confortabil, complet restaurat, proiectat de Gigi Radice pentru Minotti \u00een anii 50. Structura din lemn captusita este tapitata cu noua tesatura de catifea verde exotic. Picioarele metalice de form\u0103 conic\u0103 cu designul tipic al epocii sunt vopsite \u00een negru cu v\u00e2rfuri de alam\u0103.<\/p>","protected":false},"excerpt":{"rendered":"<p>\u0218ezlong vintage luxos, elegant \u0219i confortabil, complet restaurat, proiectat de Gigi Radice pentru Minotti \u00een anii 50. Structura din lemn captusita este tapitata cu noua tesatura de catifea verde exotic. Picioarele metalice de form\u0103 conic\u0103 cu designul tipic al epocii sunt vopsite \u00een negru cu v\u00e2rfuri de alam\u0103.<\/p>","protected":false},"featured_media":8322,"comment_status":"open","ping_status":"closed","template":"","meta":[],"product_brand":[],"product_cat":[35,36,49],"product_tag":[],"class_list":{"0":"post-8320","1":"product","2":"type-product","3":"status-publish","4":"has-post-thumbnail","6":"product_cat-furniture","7":"product_cat-seating","8":"product_cat-armchairs","10":"first","11":"instock","12":"shipping-taxable","13":"purchasable","14":"product-type-simple"},"yoast_head":"<!-- This site is optimized with the Yoast SEO Premium plugin v24.6 (Yoast SEO v27.5) - https:\/\/yoast.com\/product\/yoast-seo-premium-wordpress\/ -->\n<title>Green Velvet Armchairs By Gigi Radice, Italy 1950&#039;s set of 2 - Retros Gallery<\/title>\n<meta name=\"description\" content=\"Elevate your place with this premium vintage armchairs featuring green velvet upholstery, accentuated by sharp, contrasting details for a bold statement.\" \/>\n<meta name=\"robots\" content=\"index, follow, max-snippet:-1, max-image-preview:large, max-video-preview:-1\" \/>\n<link rel=\"canonical\" href=\"https:\/\/www.retros-gallery.com\/ro\/colectii\/canapele-fotolii-scaune\/fotolii\/fotolii-din-catifea-verde-de-la-gigi-radice-italia-anii-1950-set-de-2\/\" \/>\n<meta property=\"og:locale\" content=\"ro_RO\" \/>\n<meta property=\"og:type\" content=\"article\" \/>\n<meta property=\"og:title\" content=\"Green Velvet Armchairs By Gigi Radice, Italy 1950&#039;s set of 2\" \/>\n<meta property=\"og:description\" content=\"Elevate your place with this premium vintage armchairs featuring green velvet upholstery, accentuated by sharp, contrasting details for a bold statement.\" \/>\n<meta property=\"og:url\" content=\"https:\/\/www.retros-gallery.com\/ro\/colectii\/canapele-fotolii-scaune\/fotolii\/fotolii-din-catifea-verde-de-la-gigi-radice-italia-anii-1950-set-de-2\/\" \/>\n<meta property=\"og:site_name\" content=\"Retros Gallery\" \/>\n<meta property=\"article:publisher\" content=\"https:\/\/www.facebook.com\/retrosfurniture\/\" \/>\n<meta property=\"article:modified_time\" content=\"2026-04-05T13:37:05+00:00\" \/>\n<meta property=\"og:image\" content=\"https:\/\/www.retros-gallery.com\/wp-content\/uploads\/2025\/03\/DSC00126-poza2.jpg\" \/>\n\t<meta property=\"og:image:width\" content=\"1300\" \/>\n\t<meta property=\"og:image:height\" content=\"867\" \/>\n\t<meta property=\"og:image:type\" content=\"image\/jpeg\" \/>\n<meta name=\"twitter:card\" content=\"summary_large_image\" \/>\n<meta name=\"twitter:label1\" content=\"Pre\u021b\" \/>\n\t<meta name=\"twitter:data1\" content=\"\u20ac2.000\" \/>\n\t<meta name=\"twitter:label2\" content=\"Disponibilitate\" \/>\n\t<meta name=\"twitter:data2\" content=\"\u00cen stoc\" \/>\n<script type=\"application\/ld+json\" class=\"yoast-schema-graph\">{\"@context\":\"https:\\\/\\\/schema.org\",\"@graph\":[{\"@type\":\"WebPage\",\"@id\":\"https:\\\/\\\/www.retros-gallery.com\\\/collection\\\/seating\\\/armchairs\\\/green-velvet-armchairs-by-gigi-radice-italy-1950s-set-of-2\\\/\",\"url\":\"https:\\\/\\\/www.retros-gallery.com\\\/collection\\\/seating\\\/armchairs\\\/green-velvet-armchairs-by-gigi-radice-italy-1950s-set-of-2\\\/\",\"name\":\"Green Velvet Armchairs By Gigi Radice, Italy 1950's set of 2 - Retros Gallery\",\"isPartOf\":{\"@id\":\"https:\\\/\\\/www.retros-gallery.com\\\/#website\"},\"primaryImageOfPage\":{\"@id\":\"https:\\\/\\\/www.retros-gallery.com\\\/collection\\\/seating\\\/armchairs\\\/green-velvet-armchairs-by-gigi-radice-italy-1950s-set-of-2\\\/#primaryimage\"},\"image\":{\"@id\":\"https:\\\/\\\/www.retros-gallery.com\\\/collection\\\/seating\\\/armchairs\\\/green-velvet-armchairs-by-gigi-radice-italy-1950s-set-of-2\\\/#primaryimage\"},\"thumbnailUrl\":\"https:\\\/\\\/www.retros-gallery.com\\\/wp-content\\\/uploads\\\/2025\\\/03\\\/DSC00126-poza2.jpg\",\"datePublished\":\"2025-03-24T13:34:08+00:00\",\"dateModified\":\"2026-04-05T13:37:05+00:00\",\"description\":\"Elevate your place with this premium vintage armchairs featuring green velvet upholstery, accentuated by sharp, contrasting details for a bold statement.\",\"breadcrumb\":{\"@id\":\"https:\\\/\\\/www.retros-gallery.com\\\/collection\\\/seating\\\/armchairs\\\/green-velvet-armchairs-by-gigi-radice-italy-1950s-set-of-2\\\/#breadcrumb\"},\"inLanguage\":\"ro-RO\",\"potentialAction\":[{\"@type\":\"ReadAction\",\"target\":[\"https:\\\/\\\/www.retros-gallery.com\\\/collection\\\/seating\\\/armchairs\\\/green-velvet-armchairs-by-gigi-radice-italy-1950s-set-of-2\\\/\"]}]},{\"@type\":\"ImageObject\",\"inLanguage\":\"ro-RO\",\"@id\":\"https:\\\/\\\/www.retros-gallery.com\\\/collection\\\/seating\\\/armchairs\\\/green-velvet-armchairs-by-gigi-radice-italy-1950s-set-of-2\\\/#primaryimage\",\"url\":\"https:\\\/\\\/www.retros-gallery.com\\\/wp-content\\\/uploads\\\/2025\\\/03\\\/DSC00126-poza2.jpg\",\"contentUrl\":\"https:\\\/\\\/www.retros-gallery.com\\\/wp-content\\\/uploads\\\/2025\\\/03\\\/DSC00126-poza2.jpg\",\"width\":1300,\"height\":867,\"caption\":\"DSC00126-poza2\"},{\"@type\":\"BreadcrumbList\",\"@id\":\"https:\\\/\\\/www.retros-gallery.com\\\/collection\\\/seating\\\/armchairs\\\/green-velvet-armchairs-by-gigi-radice-italy-1950s-set-of-2\\\/#breadcrumb\",\"itemListElement\":[{\"@type\":\"ListItem\",\"position\":1,\"name\":\"Home\",\"item\":\"https:\\\/\\\/www.retros-gallery.com\\\/\"},{\"@type\":\"ListItem\",\"position\":2,\"name\":\"Collection\",\"item\":\"https:\\\/\\\/www.retros-gallery.com\\\/collection\\\/\"},{\"@type\":\"ListItem\",\"position\":3,\"name\":\"Seating\",\"item\":\"https:\\\/\\\/www.retros-gallery.com\\\/product-category\\\/seating\\\/\"},{\"@type\":\"ListItem\",\"position\":4,\"name\":\"Armchairs\",\"item\":\"https:\\\/\\\/www.retros-gallery.com\\\/product-category\\\/seating\\\/armchairs\\\/\"},{\"@type\":\"ListItem\",\"position\":5,\"name\":\"Green Velvet Armchairs By Gigi Radice, Italy 1950&#8217;s set of 2\"}]},{\"@type\":\"WebSite\",\"@id\":\"https:\\\/\\\/www.retros-gallery.com\\\/#website\",\"url\":\"https:\\\/\\\/www.retros-gallery.com\\\/\",\"name\":\"Retros Gallery\",\"description\":\"Vintage Furniture Vendor\",\"publisher\":{\"@id\":\"https:\\\/\\\/www.retros-gallery.com\\\/#organization\"},\"potentialAction\":[{\"@type\":\"SearchAction\",\"target\":{\"@type\":\"EntryPoint\",\"urlTemplate\":\"https:\\\/\\\/www.retros-gallery.com\\\/?s={search_term_string}\"},\"query-input\":{\"@type\":\"PropertyValueSpecification\",\"valueRequired\":true,\"valueName\":\"search_term_string\"}}],\"inLanguage\":\"ro-RO\"},{\"@type\":[\"Organization\",\"Place\"],\"@id\":\"https:\\\/\\\/www.retros-gallery.com\\\/#organization\",\"name\":\"Retros Gallery\",\"url\":\"https:\\\/\\\/www.retros-gallery.com\\\/\",\"logo\":{\"@id\":\"https:\\\/\\\/www.retros-gallery.com\\\/collection\\\/seating\\\/armchairs\\\/green-velvet-armchairs-by-gigi-radice-italy-1950s-set-of-2\\\/#local-main-organization-logo\"},\"image\":{\"@id\":\"https:\\\/\\\/www.retros-gallery.com\\\/collection\\\/seating\\\/armchairs\\\/green-velvet-armchairs-by-gigi-radice-italy-1950s-set-of-2\\\/#local-main-organization-logo\"},\"sameAs\":[\"https:\\\/\\\/www.facebook.com\\\/retrosfurniture\\\/\",\"https:\\\/\\\/www.instagram.com\\\/retros.ro\\\/\"],\"telephone\":[],\"openingHoursSpecification\":[{\"@type\":\"OpeningHoursSpecification\",\"dayOfWeek\":[\"Monday\",\"Tuesday\",\"Wednesday\",\"Thursday\",\"Friday\",\"Saturday\",\"Sunday\"],\"opens\":\"09:00\",\"closes\":\"17:00\"}]},{\"@type\":\"ImageObject\",\"inLanguage\":\"ro-RO\",\"@id\":\"https:\\\/\\\/www.retros-gallery.com\\\/collection\\\/seating\\\/armchairs\\\/green-velvet-armchairs-by-gigi-radice-italy-1950s-set-of-2\\\/#local-main-organization-logo\",\"url\":\"https:\\\/\\\/www.retros-gallery.com\\\/wp-content\\\/uploads\\\/2023\\\/02\\\/Asset-2@4x-1.png\",\"contentUrl\":\"https:\\\/\\\/www.retros-gallery.com\\\/wp-content\\\/uploads\\\/2023\\\/02\\\/Asset-2@4x-1.png\",\"width\":2329,\"height\":248,\"caption\":\"Retros Gallery\"}]}<\/script>\n<meta property=\"product:price:amount\" content=\"2000\" \/>\n<meta property=\"product:price:currency\" content=\"EUR\" \/>\n<meta property=\"og:availability\" content=\"instock\" \/>\n<meta property=\"product:availability\" content=\"instock\" \/>\n<meta property=\"product:retailer_item_id\" content=\"ARM0225GG07\" \/>\n<meta property=\"product:condition\" content=\"new\" \/>\n<!-- \/ Yoast SEO Premium plugin. -->","yoast_head_json":{"title":"Fotolii din catifea verde de Gigi Radice, Italia anilor 1950 set de 2 - Retros Gallery","description":"Ridic\u0103-\u021bi locul cu aceste fotolii vintage premium, cu tapi\u021berie din catifea verde, accentuate de detalii clare \u0219i contrastante pentru o declara\u021bie \u00eendr\u0103znea\u021b\u0103.","robots":{"index":"index","follow":"follow","max-snippet":"max-snippet:-1","max-image-preview":"max-image-preview:large","max-video-preview":"max-video-preview:-1"},"canonical":"https:\/\/www.retros-gallery.com\/ro\/colectii\/canapele-fotolii-scaune\/fotolii\/fotolii-din-catifea-verde-de-la-gigi-radice-italia-anii-1950-set-de-2\/","og_locale":"ro_RO","og_type":"article","og_title":"Green Velvet Armchairs By Gigi Radice, Italy 1950's set of 2","og_description":"Elevate your place with this premium vintage armchairs featuring green velvet upholstery, accentuated by sharp, contrasting details for a bold statement.","og_url":"https:\/\/www.retros-gallery.com\/ro\/colectii\/canapele-fotolii-scaune\/fotolii\/fotolii-din-catifea-verde-de-la-gigi-radice-italia-anii-1950-set-de-2\/","og_site_name":"Retros Gallery","article_publisher":"https:\/\/www.facebook.com\/retrosfurniture\/","article_modified_time":"2026-04-05T13:37:05+00:00","og_image":[{"width":1300,"height":867,"url":"https:\/\/www.retros-gallery.com\/wp-content\/uploads\/2025\/03\/DSC00126-poza2.jpg","type":"image\/jpeg"}],"twitter_card":"summary_large_image","twitter_misc":{"Pre\u021b":"\u20ac2.000","Disponibilitate":"\u00cen stoc"},"schema":{"@context":"https:\/\/schema.org","@graph":[{"@type":"WebPage","@id":"https:\/\/www.retros-gallery.com\/collection\/seating\/armchairs\/green-velvet-armchairs-by-gigi-radice-italy-1950s-set-of-2\/","url":"https:\/\/www.retros-gallery.com\/collection\/seating\/armchairs\/green-velvet-armchairs-by-gigi-radice-italy-1950s-set-of-2\/","name":"Fotolii din catifea verde de Gigi Radice, Italia anilor 1950 set de 2 - Retros Gallery","isPartOf":{"@id":"https:\/\/www.retros-gallery.com\/#website"},"primaryImageOfPage":{"@id":"https:\/\/www.retros-gallery.com\/collection\/seating\/armchairs\/green-velvet-armchairs-by-gigi-radice-italy-1950s-set-of-2\/#primaryimage"},"image":{"@id":"https:\/\/www.retros-gallery.com\/collection\/seating\/armchairs\/green-velvet-armchairs-by-gigi-radice-italy-1950s-set-of-2\/#primaryimage"},"thumbnailUrl":"https:\/\/www.retros-gallery.com\/wp-content\/uploads\/2025\/03\/DSC00126-poza2.jpg","datePublished":"2025-03-24T13:34:08+00:00","dateModified":"2026-04-05T13:37:05+00:00","description":"Ridic\u0103-\u021bi locul cu aceste fotolii vintage premium, cu tapi\u021berie din catifea verde, accentuate de detalii clare \u0219i contrastante pentru o declara\u021bie \u00eendr\u0103znea\u021b\u0103.","breadcrumb":{"@id":"https:\/\/www.retros-gallery.com\/collection\/seating\/armchairs\/green-velvet-armchairs-by-gigi-radice-italy-1950s-set-of-2\/#breadcrumb"},"inLanguage":"ro-RO","potentialAction":[{"@type":"ReadAction","target":["https:\/\/www.retros-gallery.com\/collection\/seating\/armchairs\/green-velvet-armchairs-by-gigi-radice-italy-1950s-set-of-2\/"]}]},{"@type":"ImageObject","inLanguage":"ro-RO","@id":"https:\/\/www.retros-gallery.com\/collection\/seating\/armchairs\/green-velvet-armchairs-by-gigi-radice-italy-1950s-set-of-2\/#primaryimage","url":"https:\/\/www.retros-gallery.com\/wp-content\/uploads\/2025\/03\/DSC00126-poza2.jpg","contentUrl":"https:\/\/www.retros-gallery.com\/wp-content\/uploads\/2025\/03\/DSC00126-poza2.jpg","width":1300,"height":867,"caption":"DSC00126-poza2"},{"@type":"BreadcrumbList","@id":"https:\/\/www.retros-gallery.com\/collection\/seating\/armchairs\/green-velvet-armchairs-by-gigi-radice-italy-1950s-set-of-2\/#breadcrumb","itemListElement":[{"@type":"ListItem","position":1,"name":"Home","item":"https:\/\/www.retros-gallery.com\/"},{"@type":"ListItem","position":2,"name":"Collection","item":"https:\/\/www.retros-gallery.com\/collection\/"},{"@type":"ListItem","position":3,"name":"Seating","item":"https:\/\/www.retros-gallery.com\/product-category\/seating\/"},{"@type":"ListItem","position":4,"name":"Armchairs","item":"https:\/\/www.retros-gallery.com\/product-category\/seating\/armchairs\/"},{"@type":"ListItem","position":5,"name":"Green Velvet Armchairs By Gigi Radice, Italy 1950&#8217;s set of 2"}]},{"@type":"WebSite","@id":"https:\/\/www.retros-gallery.com\/#website","url":"https:\/\/www.retros-gallery.com\/","name":"Retros Gallery","description":"V\u00e2nz\u0103tor de mobil\u0103 de epoc\u0103","publisher":{"@id":"https:\/\/www.retros-gallery.com\/#organization"},"potentialAction":[{"@type":"SearchAction","target":{"@type":"EntryPoint","urlTemplate":"https:\/\/www.retros-gallery.com\/?s={search_term_string}"},"query-input":{"@type":"PropertyValueSpecification","valueRequired":true,"valueName":"search_term_string"}}],"inLanguage":"ro-RO"},{"@type":["Organization","Place"],"@id":"https:\/\/www.retros-gallery.com\/#organization","name":"Retros Gallery","url":"https:\/\/www.retros-gallery.com\/","logo":{"@id":"https:\/\/www.retros-gallery.com\/collection\/seating\/armchairs\/green-velvet-armchairs-by-gigi-radice-italy-1950s-set-of-2\/#local-main-organization-logo"},"image":{"@id":"https:\/\/www.retros-gallery.com\/collection\/seating\/armchairs\/green-velvet-armchairs-by-gigi-radice-italy-1950s-set-of-2\/#local-main-organization-logo"},"sameAs":["https:\/\/www.facebook.com\/retrosfurniture\/","https:\/\/www.instagram.com\/retros.ro\/"],"telephone":[],"openingHoursSpecification":[{"@type":"OpeningHoursSpecification","dayOfWeek":["Monday","Tuesday","Wednesday","Thursday","Friday","Saturday","Sunday"],"opens":"09:00","closes":"17:00"}]},{"@type":"ImageObject","inLanguage":"ro-RO","@id":"https:\/\/www.retros-gallery.com\/collection\/seating\/armchairs\/green-velvet-armchairs-by-gigi-radice-italy-1950s-set-of-2\/#local-main-organization-logo","url":"https:\/\/www.retros-gallery.com\/wp-content\/uploads\/2023\/02\/Asset-2@4x-1.png","contentUrl":"https:\/\/www.retros-gallery.com\/wp-content\/uploads\/2023\/02\/Asset-2@4x-1.png","width":2329,"height":248,"caption":"Retros Gallery"}]},"product_price_amount":"2000","product_price_currency":"EUR","og_availability":"instock","product_availability":"instock","product_retailer_item_id":"ARM0225GG07","product_condition":"new"},"_links":{"self":[{"href":"https:\/\/www.retros-gallery.com\/ro\/wp-json\/wp\/v2\/product\/8320","targetHints":{"allow":["GET"]}}],"collection":[{"href":"https:\/\/www.retros-gallery.com\/ro\/wp-json\/wp\/v2\/product"}],"about":[{"href":"https:\/\/www.retros-gallery.com\/ro\/wp-json\/wp\/v2\/types\/product"}],"replies":[{"embeddable":true,"href":"https:\/\/www.retros-gallery.com\/ro\/wp-json\/wp\/v2\/comments?post=8320"}],"wp:featuredmedia":[{"embeddable":true,"href":"https:\/\/www.retros-gallery.com\/ro\/wp-json\/wp\/v2\/media\/8322"}],"wp:attachment":[{"href":"https:\/\/www.retros-gallery.com\/ro\/wp-json\/wp\/v2\/media?parent=8320"}],"wp:term":[{"taxonomy":"product_brand","embeddable":true,"href":"https:\/\/www.retros-gallery.com\/ro\/wp-json\/wp\/v2\/product_brand?post=8320"},{"taxonomy":"product_cat","embeddable":true,"href":"https:\/\/www.retros-gallery.com\/ro\/wp-json\/wp\/v2\/product_cat?post=8320"},{"taxonomy":"product_tag","embeddable":true,"href":"https:\/\/www.retros-gallery.com\/ro\/wp-json\/wp\/v2\/product_tag?post=8320"}],"curies":[{"name":"wp","href":"https:\/\/api.w.org\/{rel}","templated":true}]}}